{"id":45168,"date":"2025-06-05T14:28:54","date_gmt":"2025-06-05T14:28:54","guid":{"rendered":"https:\/\/www.navarrafilmindustry.com\/empresas-profesionales\/joaquin-calderon\/"},"modified":"2025-06-05T14:28:54","modified_gmt":"2025-06-05T14:28:54","slug":"joaquin-calderon","status":"publish","type":"empresa-profesional","link":"https:\/\/www.navarrafilmindustry.com\/eu\/empresas-profesionales\/joaquin-calderon\/","title":{"rendered":"Joaquin Calderon"},"content":{"rendered":"<p style=\"text-align: justify;\">Joaqu\u00edn Calder\u00f3nek Navarrako Antzerki Eskolan, Londresko Arte Hezkuntza Eskolan, Abad\u00eda Antzokian eta Madrilgo ECAM Zinema eta Ikus-entzunezko Eskolan ikasi zuen. 2007an, &#8220;Sahara Ez Da Salgai&#8221; dokumentala zuzendu zuen, eta Documenta Madrid &#8217;08 jaialdian Ikusleen Saria irabazi zuen. Ondoren, bere prestakuntza jarraitu zuen Montxo Armend\u00e1riz, Mariano Barroso eta Benito Zambrano bezalako zuzendariekin, besteak beste.  <\/p>\n<p style=\"text-align: justify;\">2013an, Arquetipo Comunicaci\u00f3n sortu eta \u201cCaminante\u201d idatzi, ekoitzi eta zuzendu zuen, bere lehen fikziozko film laburra, besteak beste, Lehen Saria eta Ikusleen Sari Berezia irabazi zituena Navarra Tierra de Cine jaialdian. Urte berean, \u201cSarasate, Biolin Erregea\u201d dokumentala ekoizten eta zuzentzen hasi zen, 2016ko azaroan estreinatu zena. 2015ean, Abbas Kiarostami zuzendari irandarrarekin tailer intentsibo batean parte hartu zuen, Canneseko Urrezko Palmondoa irabazi zuena. 2018an, bere filma Donostiako Zinemaldian estreinatu zen, Zinemira saileko \u201cBasque Selfie\u201d lehiaketan.   <\/p>\n<p style=\"text-align: justify;\">Gaur egun, \u201cArte Flamenco on Fire\u201d filmaren postprodukzioan ari da. Estudios Melit\u00f3n-eko bazkide sortzailea ere bada, NIFF-eko (Nafarroako Nazioarteko Zinemaldia) zuzendaria eta Asghar Farhadiren Espainian egiten den lehen tailerraren antolatzailea. Diario de Navarra Digitalerako \u201cLos Imperdibles\u201d asteroko Kultur Agenda ere ekoizten du.  <\/p>\n<p>          <img loading=\"lazy\" decoding=\"async\" class=\"wp-image-7815 aligncenter\" src=\"https:\/\/www.navarrafilmindustry.com\/wp-content\/uploads\/2022\/09\/calderon-joaquin-1.jpg\" alt=\"\" width=\"210\" height=\"167\"><\/p>\n","protected":false},"excerpt":{"rendered":"<p>Joaqu\u00edn Calder\u00f3nek Navarrako Antzerki Eskolan, Londresko Arte Hezkuntza Eskolan, Abad\u00eda Antzokian eta Madrilgo ECAM Zinema eta Ikus-entzunezko Eskolan ikasi zuen. 2007an, &#8220;Sahara Ez Da Salgai&#8221; dokumentala zuzendu zuen, eta Documenta Madrid &#8217;08 jaialdian Ikusleen Saria irabazi zuen. Ondoren, bere prestakuntza jarraitu zuen Montxo Armend\u00e1riz, Mariano Barroso eta Benito Zambrano bezalako zuzendariekin, besteak beste. 2013an, Arquetipo Comunicaci\u00f3n sortu eta \u201cCaminante\u201d idatzi, ekoitzi eta zuzendu zuen, bere lehen fikziozko film laburra, besteak beste, Lehen Saria eta Ikusleen Sari Berezia irabazi zituena Navarra Tierra de Cine jaialdian. Urte berean, \u201cSarasate, Biolin Erregea\u201d dokumentala ekoizten eta zuzentzen hasi zen, 2016ko azaroan estreinatu zena. 2015ean, Abbas Kiarostami zuzendari irandarrarekin tailer intentsibo batean parte hartu zuen, Canneseko Urrezko Palmondoa irabazi zuena. 2018an, bere filma Donostiako Zinemaldian estreinatu zen, Zinemira saileko \u201cBasque Selfie\u201d lehiaketan. Gaur egun, \u201cArte Flamenco on Fire\u201d filmaren postprodukzioan ari da. Estudios Melit\u00f3n-eko bazkide sortzailea ere bada, NIFF-eko (Nafarroako Nazioarteko Zinemaldia) zuzendaria eta Asghar Farhadiren Espainian egiten den lehen tailerraren antolatzailea. Diario de Navarra Digitalerako \u201cLos Imperdibles\u201d asteroko Kultur Agenda ere ekoizten du.<\/p>\n","protected":false},"featured_media":45170,"parent":0,"template":"","class_list":{"0":"post-45168","1":"empresa-profesional","2":"type-empresa-profesional","3":"status-publish","4":"has-post-thumbnail","6":"categoria-profesionalak","7":"categoria-zuzendaritza-saila","8":"categoria-helbidea","9":"categoria-gidoia","10":"categoria-gidoilaria","11":"empresa-profesional-tipo-profesionala"},"acf":[],"yoast_head":"<!-- This site is optimized with the Yoast SEO plugin v23.7 - https:\/\/yoast.com\/wordpress\/plugins\/seo\/ -->\n<title>Joaquin Calderon - NFI<\/title>\n<meta name=\"robots\" content=\"index, follow, max-snippet:-1, max-image-preview:large, max-video-preview:-1\" \/>\n<link rel=\"canonical\" href=\"https:\/\/www.navarrafilmindustry.com\/empresas-profesionales\/joaquin-calderon\/\" \/>\n<meta property=\"og:locale\" content=\"eu_ES\" \/>\n<meta property=\"og:type\" content=\"article\" \/>\n<meta property=\"og:title\" content=\"Joaquin Calderon - NFI\" \/>\n<meta property=\"og:description\" content=\"Joaqu\u00edn Calder\u00f3nek Navarrako Antzerki Eskolan, Londresko Arte Hezkuntza Eskolan, Abad\u00eda Antzokian eta Madrilgo ECAM Zinema eta Ikus-entzunezko Eskolan ikasi zuen. 2007an, &#8220;Sahara Ez Da Salgai&#8221; dokumentala zuzendu zuen, eta Documenta Madrid &#8217;08 jaialdian Ikusleen Saria irabazi zuen. Ondoren, bere prestakuntza jarraitu zuen Montxo Armend\u00e1riz, Mariano Barroso eta Benito Zambrano bezalako zuzendariekin, besteak beste. 2013an, Arquetipo Comunicaci\u00f3n sortu eta \u201cCaminante\u201d idatzi, ekoitzi eta zuzendu zuen, bere lehen fikziozko film laburra, besteak beste, Lehen Saria eta Ikusleen Sari Berezia irabazi zituena Navarra Tierra de Cine jaialdian. Urte berean, \u201cSarasate, Biolin Erregea\u201d dokumentala ekoizten eta zuzentzen hasi zen, 2016ko azaroan estreinatu zena. 2015ean, Abbas Kiarostami zuzendari irandarrarekin tailer intentsibo batean parte hartu zuen, Canneseko Urrezko Palmondoa irabazi zuena. 2018an, bere filma Donostiako Zinemaldian estreinatu zen, Zinemira saileko \u201cBasque Selfie\u201d lehiaketan. Gaur egun, \u201cArte Flamenco on Fire\u201d filmaren postprodukzioan ari da. Estudios Melit\u00f3n-eko bazkide sortzailea ere bada, NIFF-eko (Nafarroako Nazioarteko Zinemaldia) zuzendaria eta Asghar Farhadiren Espainian egiten den lehen tailerraren antolatzailea. Diario de Navarra Digitalerako \u201cLos Imperdibles\u201d asteroko Kultur Agenda ere ekoizten du.\" \/>\n<meta property=\"og:url\" content=\"https:\/\/www.navarrafilmindustry.com\/empresas-profesionales\/joaquin-calderon\/\" \/>\n<meta property=\"og:site_name\" content=\"NFI\" \/>\n<meta property=\"og:image\" content=\"https:\/\/www.navarrafilmindustry.com\/wp-content\/uploads\/2022\/09\/pastor-gorka-1-scaled.jpg\" \/>\n\t<meta property=\"og:image:width\" content=\"3840\" \/>\n\t<meta property=\"og:image:height\" content=\"5760\" \/>\n\t<meta property=\"og:image:type\" content=\"image\/jpeg\" \/>\n<meta name=\"twitter:card\" content=\"summary_large_image\" \/>\n<meta name=\"twitter:label1\" content=\"Est. reading time\" \/>\n\t<meta name=\"twitter:data1\" content=\"1 minute\" \/>\n<script type=\"application\/ld+json\" class=\"yoast-schema-graph\">{\"@context\":\"https:\/\/schema.org\",\"@graph\":[{\"@type\":\"WebPage\",\"@id\":\"https:\/\/www.navarrafilmindustry.com\/empresas-profesionales\/joaquin-calderon\/\",\"url\":\"https:\/\/www.navarrafilmindustry.com\/empresas-profesionales\/joaquin-calderon\/\",\"name\":\"Joaquin Calderon - NFI\",\"isPartOf\":{\"@id\":\"https:\/\/www.navarrafilmindustry.com\/eu\/#website\"},\"primaryImageOfPage\":{\"@id\":\"https:\/\/www.navarrafilmindustry.com\/empresas-profesionales\/joaquin-calderon\/#primaryimage\"},\"image\":{\"@id\":\"https:\/\/www.navarrafilmindustry.com\/empresas-profesionales\/joaquin-calderon\/#primaryimage\"},\"thumbnailUrl\":\"https:\/\/www.navarrafilmindustry.com\/wp-content\/uploads\/2022\/09\/calderon-joaquin-scaled.jpeg\",\"datePublished\":\"2025-06-05T14:28:54+00:00\",\"dateModified\":\"2025-06-05T14:28:54+00:00\",\"breadcrumb\":{\"@id\":\"https:\/\/www.navarrafilmindustry.com\/empresas-profesionales\/joaquin-calderon\/#breadcrumb\"},\"inLanguage\":\"eu-ES\",\"potentialAction\":[{\"@type\":\"ReadAction\",\"target\":[\"https:\/\/www.navarrafilmindustry.com\/empresas-profesionales\/joaquin-calderon\/\"]}]},{\"@type\":\"ImageObject\",\"inLanguage\":\"eu-ES\",\"@id\":\"https:\/\/www.navarrafilmindustry.com\/empresas-profesionales\/joaquin-calderon\/#primaryimage\",\"url\":\"https:\/\/www.navarrafilmindustry.com\/wp-content\/uploads\/2022\/09\/calderon-joaquin-scaled.jpeg\",\"contentUrl\":\"https:\/\/www.navarrafilmindustry.com\/wp-content\/uploads\/2022\/09\/calderon-joaquin-scaled.jpeg\",\"width\":1808,\"height\":2560},{\"@type\":\"BreadcrumbList\",\"@id\":\"https:\/\/www.navarrafilmindustry.com\/empresas-profesionales\/joaquin-calderon\/#breadcrumb\",\"itemListElement\":[{\"@type\":\"ListItem\",\"position\":1,\"name\":\"Portada\",\"item\":\"https:\/\/www.navarrafilmindustry.com\/eu\/\"},{\"@type\":\"ListItem\",\"position\":2,\"name\":\"Empresas y profesionales\",\"item\":\"https:\/\/www.navarrafilmindustry.com\/es\/empresas-profesionales\/\"},{\"@type\":\"ListItem\",\"position\":3,\"name\":\"Joaquin Calderon\"}]},{\"@type\":\"WebSite\",\"@id\":\"https:\/\/www.navarrafilmindustry.com\/eu\/#website\",\"url\":\"https:\/\/www.navarrafilmindustry.com\/eu\/\",\"name\":\"NFI\",\"description\":\"\",\"potentialAction\":[{\"@type\":\"SearchAction\",\"target\":{\"@type\":\"EntryPoint\",\"urlTemplate\":\"https:\/\/www.navarrafilmindustry.com\/eu\/?s={search_term_string}\"},\"query-input\":{\"@type\":\"PropertyValueSpecification\",\"valueRequired\":true,\"valueName\":\"search_term_string\"}}],\"inLanguage\":\"eu-ES\"}]}<\/script>\n<!-- \/ Yoast SEO plugin. -->","yoast_head_json":{"title":"Joaquin Calderon - NFI","robots":{"index":"index","follow":"follow","max-snippet":"max-snippet:-1","max-image-preview":"max-image-preview:large","max-video-preview":"max-video-preview:-1"},"canonical":"https:\/\/www.navarrafilmindustry.com\/empresas-profesionales\/joaquin-calderon\/","og_locale":"eu_ES","og_type":"article","og_title":"Joaquin Calderon - NFI","og_description":"Joaqu\u00edn Calder\u00f3nek Navarrako Antzerki Eskolan, Londresko Arte Hezkuntza Eskolan, Abad\u00eda Antzokian eta Madrilgo ECAM Zinema eta Ikus-entzunezko Eskolan ikasi zuen. 2007an, &#8220;Sahara Ez Da Salgai&#8221; dokumentala zuzendu zuen, eta Documenta Madrid &#8217;08 jaialdian Ikusleen Saria irabazi zuen. Ondoren, bere prestakuntza jarraitu zuen Montxo Armend\u00e1riz, Mariano Barroso eta Benito Zambrano bezalako zuzendariekin, besteak beste. 2013an, Arquetipo Comunicaci\u00f3n sortu eta \u201cCaminante\u201d idatzi, ekoitzi eta zuzendu zuen, bere lehen fikziozko film laburra, besteak beste, Lehen Saria eta Ikusleen Sari Berezia irabazi zituena Navarra Tierra de Cine jaialdian. Urte berean, \u201cSarasate, Biolin Erregea\u201d dokumentala ekoizten eta zuzentzen hasi zen, 2016ko azaroan estreinatu zena. 2015ean, Abbas Kiarostami zuzendari irandarrarekin tailer intentsibo batean parte hartu zuen, Canneseko Urrezko Palmondoa irabazi zuena. 2018an, bere filma Donostiako Zinemaldian estreinatu zen, Zinemira saileko \u201cBasque Selfie\u201d lehiaketan. Gaur egun, \u201cArte Flamenco on Fire\u201d filmaren postprodukzioan ari da. Estudios Melit\u00f3n-eko bazkide sortzailea ere bada, NIFF-eko (Nafarroako Nazioarteko Zinemaldia) zuzendaria eta Asghar Farhadiren Espainian egiten den lehen tailerraren antolatzailea. Diario de Navarra Digitalerako \u201cLos Imperdibles\u201d asteroko Kultur Agenda ere ekoizten du.","og_url":"https:\/\/www.navarrafilmindustry.com\/empresas-profesionales\/joaquin-calderon\/","og_site_name":"NFI","og_image":[{"width":3840,"height":5760,"url":"https:\/\/www.navarrafilmindustry.com\/wp-content\/uploads\/2022\/09\/pastor-gorka-1-scaled.jpg","type":"image\/jpeg"}],"twitter_card":"summary_large_image","twitter_misc":{"Est. reading time":"1 minute"},"schema":{"@context":"https:\/\/schema.org","@graph":[{"@type":"WebPage","@id":"https:\/\/www.navarrafilmindustry.com\/empresas-profesionales\/joaquin-calderon\/","url":"https:\/\/www.navarrafilmindustry.com\/empresas-profesionales\/joaquin-calderon\/","name":"Joaquin Calderon - NFI","isPartOf":{"@id":"https:\/\/www.navarrafilmindustry.com\/eu\/#website"},"primaryImageOfPage":{"@id":"https:\/\/www.navarrafilmindustry.com\/empresas-profesionales\/joaquin-calderon\/#primaryimage"},"image":{"@id":"https:\/\/www.navarrafilmindustry.com\/empresas-profesionales\/joaquin-calderon\/#primaryimage"},"thumbnailUrl":"https:\/\/www.navarrafilmindustry.com\/wp-content\/uploads\/2022\/09\/calderon-joaquin-scaled.jpeg","datePublished":"2025-06-05T14:28:54+00:00","dateModified":"2025-06-05T14:28:54+00:00","breadcrumb":{"@id":"https:\/\/www.navarrafilmindustry.com\/empresas-profesionales\/joaquin-calderon\/#breadcrumb"},"inLanguage":"eu-ES","potentialAction":[{"@type":"ReadAction","target":["https:\/\/www.navarrafilmindustry.com\/empresas-profesionales\/joaquin-calderon\/"]}]},{"@type":"ImageObject","inLanguage":"eu-ES","@id":"https:\/\/www.navarrafilmindustry.com\/empresas-profesionales\/joaquin-calderon\/#primaryimage","url":"https:\/\/www.navarrafilmindustry.com\/wp-content\/uploads\/2022\/09\/calderon-joaquin-scaled.jpeg","contentUrl":"https:\/\/www.navarrafilmindustry.com\/wp-content\/uploads\/2022\/09\/calderon-joaquin-scaled.jpeg","width":1808,"height":2560},{"@type":"BreadcrumbList","@id":"https:\/\/www.navarrafilmindustry.com\/empresas-profesionales\/joaquin-calderon\/#breadcrumb","itemListElement":[{"@type":"ListItem","position":1,"name":"Portada","item":"https:\/\/www.navarrafilmindustry.com\/eu\/"},{"@type":"ListItem","position":2,"name":"Empresas y profesionales","item":"https:\/\/www.navarrafilmindustry.com\/es\/empresas-profesionales\/"},{"@type":"ListItem","position":3,"name":"Joaquin Calderon"}]},{"@type":"WebSite","@id":"https:\/\/www.navarrafilmindustry.com\/eu\/#website","url":"https:\/\/www.navarrafilmindustry.com\/eu\/","name":"NFI","description":"","potentialAction":[{"@type":"SearchAction","target":{"@type":"EntryPoint","urlTemplate":"https:\/\/www.navarrafilmindustry.com\/eu\/?s={search_term_string}"},"query-input":{"@type":"PropertyValueSpecification","valueRequired":true,"valueName":"search_term_string"}}],"inLanguage":"eu-ES"}]}},"_links":{"self":[{"href":"https:\/\/www.navarrafilmindustry.com\/eu\/wp-json\/wp\/v2\/empresa-profesional\/45168"}],"collection":[{"href":"https:\/\/www.navarrafilmindustry.com\/eu\/wp-json\/wp\/v2\/empresa-profesional"}],"about":[{"href":"https:\/\/www.navarrafilmindustry.com\/eu\/wp-json\/wp\/v2\/types\/empresa-profesional"}],"wp:featuredmedia":[{"embeddable":true,"href":"https:\/\/www.navarrafilmindustry.com\/eu\/wp-json\/wp\/v2\/media\/45170"}],"wp:attachment":[{"href":"https:\/\/www.navarrafilmindustry.com\/eu\/wp-json\/wp\/v2\/media?parent=45168"}],"curies":[{"name":"wp","href":"https:\/\/api.w.org\/{rel}","templated":true}]}}