{"id":52584,"date":"2026-04-14T11:04:18","date_gmt":"2026-04-14T11:04:18","guid":{"rendered":"https:\/\/www.navarrafilmindustry.com\/?page_id=52584"},"modified":"2026-04-14T11:04:29","modified_gmt":"2026-04-14T11:04:29","slug":"curtas-vila-do-conde","status":"publish","type":"page","link":"https:\/\/www.navarrafilmindustry.com\/es\/festivales-y-mercados-con-presencia-nfi\/curtas-vila-do-conde\/","title":{"rendered":"Curtas Vila do Conde 2026"},"content":{"rendered":"[vc_row type=\u00bbfull_width_background\u00bb full_screen_row_position=\u00bbmiddle\u00bb column_margin=\u00bbdefault\u00bb column_direction=\u00bbdefault\u00bb column_direction_tablet=\u00bbdefault\u00bb column_direction_phone=\u00bbdefault\u00bb bg_image=\u00bb52585&#8243; bg_position=\u00bbcenter center\u00bb background_image_loading=\u00bbdefault\u00bb bg_repeat=\u00bbno-repeat\u00bb scene_position=\u00bbtop\u00bb top_padding=\u00bb160&#8243; bottom_padding=\u00bb160&#8243; text_color=\u00bblight\u00bb text_align=\u00bbleft\u00bb row_border_radius=\u00bbnone\u00bb row_border_radius_applies=\u00bbbg\u00bb overflow=\u00bbvisible\u00bb color_overlay=\u00bb#000000&#8243; advanced_gradient_angle=\u00bb0&#8243; overlay_strength=\u00bb0.3&#8243; gradient_direction=\u00bbleft_to_right\u00bb shape_divider_position=\u00bbbottom\u00bb bg_image_animation=\u00bbnone\u00bb gradient_type=\u00bbdefault\u00bb shape_type=\u00bb\u00bb][vc_column column_padding=\u00bbno-extra-padding\u00bb column_padding_tablet=\u00bbinherit\u00bb column_padding_phone=\u00bbinherit\u00bb column_padding_position=\u00bball\u00bb column_element_spacing=\u00bbdefault\u00bb background_color_opacity=\u00bb1&#8243; background_hover_color_opacity=\u00bb1&#8243; column_shadow=\u00bbnone\u00bb column_border_radius=\u00bbnone\u00bb column_link_target=\u00bb_self\u00bb column_position=\u00bbdefault\u00bb gradient_direction=\u00bbleft_to_right\u00bb overlay_strength=\u00bb0.3&#8243; width=\u00bb1\/1&#8243; tablet_width_inherit=\u00bbdefault\u00bb tablet_text_alignment=\u00bbdefault\u00bb phone_text_alignment=\u00bbdefault\u00bb animation_type=\u00bbdefault\u00bb bg_image_animation=\u00bbnone\u00bb border_type=\u00bbsimple\u00bb column_border_width=\u00bbnone\u00bb column_border_style=\u00bbsolid\u00bb][vc_column_text]\n<h1>Curtas Vila do Conde 2026<\/h1>\n[\/vc_column_text][\/vc_column][\/vc_row][vc_row type=\u00bbin_container\u00bb full_screen_row_position=\u00bbmiddle\u00bb column_margin=\u00bbdefault\u00bb column_direction=\u00bbdefault\u00bb column_direction_tablet=\u00bbdefault\u00bb column_direction_phone=\u00bbdefault\u00bb scene_position=\u00bbcenter\u00bb text_color=\u00bbdark\u00bb text_align=\u00bbleft\u00bb row_border_radius=\u00bbnone\u00bb row_border_radius_applies=\u00bbbg\u00bb overflow=\u00bbvisible\u00bb advanced_gradient_angle=\u00bb0&#8243; overlay_strength=\u00bb0.3&#8243; gradient_direction=\u00bbleft_to_right\u00bb shape_divider_position=\u00bbbottom\u00bb bg_image_animation=\u00bbnone\u00bb gradient_type=\u00bbdefault\u00bb shape_type=\u00bb\u00bb][vc_column column_padding=\u00bbno-extra-padding\u00bb column_padding_tablet=\u00bbinherit\u00bb column_padding_phone=\u00bbinherit\u00bb column_padding_position=\u00bball\u00bb column_element_spacing=\u00bbdefault\u00bb background_color_opacity=\u00bb1&#8243; background_hover_color_opacity=\u00bb1&#8243; column_shadow=\u00bbnone\u00bb column_border_radius=\u00bbnone\u00bb column_link_target=\u00bb_self\u00bb column_position=\u00bbdefault\u00bb gradient_direction=\u00bbleft_to_right\u00bb overlay_strength=\u00bb0.3&#8243; width=\u00bb1\/1&#8243; tablet_width_inherit=\u00bbdefault\u00bb tablet_text_alignment=\u00bbdefault\u00bb phone_text_alignment=\u00bbdefault\u00bb animation_type=\u00bbdefault\u00bb bg_image_animation=\u00bbnone\u00bb border_type=\u00bbsimple\u00bb column_border_width=\u00bbnone\u00bb column_border_style=\u00bbsolid\u00bb][vc_row_inner equal_height=\u00bbyes\u00bb column_margin=\u00bb30px\u00bb column_direction=\u00bbdefault\u00bb column_direction_tablet=\u00bbdefault\u00bb column_direction_phone=\u00bbdefault\u00bb constrain_group_1=\u00bbyes\u00bb constrain_group_2=\u00bbyes\u00bb text_align=\u00bbleft\u00bb row_position=\u00bbdefault\u00bb row_position_tablet=\u00bbinherit\u00bb row_position_phone=\u00bbinherit\u00bb overflow=\u00bbvisible\u00bb pointer_events=\u00bball\u00bb][vc_column_inner column_padding=\u00bbpadding-4-percent\u00bb column_padding_tablet=\u00bbinherit\u00bb column_padding_phone=\u00bbinherit\u00bb column_padding_position=\u00bball\u00bb column_element_spacing=\u00bbdefault\u00bb background_color_opacity=\u00bb1&#8243; background_hover_color_opacity=\u00bb1&#8243; column_shadow=\u00bbnone\u00bb column_border_radius=\u00bbnone\u00bb column_link_target=\u00bb_self\u00bb advanced_gradient_angle=\u00bb0&#8243; gradient_direction=\u00bbleft_to_right\u00bb overlay_strength=\u00bb0.3&#8243; width=\u00bb1\/2&#8243; tablet_width_inherit=\u00bbdefault\u00bb animation_type=\u00bbdefault\u00bb bg_image_animation=\u00bbnone\u00bb border_type=\u00bbsimple\u00bb column_border_width=\u00bbnone\u00bb column_border_style=\u00bbsolid\u00bb gradient_type=\u00bbdefault\u00bb][vc_column_text]\n<h4><strong>Convocatoria abierta<\/strong><\/h4>\n<p>Desde Navarra Film Industry se est\u00e1 trabajando con el departamento de industria del festival Curtas Vila do Conde para favorecer las oportunidades entre el festival y el sector audiovisual navarro, siguiendo con la estrategia de apoyo a la internacionalizaci\u00f3n desplegada por NFI. En esta ocasi\u00f3n, Navarra Film Industry lanza una convocatoria para productoras navarras con el objetivo de seleccionar un proyecto navarro que recibir\u00e1 los siguientes <strong>beneficios<\/strong>:<\/p>\n<ul>\n<li>Inclusi\u00f3n dentro de la secci\u00f3n In Development en la que los proyectos en fases iniciales de desarrollo son presentados frente a productores internacionales, programadores, agentes de ventas y distribuidores. Adem\u00e1s, los representantes de estos proyectos contar\u00e1n con una agenda personalizada de encuentros con profesionales del sector. El mejor proyecto recibir\u00e1 un premio por parte de un jurado independiente.<\/li>\n<li>Un pitching workshop impartido por Vim Vanaker<\/li>\n<li>La acreditaci\u00f3n y los gastos de viaje y alojamiento de tres noches para el\/la responsable de producci\u00f3n y la de direcci\u00f3n del proyecto.<\/li>\n<li>Apoyo de comunicaci\u00f3n por parte de Navarra Film Industry.<\/li>\n<\/ul>\n<p><strong>Obligaciones y requisitos de la convocatoria<\/strong>:<\/p>\n<ul>\n<li>El proyecto presentado debe contar con producci\u00f3n mayoritaria navarra.<\/li>\n<li>Proyecto en fase de desarrollo o inicio de preproducci\u00f3n.Proyecto de hasta 60 minutos: animaci\u00f3n, ficci\u00f3n, documental o experimental.<\/li>\n<li>Compromiso de asistencia presencial por parte del productor\/a y director\/a en Vila do Conde (Portugal) durante tres d\u00edas en torno al 20-21 de julio de 2026.<\/li>\n<li>Justificaci\u00f3n de potencial de coproducci\u00f3n internacional del proyecto (ya que el objetivo de esta actividad es favorecer las oportunidades de coproducci\u00f3n entre pa\u00edses).<\/li>\n<li>Nivel alto de ingl\u00e9s \u2013 presentaci\u00f3n p\u00fablica y reuniones exclusivamente en ingl\u00e9s.<\/li>\n<\/ul>\n<p>Puedes consultar las bases completas de la convocatoria <a href=\"https:\/\/www.navarrafilmindustry.com\/wp-content\/uploads\/2026\/04\/2026_Curtas-Vila-do-Conde_Convocatoria-productoras.pdf\">aqu\u00ed<\/a>.<\/p>\n<p>La <strong>inscripci\u00f3n est\u00e1 abierta hasta el 27 de abril a las 09:00h<\/strong> <a href=\"https:\/\/forms.office.com\/Pages\/ResponsePage.aspx?id=h29Z_Uj1YECOrrtZ-D5jKkoc3M_o9nZFqE1VqhpE7mlURE1PWENVNE4xQ0JaNFlMQzNFOVg4MUNQUy4u&amp;utm_source=brevo&amp;utm_campaign=Convocatoria%20para%20productoras%20navarras%20%20Curtas%20do%20Vila%20Do%20Conde&amp;utm_medium=email&amp;utm_id=603\">aqu\u00ed<\/a>.<\/p>\n<p>Para cualquier consulta, puedes escribir a <a href=\"mailto:navarrafilmindustry@nicdo.es\">navarrafilmindustry@nicdo.es<\/a>.[\/vc_column_text][nectar_btn size=\u00bbsmall\u00bb button_style=\u00bbregular\u00bb button_color_2=\u00bbAccent-Color\u00bb icon_family=\u00bbnone\u00bb text=\u00bbInscr\u00edbete aqu\u00ed\u00bb url=\u00bbhttps:\/\/forms.office.com\/Pages\/ResponsePage.aspx?id=h29Z_Uj1YECOrrtZ-D5jKkoc3M_o9nZFqE1VqhpE7mlURE1PWENVNE4xQ0JaNFlMQzNFOVg4MUNQUy4u&amp;utm_source=brevo&amp;utm_campaign=Convocatoria%20para%20productoras%20navarras%20%20Curtas%20do%20Vila%20Do%20Conde&amp;utm_medium=email&amp;utm_id=603&#8243;][\/vc_column_inner][vc_column_inner column_padding=\u00bbpadding-4-percent\u00bb column_padding_tablet=\u00bbinherit\u00bb column_padding_phone=\u00bbinherit\u00bb column_padding_position=\u00bball\u00bb column_element_spacing=\u00bbdefault\u00bb background_color_opacity=\u00bb1&#8243; background_hover_color_opacity=\u00bb1&#8243; column_shadow=\u00bbnone\u00bb column_border_radius=\u00bbnone\u00bb column_link_target=\u00bb_self\u00bb advanced_gradient_angle=\u00bb0&#8243; gradient_direction=\u00bbleft_to_right\u00bb overlay_strength=\u00bb0.3&#8243; width=\u00bb1\/2&#8243; tablet_width_inherit=\u00bbdefault\u00bb animation_type=\u00bbdefault\u00bb bg_image_animation=\u00bbnone\u00bb border_type=\u00bbsimple\u00bb column_border_width=\u00bbnone\u00bb column_border_style=\u00bbsolid\u00bb gradient_type=\u00bbdefault\u00bb][image_with_animation image_url=\u00bb52588&#8243; image_size=\u00bbfull\u00bb animation_type=\u00bbentrance\u00bb animation=\u00bbFade In\u00bb hover_animation=\u00bbnone\u00bb alignment=\u00bb\u00bb border_radius=\u00bbnone\u00bb box_shadow=\u00bbnone\u00bb image_loading=\u00bbdefault\u00bb max_width=\u00bb100%\u00bb max_width_mobile=\u00bbdefault\u00bb][\/vc_column_inner][\/vc_row_inner][vc_row_inner equal_height=\u00bbyes\u00bb column_margin=\u00bb30px\u00bb column_direction=\u00bbdefault\u00bb column_direction_tablet=\u00bbdefault\u00bb column_direction_phone=\u00bbdefault\u00bb constrain_group_1=\u00bbyes\u00bb constrain_group_2=\u00bbyes\u00bb text_align=\u00bbleft\u00bb row_position=\u00bbdefault\u00bb row_position_tablet=\u00bbinherit\u00bb row_position_phone=\u00bbinherit\u00bb overflow=\u00bbvisible\u00bb pointer_events=\u00bball\u00bb][vc_column_inner column_padding=\u00bbpadding-4-percent\u00bb column_padding_tablet=\u00bbinherit\u00bb column_padding_phone=\u00bbinherit\u00bb column_padding_position=\u00bball\u00bb column_element_spacing=\u00bbdefault\u00bb background_color_opacity=\u00bb1&#8243; background_hover_color_opacity=\u00bb1&#8243; column_shadow=\u00bbnone\u00bb column_border_radius=\u00bbnone\u00bb column_link_target=\u00bb_self\u00bb advanced_gradient_angle=\u00bb0&#8243; gradient_direction=\u00bbleft_to_right\u00bb overlay_strength=\u00bb0.3&#8243; width=\u00bb1\/1&#8243; tablet_width_inherit=\u00bbdefault\u00bb animation_type=\u00bbdefault\u00bb bg_image_animation=\u00bbnone\u00bb border_type=\u00bbsimple\u00bb column_border_width=\u00bbnone\u00bb column_border_style=\u00bbsolid\u00bb gradient_type=\u00bbdefault\u00bb][\/vc_column_inner][\/vc_row_inner][\/vc_column][\/vc_row][vc_row type=\u00bbin_container\u00bb full_screen_row_position=\u00bbmiddle\u00bb column_margin=\u00bbdefault\u00bb column_direction=\u00bbdefault\u00bb column_direction_tablet=\u00bbdefault\u00bb column_direction_phone=\u00bbdefault\u00bb scene_position=\u00bbcenter\u00bb text_color=\u00bbdark\u00bb text_align=\u00bbleft\u00bb row_border_radius=\u00bbnone\u00bb row_border_radius_applies=\u00bbbg\u00bb overflow=\u00bbvisible\u00bb disable_element=\u00bbyes\u00bb advanced_gradient_angle=\u00bb0&#8243; overlay_strength=\u00bb0.3&#8243; gradient_direction=\u00bbleft_to_right\u00bb shape_divider_position=\u00bbbottom\u00bb bg_image_animation=\u00bbnone\u00bb gradient_type=\u00bbdefault\u00bb shape_type=\u00bb\u00bb][vc_column column_padding=\u00bbno-extra-padding\u00bb column_padding_tablet=\u00bbinherit\u00bb column_padding_phone=\u00bbinherit\u00bb column_padding_position=\u00bball\u00bb column_element_spacing=\u00bbdefault\u00bb background_color_opacity=\u00bb1&#8243; background_hover_color_opacity=\u00bb1&#8243; column_shadow=\u00bbnone\u00bb column_border_radius=\u00bbnone\u00bb column_link_target=\u00bb_self\u00bb column_position=\u00bbdefault\u00bb gradient_direction=\u00bbleft_to_right\u00bb overlay_strength=\u00bb0.3&#8243; width=\u00bb1\/1&#8243; tablet_width_inherit=\u00bbdefault\u00bb tablet_text_alignment=\u00bbdefault\u00bb phone_text_alignment=\u00bbdefault\u00bb animation_type=\u00bbdefault\u00bb bg_image_animation=\u00bbnone\u00bb border_type=\u00bbsimple\u00bb column_border_width=\u00bbnone\u00bb column_border_style=\u00bbsolid\u00bb][vc_column_text]\n<h2>Producciones en Sunny Side of the Doc<\/h2>\n[\/vc_column_text][nectar_post_grid post_type=\u00bbcustom\u00bb cpt_name=\u00bbproducciones\u00bb order=\u00bbDESC\u00bb orderby=\u00bbdate\u00bb pagination=\u00bbnone\u00bb columns=\u00bb4&#8243; grid_item_spacing=\u00bb10px\u00bb grid_item_height=\u00bb30vh\u00bb image_size=\u00bblarge\u00bb image_loading=\u00bbdefault\u00bb animation=\u00bbnone\u00bb heading_tag=\u00bbh3&#8243; category_position=\u00bbdefault\u00bb grid_style=\u00bbcontent_overlaid\u00bb text_content_layout=\u00bball_top_left\u00bb color_overlay_opacity=\u00bb0.3&#8243; color_overlay_hover_opacity=\u00bb0.4&#8243; text_color=\u00bblight\u00bb text_color_hover=\u00bblight\u00bb text_opacity=\u00bb0.0&#8243; text_hover_opacity=\u00bb0.0&#8243; hover_effect=\u00bbzoom\u00bb border_radius=\u00bbnone\u00bb posts_per_page=\u00bb10&#8243; css_class_name=\u00bbproduccionesgrid\u00bb custom_query_tax=\u00bb1912&#8243;][\/vc_column][\/vc_row][vc_row type=\u00bbin_container\u00bb full_screen_row_position=\u00bbmiddle\u00bb column_margin=\u00bbdefault\u00bb column_direction=\u00bbdefault\u00bb column_direction_tablet=\u00bbdefault\u00bb column_direction_phone=\u00bbdefault\u00bb scene_position=\u00bbcenter\u00bb text_color=\u00bbdark\u00bb text_align=\u00bbleft\u00bb row_border_radius=\u00bbnone\u00bb row_border_radius_applies=\u00bbbg\u00bb overflow=\u00bbvisible\u00bb disable_element=\u00bbyes\u00bb advanced_gradient_angle=\u00bb0&#8243; overlay_strength=\u00bb0.3&#8243; gradient_direction=\u00bbleft_to_right\u00bb shape_divider_position=\u00bbbottom\u00bb bg_image_animation=\u00bbnone\u00bb gradient_type=\u00bbdefault\u00bb shape_type=\u00bb\u00bb][vc_column column_padding=\u00bbno-extra-padding\u00bb column_padding_tablet=\u00bbinherit\u00bb column_padding_phone=\u00bbinherit\u00bb column_padding_position=\u00bball\u00bb column_element_spacing=\u00bbdefault\u00bb background_color_opacity=\u00bb1&#8243; background_hover_color_opacity=\u00bb1&#8243; column_shadow=\u00bbnone\u00bb column_border_radius=\u00bbnone\u00bb column_link_target=\u00bb_self\u00bb column_position=\u00bbdefault\u00bb gradient_direction=\u00bbleft_to_right\u00bb overlay_strength=\u00bb0.3&#8243; width=\u00bb1\/1&#8243; tablet_width_inherit=\u00bbdefault\u00bb tablet_text_alignment=\u00bbdefault\u00bb phone_text_alignment=\u00bbdefault\u00bb animation_type=\u00bbdefault\u00bb bg_image_animation=\u00bbnone\u00bb border_type=\u00bbsimple\u00bb column_border_width=\u00bbnone\u00bb column_border_style=\u00bbsolid\u00bb][\/vc_column][\/vc_row]\n","protected":false},"excerpt":{"rendered":"<p>[vc_row type=\u00bbfull_width_background\u00bb full_screen_row_position=\u00bbmiddle\u00bb column_margin=\u00bbdefault\u00bb column_direction=\u00bbdefault\u00bb column_direction_tablet=\u00bbdefault\u00bb column_direction_phone=\u00bbdefault\u00bb bg_image=\u00bb52585&#8243; bg_position=\u00bbcenter center\u00bb background_image_loading=\u00bbdefault\u00bb bg_repeat=\u00bbno-repeat\u00bb scene_position=\u00bbtop\u00bb top_padding=\u00bb160&#8243; bottom_padding=\u00bb160&#8243; text_color=\u00bblight\u00bb text_align=\u00bbleft\u00bb row_border_radius=\u00bbnone\u00bb row_border_radius_applies=\u00bbbg\u00bb overflow=\u00bbvisible\u00bb color_overlay=\u00bb#000000&#8243; advanced_gradient_angle=\u00bb0&#8243; overlay_strength=\u00bb0.3&#8243; gradient_direction=\u00bbleft_to_right\u00bb shape_divider_position=\u00bbbottom\u00bb bg_image_animation=\u00bbnone\u00bb gradient_type=\u00bbdefault\u00bb shape_type=\u00bb\u00bb][vc_column column_padding=\u00bbno-extra-padding\u00bb column_padding_tablet=\u00bbinherit\u00bb column_padding_phone=\u00bbinherit\u00bb column_padding_position=\u00bball\u00bb column_element_spacing=\u00bbdefault\u00bb background_color_opacity=\u00bb1&#8243; background_hover_color_opacity=\u00bb1&#8243; column_shadow=\u00bbnone\u00bb column_border_radius=\u00bbnone\u00bb column_link_target=\u00bb_self\u00bb column_position=\u00bbdefault\u00bb gradient_direction=\u00bbleft_to_right\u00bb overlay_strength=\u00bb0.3&#8243; width=\u00bb1\/1&#8243; tablet_width_inherit=\u00bbdefault\u00bb tablet_text_alignment=\u00bbdefault\u00bb phone_text_alignment=\u00bbdefault\u00bb animation_type=\u00bbdefault\u00bb bg_image_animation=\u00bbnone\u00bb border_type=\u00bbsimple\u00bb column_border_width=\u00bbnone\u00bb column_border_style=\u00bbsolid\u00bb][vc_column_text] Curtas Vila do Conde 2026 [\/vc_column_text][\/vc_column][\/vc_row][vc_row type=\u00bbin_container\u00bb full_screen_row_position=\u00bbmiddle\u00bb column_margin=\u00bbdefault\u00bb column_direction=\u00bbdefault\u00bb column_direction_tablet=\u00bbdefault\u00bb column_direction_phone=\u00bbdefault\u00bb scene_position=\u00bbcenter\u00bb text_color=\u00bbdark\u00bb text_align=\u00bbleft\u00bb row_border_radius=\u00bbnone\u00bb row_border_radius_applies=\u00bbbg\u00bb overflow=\u00bbvisible\u00bb advanced_gradient_angle=\u00bb0&#8243; overlay_strength=\u00bb0.3&#8243; gradient_direction=\u00bbleft_to_right\u00bb shape_divider_position=\u00bbbottom\u00bb bg_image_animation=\u00bbnone\u00bb gradient_type=\u00bbdefault\u00bb shape_type=\u00bb\u00bb][vc_column column_padding=\u00bbno-extra-padding\u00bb column_padding_tablet=\u00bbinherit\u00bb column_padding_phone=\u00bbinherit\u00bb column_padding_position=\u00bball\u00bb column_element_spacing=\u00bbdefault\u00bb background_color_opacity=\u00bb1&#8243; background_hover_color_opacity=\u00bb1&#8243; column_shadow=\u00bbnone\u00bb column_border_radius=\u00bbnone\u00bb column_link_target=\u00bb_self\u00bb column_position=\u00bbdefault\u00bb gradient_direction=\u00bbleft_to_right\u00bb overlay_strength=\u00bb0.3&#8243; width=\u00bb1\/1&#8243; tablet_width_inherit=\u00bbdefault\u00bb tablet_text_alignment=\u00bbdefault\u00bb phone_text_alignment=\u00bbdefault\u00bb animation_type=\u00bbdefault\u00bb bg_image_animation=\u00bbnone\u00bb border_type=\u00bbsimple\u00bb column_border_width=\u00bbnone\u00bb column_border_style=\u00bbsolid\u00bb][vc_row_inner equal_height=\u00bbyes\u00bb column_margin=\u00bb30px\u00bb column_direction=\u00bbdefault\u00bb column_direction_tablet=\u00bbdefault\u00bb column_direction_phone=\u00bbdefault\u00bb constrain_group_1=\u00bbyes\u00bb constrain_group_2=\u00bbyes\u00bb text_align=\u00bbleft\u00bb row_position=\u00bbdefault\u00bb row_position_tablet=\u00bbinherit\u00bb row_position_phone=\u00bbinherit\u00bb overflow=\u00bbvisible\u00bb pointer_events=\u00bball\u00bb][vc_column_inner column_padding=\u00bbpadding-4-percent\u00bb column_padding_tablet=\u00bbinherit\u00bb column_padding_phone=\u00bbinherit\u00bb column_padding_position=\u00bball\u00bb column_element_spacing=\u00bbdefault\u00bb background_color_opacity=\u00bb1&#8243; background_hover_color_opacity=\u00bb1&#8243; column_shadow=\u00bbnone\u00bb column_border_radius=\u00bbnone\u00bb column_link_target=\u00bb_self\u00bb advanced_gradient_angle=\u00bb0&#8243; gradient_direction=\u00bbleft_to_right\u00bb overlay_strength=\u00bb0.3&#8243; width=\u00bb1\/2&#8243; tablet_width_inherit=\u00bbdefault\u00bb animation_type=\u00bbdefault\u00bb bg_image_animation=\u00bbnone\u00bb border_type=\u00bbsimple\u00bb column_border_width=\u00bbnone\u00bb column_border_style=\u00bbsolid\u00bb gradient_type=\u00bbdefault\u00bb][vc_column_text] Convocatoria abierta Desde Navarra Film Industry se est\u00e1 trabajando con el departamento de industria del festival Curtas Vila do Conde para favorecer las oportunidades entre el festival y el sector audiovisual navarro, siguiendo con la estrategia de apoyo a la internacionalizaci\u00f3n desplegada por NFI. En esta ocasi\u00f3n, Navarra Film Industry lanza una convocatoria para productoras navarras con el objetivo de seleccionar un proyecto navarro que recibir\u00e1 los siguientes beneficios: Inclusi\u00f3n dentro de la secci\u00f3n In Development en la que los proyectos en fases iniciales de desarrollo son presentados frente a productores internacionales, programadores, agentes de ventas y distribuidores. Adem\u00e1s, los representantes de estos proyectos contar\u00e1n con una agenda personalizada de encuentros con profesionales del sector. El mejor proyecto recibir\u00e1 un premio por parte de un jurado independiente. Un pitching workshop impartido por Vim Vanaker La acreditaci\u00f3n y los gastos de viaje y alojamiento de tres noches para el\/la responsable de producci\u00f3n y la de direcci\u00f3n del proyecto. Apoyo de comunicaci\u00f3n por parte de Navarra Film Industry. Obligaciones y requisitos&#8230;<\/p>\n","protected":false},"author":16,"featured_media":0,"parent":12452,"menu_order":6,"comment_status":"closed","ping_status":"closed","template":"","meta":{"_acf_changed":false,"footnotes":""},"class_list":["post-52584","page","type-page","status-publish"],"acf":[],"yoast_head":"<!-- This site is optimized with the Yoast SEO plugin v23.7 - https:\/\/yoast.com\/wordpress\/plugins\/seo\/ -->\n<title>Curtas Vila do Conde 2026 - NFI<\/title>\n<meta name=\"robots\" content=\"index, follow, max-snippet:-1, max-image-preview:large, max-video-preview:-1\" \/>\n<link rel=\"canonical\" href=\"https:\/\/www.navarrafilmindustry.com\/es\/festivales-y-mercados-con-presencia-nfi\/curtas-vila-do-conde\/\" \/>\n<meta property=\"og:locale\" content=\"es_ES\" \/>\n<meta property=\"og:type\" content=\"article\" \/>\n<meta property=\"og:title\" content=\"Curtas Vila do Conde 2026 - NFI\" \/>\n<meta property=\"og:description\" content=\"[vc_row type=\u00bbfull_width_background\u00bb full_screen_row_position=\u00bbmiddle\u00bb column_margin=\u00bbdefault\u00bb column_direction=\u00bbdefault\u00bb column_direction_tablet=\u00bbdefault\u00bb column_direction_phone=\u00bbdefault\u00bb bg_image=\u00bb52585&#8243; bg_position=\u00bbcenter center\u00bb background_image_loading=\u00bbdefault\u00bb bg_repeat=\u00bbno-repeat\u00bb scene_position=\u00bbtop\u00bb top_padding=\u00bb160&#8243; bottom_padding=\u00bb160&#8243; text_color=\u00bblight\u00bb text_align=\u00bbleft\u00bb row_border_radius=\u00bbnone\u00bb row_border_radius_applies=\u00bbbg\u00bb overflow=\u00bbvisible\u00bb color_overlay=\u00bb#000000&#8243; advanced_gradient_angle=\u00bb0&#8243; overlay_strength=\u00bb0.3&#8243; gradient_direction=\u00bbleft_to_right\u00bb shape_divider_position=\u00bbbottom\u00bb bg_image_animation=\u00bbnone\u00bb gradient_type=\u00bbdefault\u00bb shape_type=\u00bb\u00bb][vc_column column_padding=\u00bbno-extra-padding\u00bb column_padding_tablet=\u00bbinherit\u00bb column_padding_phone=\u00bbinherit\u00bb column_padding_position=\u00bball\u00bb column_element_spacing=\u00bbdefault\u00bb background_color_opacity=\u00bb1&#8243; background_hover_color_opacity=\u00bb1&#8243; column_shadow=\u00bbnone\u00bb column_border_radius=\u00bbnone\u00bb column_link_target=\u00bb_self\u00bb column_position=\u00bbdefault\u00bb gradient_direction=\u00bbleft_to_right\u00bb overlay_strength=\u00bb0.3&#8243; width=\u00bb1\/1&#8243; tablet_width_inherit=\u00bbdefault\u00bb tablet_text_alignment=\u00bbdefault\u00bb phone_text_alignment=\u00bbdefault\u00bb animation_type=\u00bbdefault\u00bb bg_image_animation=\u00bbnone\u00bb border_type=\u00bbsimple\u00bb column_border_width=\u00bbnone\u00bb column_border_style=\u00bbsolid\u00bb][vc_column_text] Curtas Vila do Conde 2026 [\/vc_column_text][\/vc_column][\/vc_row][vc_row type=\u00bbin_container\u00bb full_screen_row_position=\u00bbmiddle\u00bb column_margin=\u00bbdefault\u00bb column_direction=\u00bbdefault\u00bb column_direction_tablet=\u00bbdefault\u00bb column_direction_phone=\u00bbdefault\u00bb scene_position=\u00bbcenter\u00bb text_color=\u00bbdark\u00bb text_align=\u00bbleft\u00bb row_border_radius=\u00bbnone\u00bb row_border_radius_applies=\u00bbbg\u00bb overflow=\u00bbvisible\u00bb advanced_gradient_angle=\u00bb0&#8243; overlay_strength=\u00bb0.3&#8243; gradient_direction=\u00bbleft_to_right\u00bb shape_divider_position=\u00bbbottom\u00bb bg_image_animation=\u00bbnone\u00bb gradient_type=\u00bbdefault\u00bb shape_type=\u00bb\u00bb][vc_column column_padding=\u00bbno-extra-padding\u00bb column_padding_tablet=\u00bbinherit\u00bb column_padding_phone=\u00bbinherit\u00bb column_padding_position=\u00bball\u00bb column_element_spacing=\u00bbdefault\u00bb background_color_opacity=\u00bb1&#8243; background_hover_color_opacity=\u00bb1&#8243; column_shadow=\u00bbnone\u00bb column_border_radius=\u00bbnone\u00bb column_link_target=\u00bb_self\u00bb column_position=\u00bbdefault\u00bb gradient_direction=\u00bbleft_to_right\u00bb overlay_strength=\u00bb0.3&#8243; width=\u00bb1\/1&#8243; tablet_width_inherit=\u00bbdefault\u00bb tablet_text_alignment=\u00bbdefault\u00bb phone_text_alignment=\u00bbdefault\u00bb animation_type=\u00bbdefault\u00bb bg_image_animation=\u00bbnone\u00bb border_type=\u00bbsimple\u00bb column_border_width=\u00bbnone\u00bb column_border_style=\u00bbsolid\u00bb][vc_row_inner equal_height=\u00bbyes\u00bb column_margin=\u00bb30px\u00bb column_direction=\u00bbdefault\u00bb column_direction_tablet=\u00bbdefault\u00bb column_direction_phone=\u00bbdefault\u00bb constrain_group_1=\u00bbyes\u00bb constrain_group_2=\u00bbyes\u00bb text_align=\u00bbleft\u00bb row_position=\u00bbdefault\u00bb row_position_tablet=\u00bbinherit\u00bb row_position_phone=\u00bbinherit\u00bb overflow=\u00bbvisible\u00bb pointer_events=\u00bball\u00bb][vc_column_inner column_padding=\u00bbpadding-4-percent\u00bb column_padding_tablet=\u00bbinherit\u00bb column_padding_phone=\u00bbinherit\u00bb column_padding_position=\u00bball\u00bb column_element_spacing=\u00bbdefault\u00bb background_color_opacity=\u00bb1&#8243; background_hover_color_opacity=\u00bb1&#8243; column_shadow=\u00bbnone\u00bb column_border_radius=\u00bbnone\u00bb column_link_target=\u00bb_self\u00bb advanced_gradient_angle=\u00bb0&#8243; gradient_direction=\u00bbleft_to_right\u00bb overlay_strength=\u00bb0.3&#8243; width=\u00bb1\/2&#8243; tablet_width_inherit=\u00bbdefault\u00bb animation_type=\u00bbdefault\u00bb bg_image_animation=\u00bbnone\u00bb border_type=\u00bbsimple\u00bb column_border_width=\u00bbnone\u00bb column_border_style=\u00bbsolid\u00bb gradient_type=\u00bbdefault\u00bb][vc_column_text] Convocatoria abierta Desde Navarra Film Industry se est\u00e1 trabajando con el departamento de industria del festival Curtas Vila do Conde para favorecer las oportunidades entre el festival y el sector audiovisual navarro, siguiendo con la estrategia de apoyo a la internacionalizaci\u00f3n desplegada por NFI. En esta ocasi\u00f3n, Navarra Film Industry lanza una convocatoria para productoras navarras con el objetivo de seleccionar un proyecto navarro que recibir\u00e1 los siguientes beneficios: Inclusi\u00f3n dentro de la secci\u00f3n In Development en la que los proyectos en fases iniciales de desarrollo son presentados frente a productores internacionales, programadores, agentes de ventas y distribuidores. Adem\u00e1s, los representantes de estos proyectos contar\u00e1n con una agenda personalizada de encuentros con profesionales del sector. El mejor proyecto recibir\u00e1 un premio por parte de un jurado independiente. Un pitching workshop impartido por Vim Vanaker La acreditaci\u00f3n y los gastos de viaje y alojamiento de tres noches para el\/la responsable de producci\u00f3n y la de direcci\u00f3n del proyecto. Apoyo de comunicaci\u00f3n por parte de Navarra Film Industry. Obligaciones y requisitos...\" \/>\n<meta property=\"og:url\" content=\"https:\/\/www.navarrafilmindustry.com\/es\/festivales-y-mercados-con-presencia-nfi\/curtas-vila-do-conde\/\" \/>\n<meta property=\"og:site_name\" content=\"NFI\" \/>\n<meta property=\"article:modified_time\" content=\"2026-04-14T11:04:29+00:00\" \/>\n<meta name=\"twitter:card\" content=\"summary_large_image\" \/>\n<meta name=\"twitter:label1\" content=\"Tiempo de lectura\" \/>\n\t<meta name=\"twitter:data1\" content=\"3 minutos\" \/>\n<script type=\"application\/ld+json\" class=\"yoast-schema-graph\">{\"@context\":\"https:\/\/schema.org\",\"@graph\":[{\"@type\":\"WebPage\",\"@id\":\"https:\/\/www.navarrafilmindustry.com\/es\/festivales-y-mercados-con-presencia-nfi\/curtas-vila-do-conde\/\",\"url\":\"https:\/\/www.navarrafilmindustry.com\/es\/festivales-y-mercados-con-presencia-nfi\/curtas-vila-do-conde\/\",\"name\":\"Curtas Vila do Conde 2026 - NFI\",\"isPartOf\":{\"@id\":\"https:\/\/www.navarrafilmindustry.com\/eu\/#website\"},\"datePublished\":\"2026-04-14T11:04:18+00:00\",\"dateModified\":\"2026-04-14T11:04:29+00:00\",\"breadcrumb\":{\"@id\":\"https:\/\/www.navarrafilmindustry.com\/es\/festivales-y-mercados-con-presencia-nfi\/curtas-vila-do-conde\/#breadcrumb\"},\"inLanguage\":\"es\",\"potentialAction\":[{\"@type\":\"ReadAction\",\"target\":[\"https:\/\/www.navarrafilmindustry.com\/es\/festivales-y-mercados-con-presencia-nfi\/curtas-vila-do-conde\/\"]}]},{\"@type\":\"BreadcrumbList\",\"@id\":\"https:\/\/www.navarrafilmindustry.com\/es\/festivales-y-mercados-con-presencia-nfi\/curtas-vila-do-conde\/#breadcrumb\",\"itemListElement\":[{\"@type\":\"ListItem\",\"position\":1,\"name\":\"Portada\",\"item\":\"https:\/\/www.navarrafilmindustry.com\/es\/\"},{\"@type\":\"ListItem\",\"position\":2,\"name\":\"Festivales y mercados con presencia NFI\",\"item\":\"https:\/\/www.navarrafilmindustry.com\/es\/festivales-y-mercados-con-presencia-nfi\/\"},{\"@type\":\"ListItem\",\"position\":3,\"name\":\"Curtas Vila do Conde 2026\"}]},{\"@type\":\"WebSite\",\"@id\":\"https:\/\/www.navarrafilmindustry.com\/eu\/#website\",\"url\":\"https:\/\/www.navarrafilmindustry.com\/eu\/\",\"name\":\"NFI\",\"description\":\"\",\"potentialAction\":[{\"@type\":\"SearchAction\",\"target\":{\"@type\":\"EntryPoint\",\"urlTemplate\":\"https:\/\/www.navarrafilmindustry.com\/eu\/?s={search_term_string}\"},\"query-input\":{\"@type\":\"PropertyValueSpecification\",\"valueRequired\":true,\"valueName\":\"search_term_string\"}}],\"inLanguage\":\"es\"}]}<\/script>\n<!-- \/ Yoast SEO plugin. -->","yoast_head_json":{"title":"Curtas Vila do Conde 2026 - NFI","robots":{"index":"index","follow":"follow","max-snippet":"max-snippet:-1","max-image-preview":"max-image-preview:large","max-video-preview":"max-video-preview:-1"},"canonical":"https:\/\/www.navarrafilmindustry.com\/es\/festivales-y-mercados-con-presencia-nfi\/curtas-vila-do-conde\/","og_locale":"es_ES","og_type":"article","og_title":"Curtas Vila do Conde 2026 - NFI","og_description":"[vc_row type=\u00bbfull_width_background\u00bb full_screen_row_position=\u00bbmiddle\u00bb column_margin=\u00bbdefault\u00bb column_direction=\u00bbdefault\u00bb column_direction_tablet=\u00bbdefault\u00bb column_direction_phone=\u00bbdefault\u00bb bg_image=\u00bb52585&#8243; bg_position=\u00bbcenter center\u00bb background_image_loading=\u00bbdefault\u00bb bg_repeat=\u00bbno-repeat\u00bb scene_position=\u00bbtop\u00bb top_padding=\u00bb160&#8243; bottom_padding=\u00bb160&#8243; text_color=\u00bblight\u00bb text_align=\u00bbleft\u00bb row_border_radius=\u00bbnone\u00bb row_border_radius_applies=\u00bbbg\u00bb overflow=\u00bbvisible\u00bb color_overlay=\u00bb#000000&#8243; advanced_gradient_angle=\u00bb0&#8243; overlay_strength=\u00bb0.3&#8243; gradient_direction=\u00bbleft_to_right\u00bb shape_divider_position=\u00bbbottom\u00bb bg_image_animation=\u00bbnone\u00bb gradient_type=\u00bbdefault\u00bb shape_type=\u00bb\u00bb][vc_column column_padding=\u00bbno-extra-padding\u00bb column_padding_tablet=\u00bbinherit\u00bb column_padding_phone=\u00bbinherit\u00bb column_padding_position=\u00bball\u00bb column_element_spacing=\u00bbdefault\u00bb background_color_opacity=\u00bb1&#8243; background_hover_color_opacity=\u00bb1&#8243; column_shadow=\u00bbnone\u00bb column_border_radius=\u00bbnone\u00bb column_link_target=\u00bb_self\u00bb column_position=\u00bbdefault\u00bb gradient_direction=\u00bbleft_to_right\u00bb overlay_strength=\u00bb0.3&#8243; width=\u00bb1\/1&#8243; tablet_width_inherit=\u00bbdefault\u00bb tablet_text_alignment=\u00bbdefault\u00bb phone_text_alignment=\u00bbdefault\u00bb animation_type=\u00bbdefault\u00bb bg_image_animation=\u00bbnone\u00bb border_type=\u00bbsimple\u00bb column_border_width=\u00bbnone\u00bb column_border_style=\u00bbsolid\u00bb][vc_column_text] Curtas Vila do Conde 2026 [\/vc_column_text][\/vc_column][\/vc_row][vc_row type=\u00bbin_container\u00bb full_screen_row_position=\u00bbmiddle\u00bb column_margin=\u00bbdefault\u00bb column_direction=\u00bbdefault\u00bb column_direction_tablet=\u00bbdefault\u00bb column_direction_phone=\u00bbdefault\u00bb scene_position=\u00bbcenter\u00bb text_color=\u00bbdark\u00bb text_align=\u00bbleft\u00bb row_border_radius=\u00bbnone\u00bb row_border_radius_applies=\u00bbbg\u00bb overflow=\u00bbvisible\u00bb advanced_gradient_angle=\u00bb0&#8243; overlay_strength=\u00bb0.3&#8243; gradient_direction=\u00bbleft_to_right\u00bb shape_divider_position=\u00bbbottom\u00bb bg_image_animation=\u00bbnone\u00bb gradient_type=\u00bbdefault\u00bb shape_type=\u00bb\u00bb][vc_column column_padding=\u00bbno-extra-padding\u00bb column_padding_tablet=\u00bbinherit\u00bb column_padding_phone=\u00bbinherit\u00bb column_padding_position=\u00bball\u00bb column_element_spacing=\u00bbdefault\u00bb background_color_opacity=\u00bb1&#8243; background_hover_color_opacity=\u00bb1&#8243; column_shadow=\u00bbnone\u00bb column_border_radius=\u00bbnone\u00bb column_link_target=\u00bb_self\u00bb column_position=\u00bbdefault\u00bb gradient_direction=\u00bbleft_to_right\u00bb overlay_strength=\u00bb0.3&#8243; width=\u00bb1\/1&#8243; tablet_width_inherit=\u00bbdefault\u00bb tablet_text_alignment=\u00bbdefault\u00bb phone_text_alignment=\u00bbdefault\u00bb animation_type=\u00bbdefault\u00bb bg_image_animation=\u00bbnone\u00bb border_type=\u00bbsimple\u00bb column_border_width=\u00bbnone\u00bb column_border_style=\u00bbsolid\u00bb][vc_row_inner equal_height=\u00bbyes\u00bb column_margin=\u00bb30px\u00bb column_direction=\u00bbdefault\u00bb column_direction_tablet=\u00bbdefault\u00bb column_direction_phone=\u00bbdefault\u00bb constrain_group_1=\u00bbyes\u00bb constrain_group_2=\u00bbyes\u00bb text_align=\u00bbleft\u00bb row_position=\u00bbdefault\u00bb row_position_tablet=\u00bbinherit\u00bb row_position_phone=\u00bbinherit\u00bb overflow=\u00bbvisible\u00bb pointer_events=\u00bball\u00bb][vc_column_inner column_padding=\u00bbpadding-4-percent\u00bb column_padding_tablet=\u00bbinherit\u00bb column_padding_phone=\u00bbinherit\u00bb column_padding_position=\u00bball\u00bb column_element_spacing=\u00bbdefault\u00bb background_color_opacity=\u00bb1&#8243; background_hover_color_opacity=\u00bb1&#8243; column_shadow=\u00bbnone\u00bb column_border_radius=\u00bbnone\u00bb column_link_target=\u00bb_self\u00bb advanced_gradient_angle=\u00bb0&#8243; gradient_direction=\u00bbleft_to_right\u00bb overlay_strength=\u00bb0.3&#8243; width=\u00bb1\/2&#8243; tablet_width_inherit=\u00bbdefault\u00bb animation_type=\u00bbdefault\u00bb bg_image_animation=\u00bbnone\u00bb border_type=\u00bbsimple\u00bb column_border_width=\u00bbnone\u00bb column_border_style=\u00bbsolid\u00bb gradient_type=\u00bbdefault\u00bb][vc_column_text] Convocatoria abierta Desde Navarra Film Industry se est\u00e1 trabajando con el departamento de industria del festival Curtas Vila do Conde para favorecer las oportunidades entre el festival y el sector audiovisual navarro, siguiendo con la estrategia de apoyo a la internacionalizaci\u00f3n desplegada por NFI. En esta ocasi\u00f3n, Navarra Film Industry lanza una convocatoria para productoras navarras con el objetivo de seleccionar un proyecto navarro que recibir\u00e1 los siguientes beneficios: Inclusi\u00f3n dentro de la secci\u00f3n In Development en la que los proyectos en fases iniciales de desarrollo son presentados frente a productores internacionales, programadores, agentes de ventas y distribuidores. Adem\u00e1s, los representantes de estos proyectos contar\u00e1n con una agenda personalizada de encuentros con profesionales del sector. El mejor proyecto recibir\u00e1 un premio por parte de un jurado independiente. Un pitching workshop impartido por Vim Vanaker La acreditaci\u00f3n y los gastos de viaje y alojamiento de tres noches para el\/la responsable de producci\u00f3n y la de direcci\u00f3n del proyecto. Apoyo de comunicaci\u00f3n por parte de Navarra Film Industry. Obligaciones y requisitos...","og_url":"https:\/\/www.navarrafilmindustry.com\/es\/festivales-y-mercados-con-presencia-nfi\/curtas-vila-do-conde\/","og_site_name":"NFI","article_modified_time":"2026-04-14T11:04:29+00:00","twitter_card":"summary_large_image","twitter_misc":{"Tiempo de lectura":"3 minutos"},"schema":{"@context":"https:\/\/schema.org","@graph":[{"@type":"WebPage","@id":"https:\/\/www.navarrafilmindustry.com\/es\/festivales-y-mercados-con-presencia-nfi\/curtas-vila-do-conde\/","url":"https:\/\/www.navarrafilmindustry.com\/es\/festivales-y-mercados-con-presencia-nfi\/curtas-vila-do-conde\/","name":"Curtas Vila do Conde 2026 - NFI","isPartOf":{"@id":"https:\/\/www.navarrafilmindustry.com\/eu\/#website"},"datePublished":"2026-04-14T11:04:18+00:00","dateModified":"2026-04-14T11:04:29+00:00","breadcrumb":{"@id":"https:\/\/www.navarrafilmindustry.com\/es\/festivales-y-mercados-con-presencia-nfi\/curtas-vila-do-conde\/#breadcrumb"},"inLanguage":"es","potentialAction":[{"@type":"ReadAction","target":["https:\/\/www.navarrafilmindustry.com\/es\/festivales-y-mercados-con-presencia-nfi\/curtas-vila-do-conde\/"]}]},{"@type":"BreadcrumbList","@id":"https:\/\/www.navarrafilmindustry.com\/es\/festivales-y-mercados-con-presencia-nfi\/curtas-vila-do-conde\/#breadcrumb","itemListElement":[{"@type":"ListItem","position":1,"name":"Portada","item":"https:\/\/www.navarrafilmindustry.com\/es\/"},{"@type":"ListItem","position":2,"name":"Festivales y mercados con presencia NFI","item":"https:\/\/www.navarrafilmindustry.com\/es\/festivales-y-mercados-con-presencia-nfi\/"},{"@type":"ListItem","position":3,"name":"Curtas Vila do Conde 2026"}]},{"@type":"WebSite","@id":"https:\/\/www.navarrafilmindustry.com\/eu\/#website","url":"https:\/\/www.navarrafilmindustry.com\/eu\/","name":"NFI","description":"","potentialAction":[{"@type":"SearchAction","target":{"@type":"EntryPoint","urlTemplate":"https:\/\/www.navarrafilmindustry.com\/eu\/?s={search_term_string}"},"query-input":{"@type":"PropertyValueSpecification","valueRequired":true,"valueName":"search_term_string"}}],"inLanguage":"es"}]}},"_links":{"self":[{"href":"https:\/\/www.navarrafilmindustry.com\/es\/wp-json\/wp\/v2\/pages\/52584"}],"collection":[{"href":"https:\/\/www.navarrafilmindustry.com\/es\/wp-json\/wp\/v2\/pages"}],"about":[{"href":"https:\/\/www.navarrafilmindustry.com\/es\/wp-json\/wp\/v2\/types\/page"}],"author":[{"embeddable":true,"href":"https:\/\/www.navarrafilmindustry.com\/es\/wp-json\/wp\/v2\/users\/16"}],"replies":[{"embeddable":true,"href":"https:\/\/www.navarrafilmindustry.com\/es\/wp-json\/wp\/v2\/comments?post=52584"}],"version-history":[{"count":5,"href":"https:\/\/www.navarrafilmindustry.com\/es\/wp-json\/wp\/v2\/pages\/52584\/revisions"}],"predecessor-version":[{"id":52596,"href":"https:\/\/www.navarrafilmindustry.com\/es\/wp-json\/wp\/v2\/pages\/52584\/revisions\/52596"}],"up":[{"embeddable":true,"href":"https:\/\/www.navarrafilmindustry.com\/es\/wp-json\/wp\/v2\/pages\/12452"}],"wp:attachment":[{"href":"https:\/\/www.navarrafilmindustry.com\/es\/wp-json\/wp\/v2\/media?parent=52584"}],"curies":[{"name":"wp","href":"https:\/\/api.w.org\/{rel}","templated":true}]}}