{"id":48196,"date":"2026-02-02T08:51:38","date_gmt":"2026-02-02T08:51:38","guid":{"rendered":"https:\/\/www.navarrafilmindustry.com\/?page_id=48196"},"modified":"2026-03-02T14:40:49","modified_gmt":"2026-03-02T14:40:49","slug":"festival-de-malaga-mafiz-2026","status":"publish","type":"page","link":"https:\/\/www.navarrafilmindustry.com\/es\/festivales-y-mercados-con-presencia-nfi\/festival-de-malaga-mafiz-2026\/","title":{"rendered":"Festival de M\u00e1laga &#8211; MAFIZ 2026"},"content":{"rendered":"[vc_row type=\u00bbfull_width_background\u00bb full_screen_row_position=\u00bbmiddle\u00bb column_margin=\u00bbdefault\u00bb column_direction=\u00bbdefault\u00bb column_direction_tablet=\u00bbdefault\u00bb column_direction_phone=\u00bbdefault\u00bb bg_image=\u00bb48198&#8243; bg_position=\u00bbcenter center\u00bb background_image_loading=\u00bbdefault\u00bb bg_repeat=\u00bbno-repeat\u00bb scene_position=\u00bbtop\u00bb top_padding=\u00bb160&#8243; bottom_padding=\u00bb160&#8243; text_color=\u00bblight\u00bb text_align=\u00bbleft\u00bb row_border_radius=\u00bbnone\u00bb row_border_radius_applies=\u00bbbg\u00bb overflow=\u00bbvisible\u00bb color_overlay=\u00bb#000000&#8243; advanced_gradient_angle=\u00bb0&#8243; overlay_strength=\u00bb0.3&#8243; gradient_direction=\u00bbleft_to_right\u00bb shape_divider_position=\u00bbbottom\u00bb bg_image_animation=\u00bbnone\u00bb gradient_type=\u00bbdefault\u00bb shape_type=\u00bb\u00bb][vc_column column_padding=\u00bbno-extra-padding\u00bb column_padding_tablet=\u00bbinherit\u00bb column_padding_phone=\u00bbinherit\u00bb column_padding_position=\u00bball\u00bb column_element_spacing=\u00bbdefault\u00bb background_color_opacity=\u00bb1&#8243; background_hover_color_opacity=\u00bb1&#8243; column_shadow=\u00bbnone\u00bb column_border_radius=\u00bbnone\u00bb column_link_target=\u00bb_self\u00bb column_position=\u00bbdefault\u00bb gradient_direction=\u00bbleft_to_right\u00bb overlay_strength=\u00bb0.3&#8243; width=\u00bb1\/1&#8243; tablet_width_inherit=\u00bbdefault\u00bb tablet_text_alignment=\u00bbdefault\u00bb phone_text_alignment=\u00bbdefault\u00bb animation_type=\u00bbdefault\u00bb bg_image_animation=\u00bbnone\u00bb border_type=\u00bbsimple\u00bb column_border_width=\u00bbnone\u00bb column_border_style=\u00bbsolid\u00bb][vc_column_text]\n<h1>Festival de M\u00e1laga &#8211; MAFIZ<\/h1>\n[\/vc_column_text][\/vc_column][\/vc_row][vc_row type=\u00bbin_container\u00bb full_screen_row_position=\u00bbmiddle\u00bb column_margin=\u00bbdefault\u00bb column_direction=\u00bbdefault\u00bb column_direction_tablet=\u00bbdefault\u00bb column_direction_phone=\u00bbdefault\u00bb scene_position=\u00bbcenter\u00bb text_color=\u00bbdark\u00bb text_align=\u00bbleft\u00bb row_border_radius=\u00bbnone\u00bb row_border_radius_applies=\u00bbbg\u00bb overflow=\u00bbvisible\u00bb advanced_gradient_angle=\u00bb0&#8243; overlay_strength=\u00bb0.3&#8243; gradient_direction=\u00bbleft_to_right\u00bb shape_divider_position=\u00bbbottom\u00bb bg_image_animation=\u00bbnone\u00bb gradient_type=\u00bbdefault\u00bb shape_type=\u00bb\u00bb][vc_column column_padding=\u00bbno-extra-padding\u00bb column_padding_tablet=\u00bbinherit\u00bb column_padding_phone=\u00bbinherit\u00bb column_padding_position=\u00bball\u00bb column_element_spacing=\u00bbdefault\u00bb background_color_opacity=\u00bb1&#8243; background_hover_color_opacity=\u00bb1&#8243; column_shadow=\u00bbnone\u00bb column_border_radius=\u00bbnone\u00bb column_link_target=\u00bb_self\u00bb column_position=\u00bbdefault\u00bb gradient_direction=\u00bbleft_to_right\u00bb overlay_strength=\u00bb0.3&#8243; width=\u00bb1\/1&#8243; tablet_width_inherit=\u00bbdefault\u00bb tablet_text_alignment=\u00bbdefault\u00bb phone_text_alignment=\u00bbdefault\u00bb animation_type=\u00bbdefault\u00bb bg_image_animation=\u00bbnone\u00bb border_type=\u00bbsimple\u00bb column_border_width=\u00bbnone\u00bb column_border_style=\u00bbsolid\u00bb][vc_row_inner equal_height=\u00bbyes\u00bb column_margin=\u00bb30px\u00bb column_direction=\u00bbdefault\u00bb column_direction_tablet=\u00bbdefault\u00bb column_direction_phone=\u00bbdefault\u00bb constrain_group_1=\u00bbyes\u00bb constrain_group_2=\u00bbyes\u00bb text_align=\u00bbleft\u00bb row_position=\u00bbdefault\u00bb row_position_tablet=\u00bbinherit\u00bb row_position_phone=\u00bbinherit\u00bb overflow=\u00bbvisible\u00bb pointer_events=\u00bball\u00bb][vc_column_inner column_padding=\u00bbpadding-4-percent\u00bb column_padding_tablet=\u00bbinherit\u00bb column_padding_phone=\u00bbinherit\u00bb column_padding_position=\u00bball\u00bb column_element_spacing=\u00bbdefault\u00bb background_color_opacity=\u00bb1&#8243; background_hover_color_opacity=\u00bb1&#8243; column_shadow=\u00bbnone\u00bb column_border_radius=\u00bbnone\u00bb column_link_target=\u00bb_self\u00bb advanced_gradient_angle=\u00bb0&#8243; gradient_direction=\u00bbleft_to_right\u00bb overlay_strength=\u00bb0.3&#8243; width=\u00bb1\/2&#8243; tablet_width_inherit=\u00bbdefault\u00bb animation_type=\u00bbdefault\u00bb bg_image_animation=\u00bbnone\u00bb border_type=\u00bbsimple\u00bb column_border_width=\u00bbnone\u00bb column_border_style=\u00bbsolid\u00bb gradient_type=\u00bbdefault\u00bb][vc_column_text]<span lang=\"es\" data-olk-copy-source=\"MessageBody\">Navarra Film Industry estar\u00e1 presente en MAFIZ, el \u00e1rea de industria del Festival de M\u00e1laga, donde contar\u00e1 con un stand propio dentro del Industry Hub. <\/span><\/p>\n<p><span lang=\"es\" data-olk-copy-source=\"MessageBody\">La delegaci\u00f3n de NFI, encabezada por la Navarra Film Commission, estar\u00e1 formada <\/span>por una destacada representaci\u00f3n del sector audiovisual navarro, en el que participar\u00e1n las siguientes empresas: Avrigo Studios, Argizubi, Boomer Films, Elcon Films, El Rayo Verde, En Buen Sitio, Labrit Multimedia, La Cachipera Films, La Noche Americana, Midnight Fear Factory, Nueve Cartas, San Film\u00edn, Visual Comunicaci\u00f3n y Wonkos, adem\u00e1s de otros profesionales y representantes de la industria audiovisual de Navarra.<\/p>\n<ul>\n<li><a href=\"https:\/\/www.navarrafilmindustry.com\/es\/black-water-y-el-relevo-seleccionadas-para-participar-en-el-festival-de-malaga\/\">&#8216;Black Water&#8217; y &#8216;El Relevo&#8217;, seleccionadas para participar en el Festival de M\u00e1laga<\/a><\/li>\n<\/ul>\n[\/vc_column_text][nectar_btn size=\u00bbsmall\u00bb button_style=\u00bbregular\u00bb button_color_2=\u00bbAccent-Color\u00bb icon_family=\u00bbnone\u00bb text=\u00bbVer cat\u00e1logo de producciones 2026&#8243; url=\u00bbhttps:\/\/www.navarrafilmindustry.com\/wp-content\/uploads\/2026\/03\/DIGITAL_Dossier-films-2026_m.pdf\u00bb][\/vc_column_inner][vc_column_inner column_padding=\u00bbpadding-4-percent\u00bb column_padding_tablet=\u00bbinherit\u00bb column_padding_phone=\u00bbinherit\u00bb column_padding_position=\u00bball\u00bb column_element_spacing=\u00bbdefault\u00bb background_color_opacity=\u00bb1&#8243; background_hover_color_opacity=\u00bb1&#8243; column_shadow=\u00bbnone\u00bb column_border_radius=\u00bbnone\u00bb column_link_target=\u00bb_self\u00bb advanced_gradient_angle=\u00bb0&#8243; gradient_direction=\u00bbleft_to_right\u00bb overlay_strength=\u00bb0.3&#8243; width=\u00bb1\/2&#8243; tablet_width_inherit=\u00bbdefault\u00bb animation_type=\u00bbdefault\u00bb bg_image_animation=\u00bbnone\u00bb border_type=\u00bbsimple\u00bb column_border_width=\u00bbnone\u00bb column_border_style=\u00bbsolid\u00bb gradient_type=\u00bbdefault\u00bb][image_with_animation image_url=\u00bb48193&#8243; image_size=\u00bbfull\u00bb animation_type=\u00bbentrance\u00bb animation=\u00bbFade In\u00bb hover_animation=\u00bbnone\u00bb alignment=\u00bb\u00bb border_radius=\u00bbnone\u00bb box_shadow=\u00bbnone\u00bb image_loading=\u00bbdefault\u00bb max_width=\u00bb100%\u00bb max_width_mobile=\u00bbdefault\u00bb][\/vc_column_inner][\/vc_row_inner][\/vc_column][\/vc_row][vc_row type=\u00bbin_container\u00bb full_screen_row_position=\u00bbmiddle\u00bb column_margin=\u00bbdefault\u00bb column_direction=\u00bbdefault\u00bb column_direction_tablet=\u00bbdefault\u00bb column_direction_phone=\u00bbdefault\u00bb scene_position=\u00bbcenter\u00bb text_color=\u00bbdark\u00bb text_align=\u00bbleft\u00bb row_border_radius=\u00bbnone\u00bb row_border_radius_applies=\u00bbbg\u00bb overflow=\u00bbvisible\u00bb advanced_gradient_angle=\u00bb0&#8243; overlay_strength=\u00bb0.3&#8243; gradient_direction=\u00bbleft_to_right\u00bb shape_divider_position=\u00bbbottom\u00bb bg_image_animation=\u00bbnone\u00bb gradient_type=\u00bbdefault\u00bb shape_type=\u00bb\u00bb][vc_column column_padding=\u00bbno-extra-padding\u00bb column_padding_tablet=\u00bbinherit\u00bb column_padding_phone=\u00bbinherit\u00bb column_padding_position=\u00bball\u00bb column_element_spacing=\u00bbdefault\u00bb background_color_opacity=\u00bb1&#8243; background_hover_color_opacity=\u00bb1&#8243; column_shadow=\u00bbnone\u00bb column_border_radius=\u00bbnone\u00bb column_link_target=\u00bb_self\u00bb column_position=\u00bbdefault\u00bb gradient_direction=\u00bbleft_to_right\u00bb overlay_strength=\u00bb0.3&#8243; width=\u00bb1\/1&#8243; tablet_width_inherit=\u00bbdefault\u00bb tablet_text_alignment=\u00bbdefault\u00bb phone_text_alignment=\u00bbdefault\u00bb animation_type=\u00bbdefault\u00bb bg_image_animation=\u00bbnone\u00bb border_type=\u00bbsimple\u00bb column_border_width=\u00bbnone\u00bb column_border_style=\u00bbsolid\u00bb][vc_column_text]\n<h2>Producciones en Festival de M\u00e1laga \/ MAFIZ<\/h2>\n[\/vc_column_text][nectar_post_grid post_type=\u00bbcustom\u00bb cpt_name=\u00bbproducciones\u00bb order=\u00bbDESC\u00bb orderby=\u00bbdate\u00bb pagination=\u00bbnone\u00bb columns=\u00bb4&#8243; grid_item_spacing=\u00bb10px\u00bb grid_item_height=\u00bb30vh\u00bb image_size=\u00bblarge\u00bb image_loading=\u00bbdefault\u00bb animation=\u00bbnone\u00bb heading_tag=\u00bbh3&#8243; category_position=\u00bbdefault\u00bb grid_style=\u00bbcontent_overlaid\u00bb text_content_layout=\u00bball_top_left\u00bb color_overlay_opacity=\u00bb0.3&#8243; color_overlay_hover_opacity=\u00bb0.4&#8243; text_color=\u00bblight\u00bb text_color_hover=\u00bblight\u00bb text_opacity=\u00bb0.0&#8243; text_hover_opacity=\u00bb0.0&#8243; hover_effect=\u00bbzoom\u00bb border_radius=\u00bbnone\u00bb posts_per_page=\u00bb10&#8243; css_class_name=\u00bbproduccionesgrid\u00bb custom_query_tax=\u00bb1945&#8243;][\/vc_column][\/vc_row][vc_row type=\u00bbin_container\u00bb full_screen_row_position=\u00bbmiddle\u00bb column_margin=\u00bbdefault\u00bb column_direction=\u00bbdefault\u00bb column_direction_tablet=\u00bbdefault\u00bb column_direction_phone=\u00bbdefault\u00bb scene_position=\u00bbcenter\u00bb text_color=\u00bbdark\u00bb text_align=\u00bbleft\u00bb row_border_radius=\u00bbnone\u00bb row_border_radius_applies=\u00bbbg\u00bb overflow=\u00bbvisible\u00bb disable_element=\u00bbyes\u00bb advanced_gradient_angle=\u00bb0&#8243; overlay_strength=\u00bb0.3&#8243; gradient_direction=\u00bbleft_to_right\u00bb shape_divider_position=\u00bbbottom\u00bb bg_image_animation=\u00bbnone\u00bb gradient_type=\u00bbdefault\u00bb shape_type=\u00bb\u00bb][vc_column column_padding=\u00bbno-extra-padding\u00bb column_padding_tablet=\u00bbinherit\u00bb column_padding_phone=\u00bbinherit\u00bb column_padding_position=\u00bball\u00bb column_element_spacing=\u00bbdefault\u00bb background_color_opacity=\u00bb1&#8243; background_hover_color_opacity=\u00bb1&#8243; column_shadow=\u00bbnone\u00bb column_border_radius=\u00bbnone\u00bb column_link_target=\u00bb_self\u00bb column_position=\u00bbdefault\u00bb gradient_direction=\u00bbleft_to_right\u00bb overlay_strength=\u00bb0.3&#8243; width=\u00bb1\/1&#8243; tablet_width_inherit=\u00bbdefault\u00bb tablet_text_alignment=\u00bbdefault\u00bb phone_text_alignment=\u00bbdefault\u00bb animation_type=\u00bbdefault\u00bb bg_image_animation=\u00bbnone\u00bb border_type=\u00bbsimple\u00bb column_border_width=\u00bbnone\u00bb column_border_style=\u00bbsolid\u00bb][\/vc_column][\/vc_row]\n","protected":false},"excerpt":{"rendered":"<p>[vc_row type=\u00bbfull_width_background\u00bb full_screen_row_position=\u00bbmiddle\u00bb column_margin=\u00bbdefault\u00bb column_direction=\u00bbdefault\u00bb column_direction_tablet=\u00bbdefault\u00bb column_direction_phone=\u00bbdefault\u00bb bg_image=\u00bb48198&#8243; bg_position=\u00bbcenter center\u00bb background_image_loading=\u00bbdefault\u00bb bg_repeat=\u00bbno-repeat\u00bb scene_position=\u00bbtop\u00bb top_padding=\u00bb160&#8243; bottom_padding=\u00bb160&#8243; text_color=\u00bblight\u00bb text_align=\u00bbleft\u00bb row_border_radius=\u00bbnone\u00bb row_border_radius_applies=\u00bbbg\u00bb overflow=\u00bbvisible\u00bb color_overlay=\u00bb#000000&#8243; advanced_gradient_angle=\u00bb0&#8243; overlay_strength=\u00bb0.3&#8243; gradient_direction=\u00bbleft_to_right\u00bb shape_divider_position=\u00bbbottom\u00bb bg_image_animation=\u00bbnone\u00bb gradient_type=\u00bbdefault\u00bb shape_type=\u00bb\u00bb][vc_column column_padding=\u00bbno-extra-padding\u00bb column_padding_tablet=\u00bbinherit\u00bb column_padding_phone=\u00bbinherit\u00bb column_padding_position=\u00bball\u00bb column_element_spacing=\u00bbdefault\u00bb background_color_opacity=\u00bb1&#8243; background_hover_color_opacity=\u00bb1&#8243; column_shadow=\u00bbnone\u00bb column_border_radius=\u00bbnone\u00bb column_link_target=\u00bb_self\u00bb column_position=\u00bbdefault\u00bb gradient_direction=\u00bbleft_to_right\u00bb overlay_strength=\u00bb0.3&#8243; width=\u00bb1\/1&#8243; tablet_width_inherit=\u00bbdefault\u00bb tablet_text_alignment=\u00bbdefault\u00bb phone_text_alignment=\u00bbdefault\u00bb animation_type=\u00bbdefault\u00bb bg_image_animation=\u00bbnone\u00bb border_type=\u00bbsimple\u00bb column_border_width=\u00bbnone\u00bb column_border_style=\u00bbsolid\u00bb][vc_column_text] Festival de M\u00e1laga &#8211; MAFIZ [\/vc_column_text][\/vc_column][\/vc_row][vc_row type=\u00bbin_container\u00bb full_screen_row_position=\u00bbmiddle\u00bb column_margin=\u00bbdefault\u00bb column_direction=\u00bbdefault\u00bb column_direction_tablet=\u00bbdefault\u00bb column_direction_phone=\u00bbdefault\u00bb scene_position=\u00bbcenter\u00bb text_color=\u00bbdark\u00bb text_align=\u00bbleft\u00bb row_border_radius=\u00bbnone\u00bb row_border_radius_applies=\u00bbbg\u00bb overflow=\u00bbvisible\u00bb advanced_gradient_angle=\u00bb0&#8243; overlay_strength=\u00bb0.3&#8243; gradient_direction=\u00bbleft_to_right\u00bb shape_divider_position=\u00bbbottom\u00bb bg_image_animation=\u00bbnone\u00bb gradient_type=\u00bbdefault\u00bb shape_type=\u00bb\u00bb][vc_column column_padding=\u00bbno-extra-padding\u00bb column_padding_tablet=\u00bbinherit\u00bb column_padding_phone=\u00bbinherit\u00bb column_padding_position=\u00bball\u00bb column_element_spacing=\u00bbdefault\u00bb background_color_opacity=\u00bb1&#8243; background_hover_color_opacity=\u00bb1&#8243; column_shadow=\u00bbnone\u00bb column_border_radius=\u00bbnone\u00bb column_link_target=\u00bb_self\u00bb column_position=\u00bbdefault\u00bb gradient_direction=\u00bbleft_to_right\u00bb overlay_strength=\u00bb0.3&#8243; width=\u00bb1\/1&#8243; tablet_width_inherit=\u00bbdefault\u00bb tablet_text_alignment=\u00bbdefault\u00bb phone_text_alignment=\u00bbdefault\u00bb animation_type=\u00bbdefault\u00bb bg_image_animation=\u00bbnone\u00bb border_type=\u00bbsimple\u00bb column_border_width=\u00bbnone\u00bb column_border_style=\u00bbsolid\u00bb][vc_row_inner equal_height=\u00bbyes\u00bb column_margin=\u00bb30px\u00bb column_direction=\u00bbdefault\u00bb column_direction_tablet=\u00bbdefault\u00bb column_direction_phone=\u00bbdefault\u00bb constrain_group_1=\u00bbyes\u00bb constrain_group_2=\u00bbyes\u00bb text_align=\u00bbleft\u00bb row_position=\u00bbdefault\u00bb row_position_tablet=\u00bbinherit\u00bb row_position_phone=\u00bbinherit\u00bb overflow=\u00bbvisible\u00bb pointer_events=\u00bball\u00bb][vc_column_inner column_padding=\u00bbpadding-4-percent\u00bb column_padding_tablet=\u00bbinherit\u00bb column_padding_phone=\u00bbinherit\u00bb column_padding_position=\u00bball\u00bb column_element_spacing=\u00bbdefault\u00bb background_color_opacity=\u00bb1&#8243; background_hover_color_opacity=\u00bb1&#8243; column_shadow=\u00bbnone\u00bb column_border_radius=\u00bbnone\u00bb column_link_target=\u00bb_self\u00bb advanced_gradient_angle=\u00bb0&#8243; gradient_direction=\u00bbleft_to_right\u00bb overlay_strength=\u00bb0.3&#8243; width=\u00bb1\/2&#8243; tablet_width_inherit=\u00bbdefault\u00bb animation_type=\u00bbdefault\u00bb bg_image_animation=\u00bbnone\u00bb border_type=\u00bbsimple\u00bb column_border_width=\u00bbnone\u00bb column_border_style=\u00bbsolid\u00bb gradient_type=\u00bbdefault\u00bb][vc_column_text]Navarra Film Industry estar\u00e1 presente en MAFIZ, el \u00e1rea de industria del Festival de M\u00e1laga, donde contar\u00e1 con un stand propio dentro del Industry Hub. La delegaci\u00f3n de NFI, encabezada por la Navarra Film Commission, estar\u00e1 formada por una destacada representaci\u00f3n del sector audiovisual navarro, en el que participar\u00e1n las siguientes empresas: Avrigo Studios, Argizubi, Boomer Films, Elcon Films, El Rayo Verde, En Buen Sitio, Labrit Multimedia, La Cachipera Films, La Noche Americana, Midnight Fear Factory, Nueve Cartas, San Film\u00edn, Visual Comunicaci\u00f3n y Wonkos, adem\u00e1s de otros profesionales y representantes de la industria audiovisual de Navarra. &#8216;Black Water&#8217; y &#8216;El Relevo&#8217;, seleccionadas para participar en el Festival de M\u00e1laga [\/vc_column_text][nectar_btn size=\u00bbsmall\u00bb button_style=\u00bbregular\u00bb button_color_2=\u00bbAccent-Color\u00bb icon_family=\u00bbnone\u00bb text=\u00bbVer cat\u00e1logo de producciones 2026&#8243; url=\u00bbhttps:\/\/www.navarrafilmindustry.com\/wp-content\/uploads\/2026\/03\/DIGITAL_Dossier-films-2026_m.pdf\u00bb][\/vc_column_inner][vc_column_inner column_padding=\u00bbpadding-4-percent\u00bb column_padding_tablet=\u00bbinherit\u00bb column_padding_phone=\u00bbinherit\u00bb column_padding_position=\u00bball\u00bb column_element_spacing=\u00bbdefault\u00bb background_color_opacity=\u00bb1&#8243; background_hover_color_opacity=\u00bb1&#8243; column_shadow=\u00bbnone\u00bb column_border_radius=\u00bbnone\u00bb column_link_target=\u00bb_self\u00bb advanced_gradient_angle=\u00bb0&#8243; gradient_direction=\u00bbleft_to_right\u00bb overlay_strength=\u00bb0.3&#8243; width=\u00bb1\/2&#8243; tablet_width_inherit=\u00bbdefault\u00bb animation_type=\u00bbdefault\u00bb bg_image_animation=\u00bbnone\u00bb border_type=\u00bbsimple\u00bb column_border_width=\u00bbnone\u00bb column_border_style=\u00bbsolid\u00bb gradient_type=\u00bbdefault\u00bb][image_with_animation image_url=\u00bb48193&#8243; image_size=\u00bbfull\u00bb animation_type=\u00bbentrance\u00bb animation=\u00bbFade In\u00bb hover_animation=\u00bbnone\u00bb alignment=\u00bb\u00bb border_radius=\u00bbnone\u00bb box_shadow=\u00bbnone\u00bb image_loading=\u00bbdefault\u00bb max_width=\u00bb100%\u00bb max_width_mobile=\u00bbdefault\u00bb][\/vc_column_inner][\/vc_row_inner][\/vc_column][\/vc_row][vc_row type=\u00bbin_container\u00bb full_screen_row_position=\u00bbmiddle\u00bb column_margin=\u00bbdefault\u00bb column_direction=\u00bbdefault\u00bb column_direction_tablet=\u00bbdefault\u00bb column_direction_phone=\u00bbdefault\u00bb scene_position=\u00bbcenter\u00bb text_color=\u00bbdark\u00bb text_align=\u00bbleft\u00bb row_border_radius=\u00bbnone\u00bb row_border_radius_applies=\u00bbbg\u00bb overflow=\u00bbvisible\u00bb advanced_gradient_angle=\u00bb0&#8243; overlay_strength=\u00bb0.3&#8243; gradient_direction=\u00bbleft_to_right\u00bb shape_divider_position=\u00bbbottom\u00bb bg_image_animation=\u00bbnone\u00bb&#8230;<\/p>\n","protected":false},"author":16,"featured_media":0,"parent":12452,"menu_order":6,"comment_status":"closed","ping_status":"closed","template":"","meta":{"_acf_changed":false,"footnotes":""},"class_list":["post-48196","page","type-page","status-publish"],"acf":[],"yoast_head":"<!-- This site is optimized with the Yoast SEO plugin v23.7 - https:\/\/yoast.com\/wordpress\/plugins\/seo\/ -->\n<title>Festival de M\u00e1laga - MAFIZ 2026 - NFI<\/title>\n<meta name=\"robots\" content=\"index, follow, max-snippet:-1, max-image-preview:large, max-video-preview:-1\" \/>\n<link rel=\"canonical\" href=\"https:\/\/www.navarrafilmindustry.com\/es\/festivales-y-mercados-con-presencia-nfi\/festival-de-malaga-mafiz-2026\/\" \/>\n<meta property=\"og:locale\" content=\"es_ES\" \/>\n<meta property=\"og:type\" content=\"article\" \/>\n<meta property=\"og:title\" content=\"Festival de M\u00e1laga - MAFIZ 2026 - NFI\" \/>\n<meta property=\"og:description\" content=\"[vc_row type=\u00bbfull_width_background\u00bb full_screen_row_position=\u00bbmiddle\u00bb column_margin=\u00bbdefault\u00bb column_direction=\u00bbdefault\u00bb column_direction_tablet=\u00bbdefault\u00bb column_direction_phone=\u00bbdefault\u00bb bg_image=\u00bb48198&#8243; bg_position=\u00bbcenter center\u00bb background_image_loading=\u00bbdefault\u00bb bg_repeat=\u00bbno-repeat\u00bb scene_position=\u00bbtop\u00bb top_padding=\u00bb160&#8243; bottom_padding=\u00bb160&#8243; text_color=\u00bblight\u00bb text_align=\u00bbleft\u00bb row_border_radius=\u00bbnone\u00bb row_border_radius_applies=\u00bbbg\u00bb overflow=\u00bbvisible\u00bb color_overlay=\u00bb#000000&#8243; advanced_gradient_angle=\u00bb0&#8243; overlay_strength=\u00bb0.3&#8243; gradient_direction=\u00bbleft_to_right\u00bb shape_divider_position=\u00bbbottom\u00bb bg_image_animation=\u00bbnone\u00bb gradient_type=\u00bbdefault\u00bb shape_type=\u00bb\u00bb][vc_column column_padding=\u00bbno-extra-padding\u00bb column_padding_tablet=\u00bbinherit\u00bb column_padding_phone=\u00bbinherit\u00bb column_padding_position=\u00bball\u00bb column_element_spacing=\u00bbdefault\u00bb background_color_opacity=\u00bb1&#8243; background_hover_color_opacity=\u00bb1&#8243; column_shadow=\u00bbnone\u00bb column_border_radius=\u00bbnone\u00bb column_link_target=\u00bb_self\u00bb column_position=\u00bbdefault\u00bb gradient_direction=\u00bbleft_to_right\u00bb overlay_strength=\u00bb0.3&#8243; width=\u00bb1\/1&#8243; tablet_width_inherit=\u00bbdefault\u00bb tablet_text_alignment=\u00bbdefault\u00bb phone_text_alignment=\u00bbdefault\u00bb animation_type=\u00bbdefault\u00bb bg_image_animation=\u00bbnone\u00bb border_type=\u00bbsimple\u00bb column_border_width=\u00bbnone\u00bb column_border_style=\u00bbsolid\u00bb][vc_column_text] Festival de M\u00e1laga &#8211; MAFIZ [\/vc_column_text][\/vc_column][\/vc_row][vc_row type=\u00bbin_container\u00bb full_screen_row_position=\u00bbmiddle\u00bb column_margin=\u00bbdefault\u00bb column_direction=\u00bbdefault\u00bb column_direction_tablet=\u00bbdefault\u00bb column_direction_phone=\u00bbdefault\u00bb scene_position=\u00bbcenter\u00bb text_color=\u00bbdark\u00bb text_align=\u00bbleft\u00bb row_border_radius=\u00bbnone\u00bb row_border_radius_applies=\u00bbbg\u00bb overflow=\u00bbvisible\u00bb advanced_gradient_angle=\u00bb0&#8243; overlay_strength=\u00bb0.3&#8243; gradient_direction=\u00bbleft_to_right\u00bb shape_divider_position=\u00bbbottom\u00bb bg_image_animation=\u00bbnone\u00bb gradient_type=\u00bbdefault\u00bb shape_type=\u00bb\u00bb][vc_column column_padding=\u00bbno-extra-padding\u00bb column_padding_tablet=\u00bbinherit\u00bb column_padding_phone=\u00bbinherit\u00bb column_padding_position=\u00bball\u00bb column_element_spacing=\u00bbdefault\u00bb background_color_opacity=\u00bb1&#8243; background_hover_color_opacity=\u00bb1&#8243; column_shadow=\u00bbnone\u00bb column_border_radius=\u00bbnone\u00bb column_link_target=\u00bb_self\u00bb column_position=\u00bbdefault\u00bb gradient_direction=\u00bbleft_to_right\u00bb overlay_strength=\u00bb0.3&#8243; width=\u00bb1\/1&#8243; tablet_width_inherit=\u00bbdefault\u00bb tablet_text_alignment=\u00bbdefault\u00bb phone_text_alignment=\u00bbdefault\u00bb animation_type=\u00bbdefault\u00bb bg_image_animation=\u00bbnone\u00bb border_type=\u00bbsimple\u00bb column_border_width=\u00bbnone\u00bb column_border_style=\u00bbsolid\u00bb][vc_row_inner equal_height=\u00bbyes\u00bb column_margin=\u00bb30px\u00bb column_direction=\u00bbdefault\u00bb column_direction_tablet=\u00bbdefault\u00bb column_direction_phone=\u00bbdefault\u00bb constrain_group_1=\u00bbyes\u00bb constrain_group_2=\u00bbyes\u00bb text_align=\u00bbleft\u00bb row_position=\u00bbdefault\u00bb row_position_tablet=\u00bbinherit\u00bb row_position_phone=\u00bbinherit\u00bb overflow=\u00bbvisible\u00bb pointer_events=\u00bball\u00bb][vc_column_inner column_padding=\u00bbpadding-4-percent\u00bb column_padding_tablet=\u00bbinherit\u00bb column_padding_phone=\u00bbinherit\u00bb column_padding_position=\u00bball\u00bb column_element_spacing=\u00bbdefault\u00bb background_color_opacity=\u00bb1&#8243; background_hover_color_opacity=\u00bb1&#8243; column_shadow=\u00bbnone\u00bb column_border_radius=\u00bbnone\u00bb column_link_target=\u00bb_self\u00bb advanced_gradient_angle=\u00bb0&#8243; gradient_direction=\u00bbleft_to_right\u00bb overlay_strength=\u00bb0.3&#8243; width=\u00bb1\/2&#8243; tablet_width_inherit=\u00bbdefault\u00bb animation_type=\u00bbdefault\u00bb bg_image_animation=\u00bbnone\u00bb border_type=\u00bbsimple\u00bb column_border_width=\u00bbnone\u00bb column_border_style=\u00bbsolid\u00bb gradient_type=\u00bbdefault\u00bb][vc_column_text]Navarra Film Industry estar\u00e1 presente en MAFIZ, el \u00e1rea de industria del Festival de M\u00e1laga, donde contar\u00e1 con un stand propio dentro del Industry Hub. La delegaci\u00f3n de NFI, encabezada por la Navarra Film Commission, estar\u00e1 formada por una destacada representaci\u00f3n del sector audiovisual navarro, en el que participar\u00e1n las siguientes empresas: Avrigo Studios, Argizubi, Boomer Films, Elcon Films, El Rayo Verde, En Buen Sitio, Labrit Multimedia, La Cachipera Films, La Noche Americana, Midnight Fear Factory, Nueve Cartas, San Film\u00edn, Visual Comunicaci\u00f3n y Wonkos, adem\u00e1s de otros profesionales y representantes de la industria audiovisual de Navarra. &#8216;Black Water&#8217; y &#8216;El Relevo&#8217;, seleccionadas para participar en el Festival de M\u00e1laga [\/vc_column_text][nectar_btn size=\u00bbsmall\u00bb button_style=\u00bbregular\u00bb button_color_2=\u00bbAccent-Color\u00bb icon_family=\u00bbnone\u00bb text=\u00bbVer cat\u00e1logo de producciones 2026&#8243; url=\u00bbhttps:\/\/www.navarrafilmindustry.com\/wp-content\/uploads\/2026\/03\/DIGITAL_Dossier-films-2026_m.pdf\u00bb][\/vc_column_inner][vc_column_inner column_padding=\u00bbpadding-4-percent\u00bb column_padding_tablet=\u00bbinherit\u00bb column_padding_phone=\u00bbinherit\u00bb column_padding_position=\u00bball\u00bb column_element_spacing=\u00bbdefault\u00bb background_color_opacity=\u00bb1&#8243; background_hover_color_opacity=\u00bb1&#8243; column_shadow=\u00bbnone\u00bb column_border_radius=\u00bbnone\u00bb column_link_target=\u00bb_self\u00bb advanced_gradient_angle=\u00bb0&#8243; gradient_direction=\u00bbleft_to_right\u00bb overlay_strength=\u00bb0.3&#8243; width=\u00bb1\/2&#8243; tablet_width_inherit=\u00bbdefault\u00bb animation_type=\u00bbdefault\u00bb bg_image_animation=\u00bbnone\u00bb border_type=\u00bbsimple\u00bb column_border_width=\u00bbnone\u00bb column_border_style=\u00bbsolid\u00bb gradient_type=\u00bbdefault\u00bb][image_with_animation image_url=\u00bb48193&#8243; image_size=\u00bbfull\u00bb animation_type=\u00bbentrance\u00bb animation=\u00bbFade In\u00bb hover_animation=\u00bbnone\u00bb alignment=\u00bb\u00bb border_radius=\u00bbnone\u00bb box_shadow=\u00bbnone\u00bb image_loading=\u00bbdefault\u00bb max_width=\u00bb100%\u00bb max_width_mobile=\u00bbdefault\u00bb][\/vc_column_inner][\/vc_row_inner][\/vc_column][\/vc_row][vc_row type=\u00bbin_container\u00bb full_screen_row_position=\u00bbmiddle\u00bb column_margin=\u00bbdefault\u00bb column_direction=\u00bbdefault\u00bb column_direction_tablet=\u00bbdefault\u00bb column_direction_phone=\u00bbdefault\u00bb scene_position=\u00bbcenter\u00bb text_color=\u00bbdark\u00bb text_align=\u00bbleft\u00bb row_border_radius=\u00bbnone\u00bb row_border_radius_applies=\u00bbbg\u00bb overflow=\u00bbvisible\u00bb advanced_gradient_angle=\u00bb0&#8243; overlay_strength=\u00bb0.3&#8243; gradient_direction=\u00bbleft_to_right\u00bb shape_divider_position=\u00bbbottom\u00bb bg_image_animation=\u00bbnone\u00bb...\" \/>\n<meta property=\"og:url\" content=\"https:\/\/www.navarrafilmindustry.com\/es\/festivales-y-mercados-con-presencia-nfi\/festival-de-malaga-mafiz-2026\/\" \/>\n<meta property=\"og:site_name\" content=\"NFI\" \/>\n<meta property=\"article:modified_time\" content=\"2026-03-02T14:40:49+00:00\" \/>\n<meta name=\"twitter:card\" content=\"summary_large_image\" \/>\n<meta name=\"twitter:label1\" content=\"Tiempo de lectura\" \/>\n\t<meta name=\"twitter:data1\" content=\"3 minutos\" \/>\n<script type=\"application\/ld+json\" class=\"yoast-schema-graph\">{\"@context\":\"https:\/\/schema.org\",\"@graph\":[{\"@type\":\"WebPage\",\"@id\":\"https:\/\/www.navarrafilmindustry.com\/es\/festivales-y-mercados-con-presencia-nfi\/festival-de-malaga-mafiz-2026\/\",\"url\":\"https:\/\/www.navarrafilmindustry.com\/es\/festivales-y-mercados-con-presencia-nfi\/festival-de-malaga-mafiz-2026\/\",\"name\":\"Festival de M\u00e1laga - MAFIZ 2026 - NFI\",\"isPartOf\":{\"@id\":\"https:\/\/www.navarrafilmindustry.com\/eu\/#website\"},\"datePublished\":\"2026-02-02T08:51:38+00:00\",\"dateModified\":\"2026-03-02T14:40:49+00:00\",\"breadcrumb\":{\"@id\":\"https:\/\/www.navarrafilmindustry.com\/es\/festivales-y-mercados-con-presencia-nfi\/festival-de-malaga-mafiz-2026\/#breadcrumb\"},\"inLanguage\":\"es\",\"potentialAction\":[{\"@type\":\"ReadAction\",\"target\":[\"https:\/\/www.navarrafilmindustry.com\/es\/festivales-y-mercados-con-presencia-nfi\/festival-de-malaga-mafiz-2026\/\"]}]},{\"@type\":\"BreadcrumbList\",\"@id\":\"https:\/\/www.navarrafilmindustry.com\/es\/festivales-y-mercados-con-presencia-nfi\/festival-de-malaga-mafiz-2026\/#breadcrumb\",\"itemListElement\":[{\"@type\":\"ListItem\",\"position\":1,\"name\":\"Portada\",\"item\":\"https:\/\/www.navarrafilmindustry.com\/es\/\"},{\"@type\":\"ListItem\",\"position\":2,\"name\":\"Festivales y mercados con presencia NFI\",\"item\":\"https:\/\/www.navarrafilmindustry.com\/es\/festivales-y-mercados-con-presencia-nfi\/\"},{\"@type\":\"ListItem\",\"position\":3,\"name\":\"Festival de M\u00e1laga &#8211; MAFIZ 2026\"}]},{\"@type\":\"WebSite\",\"@id\":\"https:\/\/www.navarrafilmindustry.com\/eu\/#website\",\"url\":\"https:\/\/www.navarrafilmindustry.com\/eu\/\",\"name\":\"NFI\",\"description\":\"\",\"potentialAction\":[{\"@type\":\"SearchAction\",\"target\":{\"@type\":\"EntryPoint\",\"urlTemplate\":\"https:\/\/www.navarrafilmindustry.com\/eu\/?s={search_term_string}\"},\"query-input\":{\"@type\":\"PropertyValueSpecification\",\"valueRequired\":true,\"valueName\":\"search_term_string\"}}],\"inLanguage\":\"es\"}]}<\/script>\n<!-- \/ Yoast SEO plugin. -->","yoast_head_json":{"title":"Festival de M\u00e1laga - MAFIZ 2026 - NFI","robots":{"index":"index","follow":"follow","max-snippet":"max-snippet:-1","max-image-preview":"max-image-preview:large","max-video-preview":"max-video-preview:-1"},"canonical":"https:\/\/www.navarrafilmindustry.com\/es\/festivales-y-mercados-con-presencia-nfi\/festival-de-malaga-mafiz-2026\/","og_locale":"es_ES","og_type":"article","og_title":"Festival de M\u00e1laga - MAFIZ 2026 - NFI","og_description":"[vc_row type=\u00bbfull_width_background\u00bb full_screen_row_position=\u00bbmiddle\u00bb column_margin=\u00bbdefault\u00bb column_direction=\u00bbdefault\u00bb column_direction_tablet=\u00bbdefault\u00bb column_direction_phone=\u00bbdefault\u00bb bg_image=\u00bb48198&#8243; bg_position=\u00bbcenter center\u00bb background_image_loading=\u00bbdefault\u00bb bg_repeat=\u00bbno-repeat\u00bb scene_position=\u00bbtop\u00bb top_padding=\u00bb160&#8243; bottom_padding=\u00bb160&#8243; text_color=\u00bblight\u00bb text_align=\u00bbleft\u00bb row_border_radius=\u00bbnone\u00bb row_border_radius_applies=\u00bbbg\u00bb overflow=\u00bbvisible\u00bb color_overlay=\u00bb#000000&#8243; advanced_gradient_angle=\u00bb0&#8243; overlay_strength=\u00bb0.3&#8243; gradient_direction=\u00bbleft_to_right\u00bb shape_divider_position=\u00bbbottom\u00bb bg_image_animation=\u00bbnone\u00bb gradient_type=\u00bbdefault\u00bb shape_type=\u00bb\u00bb][vc_column column_padding=\u00bbno-extra-padding\u00bb column_padding_tablet=\u00bbinherit\u00bb column_padding_phone=\u00bbinherit\u00bb column_padding_position=\u00bball\u00bb column_element_spacing=\u00bbdefault\u00bb background_color_opacity=\u00bb1&#8243; background_hover_color_opacity=\u00bb1&#8243; column_shadow=\u00bbnone\u00bb column_border_radius=\u00bbnone\u00bb column_link_target=\u00bb_self\u00bb column_position=\u00bbdefault\u00bb gradient_direction=\u00bbleft_to_right\u00bb overlay_strength=\u00bb0.3&#8243; width=\u00bb1\/1&#8243; tablet_width_inherit=\u00bbdefault\u00bb tablet_text_alignment=\u00bbdefault\u00bb phone_text_alignment=\u00bbdefault\u00bb animation_type=\u00bbdefault\u00bb bg_image_animation=\u00bbnone\u00bb border_type=\u00bbsimple\u00bb column_border_width=\u00bbnone\u00bb column_border_style=\u00bbsolid\u00bb][vc_column_text] Festival de M\u00e1laga &#8211; MAFIZ [\/vc_column_text][\/vc_column][\/vc_row][vc_row type=\u00bbin_container\u00bb full_screen_row_position=\u00bbmiddle\u00bb column_margin=\u00bbdefault\u00bb column_direction=\u00bbdefault\u00bb column_direction_tablet=\u00bbdefault\u00bb column_direction_phone=\u00bbdefault\u00bb scene_position=\u00bbcenter\u00bb text_color=\u00bbdark\u00bb text_align=\u00bbleft\u00bb row_border_radius=\u00bbnone\u00bb row_border_radius_applies=\u00bbbg\u00bb overflow=\u00bbvisible\u00bb advanced_gradient_angle=\u00bb0&#8243; overlay_strength=\u00bb0.3&#8243; gradient_direction=\u00bbleft_to_right\u00bb shape_divider_position=\u00bbbottom\u00bb bg_image_animation=\u00bbnone\u00bb gradient_type=\u00bbdefault\u00bb shape_type=\u00bb\u00bb][vc_column column_padding=\u00bbno-extra-padding\u00bb column_padding_tablet=\u00bbinherit\u00bb column_padding_phone=\u00bbinherit\u00bb column_padding_position=\u00bball\u00bb column_element_spacing=\u00bbdefault\u00bb background_color_opacity=\u00bb1&#8243; background_hover_color_opacity=\u00bb1&#8243; column_shadow=\u00bbnone\u00bb column_border_radius=\u00bbnone\u00bb column_link_target=\u00bb_self\u00bb column_position=\u00bbdefault\u00bb gradient_direction=\u00bbleft_to_right\u00bb overlay_strength=\u00bb0.3&#8243; width=\u00bb1\/1&#8243; tablet_width_inherit=\u00bbdefault\u00bb tablet_text_alignment=\u00bbdefault\u00bb phone_text_alignment=\u00bbdefault\u00bb animation_type=\u00bbdefault\u00bb bg_image_animation=\u00bbnone\u00bb border_type=\u00bbsimple\u00bb column_border_width=\u00bbnone\u00bb column_border_style=\u00bbsolid\u00bb][vc_row_inner equal_height=\u00bbyes\u00bb column_margin=\u00bb30px\u00bb column_direction=\u00bbdefault\u00bb column_direction_tablet=\u00bbdefault\u00bb column_direction_phone=\u00bbdefault\u00bb constrain_group_1=\u00bbyes\u00bb constrain_group_2=\u00bbyes\u00bb text_align=\u00bbleft\u00bb row_position=\u00bbdefault\u00bb row_position_tablet=\u00bbinherit\u00bb row_position_phone=\u00bbinherit\u00bb overflow=\u00bbvisible\u00bb pointer_events=\u00bball\u00bb][vc_column_inner column_padding=\u00bbpadding-4-percent\u00bb column_padding_tablet=\u00bbinherit\u00bb column_padding_phone=\u00bbinherit\u00bb column_padding_position=\u00bball\u00bb column_element_spacing=\u00bbdefault\u00bb background_color_opacity=\u00bb1&#8243; background_hover_color_opacity=\u00bb1&#8243; column_shadow=\u00bbnone\u00bb column_border_radius=\u00bbnone\u00bb column_link_target=\u00bb_self\u00bb advanced_gradient_angle=\u00bb0&#8243; gradient_direction=\u00bbleft_to_right\u00bb overlay_strength=\u00bb0.3&#8243; width=\u00bb1\/2&#8243; tablet_width_inherit=\u00bbdefault\u00bb animation_type=\u00bbdefault\u00bb bg_image_animation=\u00bbnone\u00bb border_type=\u00bbsimple\u00bb column_border_width=\u00bbnone\u00bb column_border_style=\u00bbsolid\u00bb gradient_type=\u00bbdefault\u00bb][vc_column_text]Navarra Film Industry estar\u00e1 presente en MAFIZ, el \u00e1rea de industria del Festival de M\u00e1laga, donde contar\u00e1 con un stand propio dentro del Industry Hub. La delegaci\u00f3n de NFI, encabezada por la Navarra Film Commission, estar\u00e1 formada por una destacada representaci\u00f3n del sector audiovisual navarro, en el que participar\u00e1n las siguientes empresas: Avrigo Studios, Argizubi, Boomer Films, Elcon Films, El Rayo Verde, En Buen Sitio, Labrit Multimedia, La Cachipera Films, La Noche Americana, Midnight Fear Factory, Nueve Cartas, San Film\u00edn, Visual Comunicaci\u00f3n y Wonkos, adem\u00e1s de otros profesionales y representantes de la industria audiovisual de Navarra. &#8216;Black Water&#8217; y &#8216;El Relevo&#8217;, seleccionadas para participar en el Festival de M\u00e1laga [\/vc_column_text][nectar_btn size=\u00bbsmall\u00bb button_style=\u00bbregular\u00bb button_color_2=\u00bbAccent-Color\u00bb icon_family=\u00bbnone\u00bb text=\u00bbVer cat\u00e1logo de producciones 2026&#8243; url=\u00bbhttps:\/\/www.navarrafilmindustry.com\/wp-content\/uploads\/2026\/03\/DIGITAL_Dossier-films-2026_m.pdf\u00bb][\/vc_column_inner][vc_column_inner column_padding=\u00bbpadding-4-percent\u00bb column_padding_tablet=\u00bbinherit\u00bb column_padding_phone=\u00bbinherit\u00bb column_padding_position=\u00bball\u00bb column_element_spacing=\u00bbdefault\u00bb background_color_opacity=\u00bb1&#8243; background_hover_color_opacity=\u00bb1&#8243; column_shadow=\u00bbnone\u00bb column_border_radius=\u00bbnone\u00bb column_link_target=\u00bb_self\u00bb advanced_gradient_angle=\u00bb0&#8243; gradient_direction=\u00bbleft_to_right\u00bb overlay_strength=\u00bb0.3&#8243; width=\u00bb1\/2&#8243; tablet_width_inherit=\u00bbdefault\u00bb animation_type=\u00bbdefault\u00bb bg_image_animation=\u00bbnone\u00bb border_type=\u00bbsimple\u00bb column_border_width=\u00bbnone\u00bb column_border_style=\u00bbsolid\u00bb gradient_type=\u00bbdefault\u00bb][image_with_animation image_url=\u00bb48193&#8243; image_size=\u00bbfull\u00bb animation_type=\u00bbentrance\u00bb animation=\u00bbFade In\u00bb hover_animation=\u00bbnone\u00bb alignment=\u00bb\u00bb border_radius=\u00bbnone\u00bb box_shadow=\u00bbnone\u00bb image_loading=\u00bbdefault\u00bb max_width=\u00bb100%\u00bb max_width_mobile=\u00bbdefault\u00bb][\/vc_column_inner][\/vc_row_inner][\/vc_column][\/vc_row][vc_row type=\u00bbin_container\u00bb full_screen_row_position=\u00bbmiddle\u00bb column_margin=\u00bbdefault\u00bb column_direction=\u00bbdefault\u00bb column_direction_tablet=\u00bbdefault\u00bb column_direction_phone=\u00bbdefault\u00bb scene_position=\u00bbcenter\u00bb text_color=\u00bbdark\u00bb text_align=\u00bbleft\u00bb row_border_radius=\u00bbnone\u00bb row_border_radius_applies=\u00bbbg\u00bb overflow=\u00bbvisible\u00bb advanced_gradient_angle=\u00bb0&#8243; overlay_strength=\u00bb0.3&#8243; gradient_direction=\u00bbleft_to_right\u00bb shape_divider_position=\u00bbbottom\u00bb bg_image_animation=\u00bbnone\u00bb...","og_url":"https:\/\/www.navarrafilmindustry.com\/es\/festivales-y-mercados-con-presencia-nfi\/festival-de-malaga-mafiz-2026\/","og_site_name":"NFI","article_modified_time":"2026-03-02T14:40:49+00:00","twitter_card":"summary_large_image","twitter_misc":{"Tiempo de lectura":"3 minutos"},"schema":{"@context":"https:\/\/schema.org","@graph":[{"@type":"WebPage","@id":"https:\/\/www.navarrafilmindustry.com\/es\/festivales-y-mercados-con-presencia-nfi\/festival-de-malaga-mafiz-2026\/","url":"https:\/\/www.navarrafilmindustry.com\/es\/festivales-y-mercados-con-presencia-nfi\/festival-de-malaga-mafiz-2026\/","name":"Festival de M\u00e1laga - MAFIZ 2026 - NFI","isPartOf":{"@id":"https:\/\/www.navarrafilmindustry.com\/eu\/#website"},"datePublished":"2026-02-02T08:51:38+00:00","dateModified":"2026-03-02T14:40:49+00:00","breadcrumb":{"@id":"https:\/\/www.navarrafilmindustry.com\/es\/festivales-y-mercados-con-presencia-nfi\/festival-de-malaga-mafiz-2026\/#breadcrumb"},"inLanguage":"es","potentialAction":[{"@type":"ReadAction","target":["https:\/\/www.navarrafilmindustry.com\/es\/festivales-y-mercados-con-presencia-nfi\/festival-de-malaga-mafiz-2026\/"]}]},{"@type":"BreadcrumbList","@id":"https:\/\/www.navarrafilmindustry.com\/es\/festivales-y-mercados-con-presencia-nfi\/festival-de-malaga-mafiz-2026\/#breadcrumb","itemListElement":[{"@type":"ListItem","position":1,"name":"Portada","item":"https:\/\/www.navarrafilmindustry.com\/es\/"},{"@type":"ListItem","position":2,"name":"Festivales y mercados con presencia NFI","item":"https:\/\/www.navarrafilmindustry.com\/es\/festivales-y-mercados-con-presencia-nfi\/"},{"@type":"ListItem","position":3,"name":"Festival de M\u00e1laga &#8211; MAFIZ 2026"}]},{"@type":"WebSite","@id":"https:\/\/www.navarrafilmindustry.com\/eu\/#website","url":"https:\/\/www.navarrafilmindustry.com\/eu\/","name":"NFI","description":"","potentialAction":[{"@type":"SearchAction","target":{"@type":"EntryPoint","urlTemplate":"https:\/\/www.navarrafilmindustry.com\/eu\/?s={search_term_string}"},"query-input":{"@type":"PropertyValueSpecification","valueRequired":true,"valueName":"search_term_string"}}],"inLanguage":"es"}]}},"_links":{"self":[{"href":"https:\/\/www.navarrafilmindustry.com\/es\/wp-json\/wp\/v2\/pages\/48196"}],"collection":[{"href":"https:\/\/www.navarrafilmindustry.com\/es\/wp-json\/wp\/v2\/pages"}],"about":[{"href":"https:\/\/www.navarrafilmindustry.com\/es\/wp-json\/wp\/v2\/types\/page"}],"author":[{"embeddable":true,"href":"https:\/\/www.navarrafilmindustry.com\/es\/wp-json\/wp\/v2\/users\/16"}],"replies":[{"embeddable":true,"href":"https:\/\/www.navarrafilmindustry.com\/es\/wp-json\/wp\/v2\/comments?post=48196"}],"version-history":[{"count":10,"href":"https:\/\/www.navarrafilmindustry.com\/es\/wp-json\/wp\/v2\/pages\/48196\/revisions"}],"predecessor-version":[{"id":49558,"href":"https:\/\/www.navarrafilmindustry.com\/es\/wp-json\/wp\/v2\/pages\/48196\/revisions\/49558"}],"up":[{"embeddable":true,"href":"https:\/\/www.navarrafilmindustry.com\/es\/wp-json\/wp\/v2\/pages\/12452"}],"wp:attachment":[{"href":"https:\/\/www.navarrafilmindustry.com\/es\/wp-json\/wp\/v2\/media?parent=48196"}],"curies":[{"name":"wp","href":"https:\/\/api.w.org\/{rel}","templated":true}]}}