{"id":3,"date":"2022-07-21T08:18:32","date_gmt":"2022-07-21T08:18:32","guid":{"rendered":"http:\/\/nfc.plannertest.com\/?page_id=3"},"modified":"2026-01-07T19:25:58","modified_gmt":"2026-01-07T19:25:58","slug":"politica-de-privacidad-y-aviso-legal","status":"publish","type":"page","link":"https:\/\/www.navarrafilmindustry.com\/es\/politica-de-privacidad-y-aviso-legal\/","title":{"rendered":"Pol\u00edtica de privacidad y aviso legal"},"content":{"rendered":"[vc_row type=\u00bbin_container\u00bb full_screen_row_position=\u00bbmiddle\u00bb column_margin=\u00bbdefault\u00bb column_direction=\u00bbdefault\u00bb column_direction_tablet=\u00bbdefault\u00bb column_direction_phone=\u00bbdefault\u00bb scene_position=\u00bbcenter\u00bb text_color=\u00bbdark\u00bb text_align=\u00bbleft\u00bb row_border_radius=\u00bbnone\u00bb row_border_radius_applies=\u00bbbg\u00bb overflow=\u00bbvisible\u00bb overlay_strength=\u00bb0.3&#8243; gradient_direction=\u00bbleft_to_right\u00bb shape_divider_position=\u00bbbottom\u00bb bg_image_animation=\u00bbnone\u00bb][vc_column column_padding=\u00bbno-extra-padding\u00bb column_padding_tablet=\u00bbinherit\u00bb column_padding_phone=\u00bbinherit\u00bb column_padding_position=\u00bball\u00bb column_element_spacing=\u00bbdefault\u00bb background_color_opacity=\u00bb1&#8243; background_hover_color_opacity=\u00bb1&#8243; column_shadow=\u00bbnone\u00bb column_border_radius=\u00bbnone\u00bb column_link_target=\u00bb_self\u00bb column_position=\u00bbdefault\u00bb gradient_direction=\u00bbleft_to_right\u00bb overlay_strength=\u00bb0.3&#8243; width=\u00bb1\/1&#8243; tablet_width_inherit=\u00bbdefault\u00bb tablet_text_alignment=\u00bbdefault\u00bb phone_text_alignment=\u00bbdefault\u00bb animation_type=\u00bbdefault\u00bb bg_image_animation=\u00bbnone\u00bb border_type=\u00bbsimple\u00bb column_border_width=\u00bbnone\u00bb column_border_style=\u00bbsolid\u00bb][vc_column_text]\n<h2>Pol\u00edtica de privacidad y Aviso Legal<\/h2>\n<h3>1. POL\u00cdTICA DE PRIVACIDAD.<\/h3>\n<p>Los datos personales que nos facilites en este sitio web por cualesquiera de los medios habilitados al efecto, ser\u00e1n tratados de conformidad con la presente pol\u00edtica de privacidad.<\/p>\n<h4>1.1.- IDENTIDAD DEL RESPONSABLE.<\/h4>\n<p><strong>Responsable:<\/strong> NAVARRA IMPULSA CULTURA, DEPORTE Y OCIO S.L.<br \/>\n<strong>Direcci\u00f3n postal:<\/strong> Plaza Baluarte s\/n CP 31002 &#8211; Pamplona (Navarra)<br \/>\n<strong>N.I.F.:<\/strong> B31931959<br \/>\n<strong>Tel\u00e9fono:<\/strong> 948 066 066<br \/>\n<strong>Email:<\/strong> protecciondedatos@nicdo.es<\/p>\n<h4>1.2.- TRATAMIENTOS DE DATOS.<\/h4>\n<p>A continuaci\u00f3n te informamos sobre los tratamientos de datos que recoge esta pol\u00edtica de privacidad, indic\u00e1ndote tanto la base legal del <a href=\"https:\/\/eur-lex.europa.eu\/legal-content\/ES\/TXT\/?uri=CELEX:32016R0679\" target=\"_blank\" rel=\"noopener\">Reglamento General de Protecci\u00f3n de Datos<\/a> (en adelante, RGPD) como el plazo de conservaci\u00f3n espec\u00edfico de los dato (a los que habr\u00e1 que a\u00f1adir el tiempo necesario para cumplir con las obligaciones legales y atender las posibles responsabilidades que se pudieran derivarse para el Responsable en relaci\u00f3n con el cumplimiento de la finalidad para la que los datos fueron recabados). En el caso de que se te solicite en alg\u00fan momento autorizaci\u00f3n para el tratamiento de tus datos, para una finalidad que requiera tu consentimiento, su no otorgamiento (o su eventual retirada con posterioridad) no tendr\u00e1 consecuencias para ti en ning\u00fan caso.<\/p>\n<p><u>RELATIVOS A NUESTRA RELACI\u00d3N CONTIGO<\/u><\/p>\n<p><strong>Tratamientos y finalidades<\/strong><\/p>\n<ul>\n<li><u>Solicitudes de informaci\u00f3n o consulta<\/u>: Emplearemos tus datos para atender las peticiones de informaci\u00f3n, consulta o reclamaciones que nos remitas, con la gesti\u00f3n y alcance que las mismas requieran.\n<ul>\n<li>Base legal (RGPD):\n<ul>\n<li><strong>6.1.a)<\/strong> El interesado dio su consentimiento para el tratamiento.<\/li>\n<li><strong>6.1.b)<\/strong> El tratamiento es necesario para aplicaci\u00f3n a petici\u00f3n del interesado de medidas precontractuales.<\/li>\n<\/ul>\n<\/li>\n<li>Plazo: Durante el tiempo necesario para atender y gestionar tu solicitud y\/o reclamaci\u00f3n.<\/li>\n<\/ul>\n<\/li>\n<li><u>Gesti\u00f3n de usuarios registrados (App)<\/u>: Emplearemos tus datos para tramitar tu registro, controlar y gestionar tu relaci\u00f3n como cliente, gestionar tu interactuaci\u00f3n con nosotros y tramitar tus pedidos de entradas. Asimismo, emplearemos tus datos para la gesti\u00f3n administrativa de la relaci\u00f3n lo que puede implicar la atenci\u00f3n de incidencias, consultas, devoluciones y gesti\u00f3n de cobro de pedidos.\n<ul>\n<li>Base legal (RGPD):\n<ul>\n<li><strong>6.1.b)<\/strong> Ejecuci\u00f3n de un contrato del que el interesado es parte.<\/li>\n<\/ul>\n<\/li>\n<li>Plazo: Mientras se mantenga vigente la relaci\u00f3n contractual y el responsable est\u00e9 legitimado para el tratamiento.<\/li>\n<\/ul>\n<\/li>\n<li><u>Gesti\u00f3n de compras y venta de entradas<\/u>. Emplearemos tus datos para la gesti\u00f3n administrativa de la relaci\u00f3n lo que puede implicar la atenci\u00f3n de incidencias, consultas, devoluciones y gesti\u00f3n de cobro de pedidos.\n<ul>\n<li>Base legal (RGPD):\n<ul>\n<li><strong>Art. 6.1b)<\/strong> RGPD. Ejecuci\u00f3n de un contrato del que el interesado es parte.<\/li>\n<\/ul>\n<\/li>\n<li>Plazo: Mientras se mantenga vigente la relaci\u00f3n contractual y el Responsable est\u00e9 legitimado para el tratamiento.<\/li>\n<\/ul>\n<\/li>\n<li><u>Recogida y cruce de informaci\u00f3n, an\u00e1lisis de comportamiento de compra, anonimizaci\u00f3n y elaboraci\u00f3n de estad\u00edsticas<\/u>\n<ul>\n<li>Base legal (RGPD):\n<ul>\n<li><strong>Art. 6.1f)<\/strong> RGPD. Inter\u00e9s Leg\u00edtimo sobre la base del an\u00e1lisis interno, mejora de servicios.<\/li>\n<\/ul>\n<\/li>\n<li>Plazo: Datos identificativos: mientras exista relaci\u00f3n y una vez que se anonimicen, de manera permanente.<\/li>\n<\/ul>\n<\/li>\n<li><u>Realizaci\u00f3n de encuestas voluntarias<\/u> para evaluar la experiencia del usuario en el sistema de venta, la organizaci\u00f3n de los eventos y conocer sus intereses culturales con fines de mejora.\n<ul>\n<li>Base legal (RGPD):\n<ul>\n<li><strong>Art. 6.1.f)<\/strong> RGPD. Inter\u00e9s leg\u00edtimo de NICDO. El usuario puede oponerse en cualquier momento<\/li>\n<\/ul>\n<\/li>\n<li>Plazo: 12 meses desde la celebraci\u00f3n del evento o la recogida de datos<\/li>\n<\/ul>\n<\/li>\n<li><u>Comunicaci\u00f3n al promotor:<\/u> en los casos en los que lo autorices, comunicaremos tus datos identificativos al promotor del evento.\n<ul>\n<li>Base legal (RGPD):\n<ul>\n<li><strong>Art. 6.1.a)<\/strong> RGPD. Consentimiento expreso del interesado.<\/li>\n<\/ul>\n<\/li>\n<li>Plazo: Durante el tiempo necesario para atender y gestionar tu solicitud.<\/li>\n<\/ul>\n<\/li>\n<li><u>Clasificaci\u00f3n en base al an\u00e1lisis de tus h\u00e1bitos de navegaci\u00f3n<\/u>: Trataremos los datos que generes con motivo de tu visita y\/o interacci\u00f3n en nuestros sitios web para clasificarte y presentarte contenido de tu inter\u00e9s.\n<ul>\n<li>Base legal (RGPD):\n<ul>\n<li><strong>6.1.a)<\/strong> Consentimiento expreso del interesado.<\/li>\n<\/ul>\n<\/li>\n<li>Plazo: Mientras no te opongas y el responsable est\u00e9 legitimado para el tratamiento.<\/li>\n<\/ul>\n<\/li>\n<li><u>Newsletter y Comunicaciones comerciales<\/u>: cuando nos lo solicites o consientas, emplearemos tus datos para enviarte comunicaciones comerciales sobre productos o servicios del responsable.\n<ul>\n<li>Base legal (RGPD):\n<ul>\n<li><strong>6.1.a)<\/strong> Consentimiento expreso del interesado.<\/li>\n<\/ul>\n<\/li>\n<li>Plazo: Mientras no retires tu consentimiento y te opongas al tratamiento.<\/li>\n<\/ul>\n<\/li>\n<li><u>Gestionar tu participaci\u00f3n acciones promocionales<\/u>: En el caso de que te inscribas como participante en alguna de las acciones promocionales (concursos, sorteos, eventos, etc. trataremos tus datos para gestionar tu participaci\u00f3n en los mismos, e inscribirte como participante, quedando tu participaci\u00f3n sujeta a las bases legales de la acci\u00f3n concreta.\n<ul>\n<li>Base legal (RGPD):\n<ul>\n<li><strong>6.1.b)<\/strong> Ejecuci\u00f3n de un contrato del que el interesado es parte (Bases legales\/condiciones generales).<\/li>\n<\/ul>\n<\/li>\n<li>Plazo: Mientras se mantenga vigente la relaci\u00f3n contractual y el responsable est\u00e9 legitimado para el tratamiento.<\/li>\n<\/ul>\n<\/li>\n<li><u>Videovigilancia<\/u>: Seguridad de las personas, bienes e instalaciones\n<ul>\n<li>Base legal (RGPD):\n<ul>\n<li><strong>6.1.e)<\/strong> Cumplimiento de una misi\u00f3n de inter\u00e9s p\u00fablico.<\/li>\n<\/ul>\n<\/li>\n<li>Plazo: 1 mes m\u00e1ximo.<\/li>\n<\/ul>\n<\/li>\n<\/ul>\n<p><u>ASOCIADOS AL CUMPLIMIENTO NORMATIVO<\/u><\/p>\n<p><strong>Tratamientos<\/strong><\/p>\n<ul>\n<li><u>Atenci\u00f3n del ejercicio de los derechos de los interesados<\/u>: En el caso de que, como interesado, ejercites alguno de los derechos que te asisten en relaci\u00f3n con tus datos personales, emplearemos los datos que nos facilites para evaluar tu solicitud y atender la misma.\n<ul>\n<li>Base legal (RGPD):\n<ul>\n<li><strong>6.1.c)<\/strong> Cumplimiento de una obligaci\u00f3n legal aplicable al Responsable basada en los art\u00edculos 15 a 22 del <a href=\"https:\/\/eur-lex.europa.eu\/legal-content\/ES\/TXT\/?uri=CELEX%3A02016R0679-20160504\" target=\"_blank\" rel=\"noopener\">RGPD<\/a> y 12 a 18 de la <a href=\"https:\/\/www.boe.es\/boe\/dias\/2018\/12\/06\/pdfs\/BOE-A-2018-16673.pdf\" target=\"_blank\" rel=\"noopener\">Ley Org\u00e1nica 3\/2018<\/a>.<\/li>\n<\/ul>\n<\/li>\n<li>Plazo: Mientras resulte necesario para atender el ejercicio de derechos comunicado al responsable.<\/li>\n<\/ul>\n<\/li>\n<li><u>Cumplimiento de las obligaciones legales vinculadas a los productos y\/o servicios ofrecidos a los interesados<\/u>. Emplearemos tus datos para dar cumplimiento a las exigencias legales aplicables a la relaci\u00f3n que nos une contigo.\n<ul>\n<li>Base legal (RGPD):\n<ul>\n<li><strong>6.1.c)<\/strong> Cumplimiento de una obligaci\u00f3n legal aplicable al responsable.<\/li>\n<\/ul>\n<\/li>\n<li>Plazo: Mientras resulte necesario para dar cumplimiento a las obligaciones legales del responsable.<\/li>\n<\/ul>\n<\/li>\n<li><u>Sistemas de informaci\u00f3n (canales de denuncia)<\/u>. Gestionar el procedimiento al que se refiere la <a href=\"https:\/\/www.boe.es\/eli\/es\/l\/2023\/02\/20\/2\/con\" target=\"_blank\" rel=\"noopener\">Ley 2\/2023, de 20 de febrero, reguladora de la protecci\u00f3n de las personas que informen sobre infracciones normativas y de lucha contra la corrupci\u00f3n<\/a> as\u00ed como del libro-registro de las informaciones recibidas y de las investigaciones internas a que hayan dado lugar.\n<ul>\n<li>Base legal (RGPD):\n<ul>\n<li><strong>6.1.c)<\/strong> Obligaci\u00f3n legal (Ley 2\/2023, de 20 de febrero, reguladora de la protecci\u00f3n de las personas que informen sobre infracciones normativas y de lucha contra la corrupci\u00f3n).<\/li>\n<\/ul>\n<\/li>\n<li>Plazo: Se conservar\u00e1n durante el tiempo necesario para cumplir con la finalidad para la que se recabaron y para determinar las posibles responsabilidades que se pudieran derivar de dicha finalidad y del tratamiento de los datos.<\/li>\n<\/ul>\n<\/li>\n<\/ul>\n<p><u>COOKIES<\/u><\/p>\n<p>En el caso de que al iniciar la visita a esta p\u00e1gina web hayas aceptado recibir cookies, se te aplicar\u00e1 la pol\u00edtica de cookies del sitio web, accesible a trav\u00e9s del siguiente <a href=\"https:\/\/www.navarrafilmindustry.com\/es\/cookies\/\" target=\"_blank\" rel=\"noopener\">enlace<\/a>.<\/p>\n<h4>1.3.- TIPO DE DATOS QUE PODEMOS RECOGER SOBRE TI.<\/h4>\n<p>A trav\u00e9s de las distintas v\u00edas de contacto, habilitados en nuestro sitio web, se recoger\u00e1n datos identificativos y de contacto, tales como nombre, apellidos, correo electr\u00f3nico, tel\u00e9fono, etc. En el caso de los formularios en el caso de que no resulte necesario facilitar todos los datos solicitados, se identificar\u00e1n con un asterisco aquellos campos que sea obligatorio cumplimentar, siendo el resto, absolutamente voluntarios. Finalmente, en funci\u00f3n de tus preferencias con las cookies, la configuraci\u00f3n de tu dispositivo al acceder a la p\u00e1gina o a las comunicaciones que te remitamos, podr\u00edamos registrar tu navegaci\u00f3n en nuestra p\u00e1gina web obteniendo informaci\u00f3n sobre tu comportamiento e intereses y podr\u00edamos asimismo conocer la apertura de las comunicaciones comerciales.<\/p>\n<h4>1.4.- DESTINATARIOS. TRANSFERENCIAS INTERNACIONALES DE DATOS.<\/h4>\n<p>A continuaci\u00f3n, recogemos las situaciones para las que puede resultar necesario comunicar tus datos a terceros:<\/p>\n<ul>\n<li><strong>Env\u00edo de comunicaciones y boletines, medici\u00f3n de su actividad, formularios y encuestas.<\/strong> En este caso, se comunicar\u00e1n tus datos a la empresa titular de la soluci\u00f3n tecnol\u00f3gica empleada con dicha finalidad, para que cumpla con las funciones de env\u00edo y medici\u00f3n que le han sido encomendadas. En el caso de la newsletter dicho servicio es prestado en la actualidad por Nazaries Information Technologies, S.L. (que implica una transferencia internacional de datos a USA) y por SENDIBLUE (<a href=\"https:\/\/www.brevo.com\/es\/\" target=\"_blank\" rel=\"noopener\">Brevo<\/a>).<\/li>\n<li><strong>Hosting de la p\u00e1gina web.<\/strong> Los datos alojados en nuestro sitio web ser\u00e1n comunicados a la empresa que nos presta el servicio de alojamiento web.<\/li>\n<li><strong>Proveedor del servicio del sistema de venta de entradas (<a href=\"https:\/\/www.secutix.com\/es\" target=\"_blank\" rel=\"noopener\">Secutix<\/a> &#8211; SECUTIX IBERIA S.L.U.),<\/strong> que implica en parte del tratamiento una transferencia internacional de datos a Suiza, cubierta por la <a href=\"https:\/\/eur-lex.europa.eu\/legal-content\/ES\/TXT\/PDF\/?uri=CELEX:32000D0518&amp;from=ES\" target=\"_blank\" rel=\"noopener\">decisi\u00f3n de la comisi\u00f3n de 23 de julio de 2000<\/a>.<\/li>\n<li><strong>Servicio de CRM<\/strong> proporcionado por <a href=\"https:\/\/arenametrix.com\/es\/\" target=\"_blank\" rel=\"noopener\">ArenaMetrix<\/a>.<\/li>\n<li><strong>Grupo CPEN:<\/strong> NAVARRA IMPULSA CULTURA, DEPORTE Y OCIO S.L. forma parte de la CORPORACI\u00d3N P\u00daBLICA EMPRESARIAL DE NAVARRA, constituida por <a href=\"http:\/\/www.lexnavarra.navarra.es\/detalle.asp?r=29845\" target=\"_blank\" rel=\"noopener\">Ley 8\/2009, de 18 de junio<\/a>, Corporaci\u00f3n P\u00fablica Empresarial de Navarra, S.L. (CPEN) el pasado 4 de noviembre de 2009 con la misi\u00f3n de ser el instrumento unitario de ordenaci\u00f3n y racionalizaci\u00f3n de una parte sustancial del patrimonio de Comunidad Foral de Navarra. En cumplimiento del marco legal aplicable, pueden darse comunicaciones de datos en el seno del grupo, tanto a CPEN como a otras organizaciones del grupo. Puede acceder al listado de sociedades que conforman dicho grupo <a href=\"https:\/\/www.sociedadespublicasdenavarra.es\/es\/sociedades-publicas\" target=\"_blank\" rel=\"noopener\">aqu\u00ed<\/a>.<\/li>\n<li><strong>Servicio de anal\u00edtica web denominado \u201cGoogle Analytics\u201d<\/strong> proporcionado por Google (Google Ireland Limited): seg\u00fan los <a href=\"https:\/\/marketingplatform.google.com\/about\/analytics\/terms\/es\/\" target=\"_blank\" rel=\"noopener\">t\u00e9rminos y condiciones del proveedor<\/a>, implica transferencias internacionales de datos fuera del espacio econ\u00f3mico de la UE, y <a href=\"https:\/\/support.google.com\/analytics\/answer\/6004245#zippy=%2Cnuestra-pol%C3%ADtica-de-privacidad%2Cgoogle-analytics-y-su-cumplimiento-del-reglamento-general-de-protecci%C3%B3n-de-datos-rgpd%2Ctransferencias-internacionales\" target=\"_blank\" rel=\"noopener\">seg\u00fan declaraci\u00f3n del proveedor<\/a>, cumplen con el marco legal aplicable por medio de las Cl\u00e1usulas Contractuales Tipo establecidas por la Comisi\u00f3n Europea.<\/li>\n<li><strong>Microsoft 0365 y Teams \u2013 Servicios de correo, alojamiento de datos y videoconferencia.<\/strong>Estos servicios sobre prestados por <a href=\"https:\/\/www.microsoft.com\/es-es\/\" target=\"_blank\" rel=\"noopener\">Microsoft<\/a> por lo que hay suscrito un <a href=\"https:\/\/www.microsoft.com\/licensing\/docs\/view\/Microsoft-Products-and-Services-Data-Protection-Addendum-DPA?lang=31\" target=\"_blank\" rel=\"noopener\">contrato de encargo de tratamiento<\/a>. Microsoft est\u00e1 adherida al instrumento <a href=\"https:\/\/www.dataprivacyframework.gov\/s\/participant-search\/participant-detail?id=a2zt0000000KzNaAAK&amp;status=Active\" target=\"_blank\" rel=\"noopener\">\u201cEU-U.S. Data Privacy Framework (EU-U.S. DPF)\u201d<\/a> que permite las transferencias internacionales de datos.<\/li>\n<\/ul>\n<p>Fuera de lo indicado en los p\u00e1rrafos anteriores, salvo obligaci\u00f3n legal, tus datos no ser\u00e1n comunicados ni transferidos a ning\u00fan tercero sin contar previamente con tu consentimiento expreso. En todo caso, algunas comunicaciones y\/o transferencias de datos a terceros pueden venir impuestas por determinada normativa o para atender las obligaciones con las Administraciones P\u00fablicas, Ministerio Fiscal, Jueces y Tribunales y Fuerzas y Cuerpos de Seguridad del Estado.<\/p>\n<h4>1.5.- DERECHOS.<\/h4>\n<p>Respecto a los datos de car\u00e1cter personal recogidos para su tratamiento tienes la posibilidad de ejercitar los derechos de acceso, rectificaci\u00f3n, supresi\u00f3n y portabilidad. Asimismo, en determinadas circunstancias, tendr\u00e1s derecho a solicitar la limitaci\u00f3n u oposici\u00f3n del tratamiento de tus datos, en cuyo caso el responsable cesar\u00e1 en su tratamiento y \u00fanicamente conservar\u00e1 los mismos en el caso de que exista alguna obligaci\u00f3n normativa que as\u00ed se lo imponga o hasta la prescripci\u00f3n de las acciones que pudieran concurrir. Para cualquier consulta o ejercicio de tus derechos puedes dirigirte a nosotros a trav\u00e9s de cualquiera de las v\u00edas de contacto indicadas en el encabezamiento de la presente pol\u00edtica de protecci\u00f3n de datos de acuerdo con lo dispuesto en la normativa de aplicaci\u00f3n.<\/p>\n<p>Finalmente, tambi\u00e9n podr\u00e1s dirigirte ante la autoridad de control cuando lo consideres oportuno para interponer una reclamaci\u00f3n (por ejemplo, en el pa\u00eds donde tengas tu residencia habitual, tu lugar de trabajo o en el que consideres que se ha producido la supuesta infracci\u00f3n). A los efectos oportunos, te informamos que en Espa\u00f1a la Autoridad de Control es la <a href=\"http:\/\/www.aepd.es\/\" target=\"_blank\" rel=\"noopener\">Agencia Espa\u00f1ola de Protecci\u00f3n de Datos<\/a>, y puedes ejercitar tus derechos a trav\u00e9s de los formularios que \u00e9sta entidad tiene habilitados al efecto y que est\u00e1n disponibles en su <a href=\"https:\/\/sedeagpd.gob.es\/sede-electronica-web\/vistas\/infoSede\/inicioCiudadano.jsf\" target=\"_blank\" rel=\"noopener\">sede electr\u00f3nica<\/a>. Si quieres m\u00e1s informaci\u00f3n sobre los mencionados derechos te invitamos a que sigas leyendo o que visites la <a href=\"https:\/\/www.aepd.es\/es\/documento\/cuales-son-tus-derechos-de-proteccion-de-datos.pdf\" target=\"_blank\" rel=\"noopener\">infograf\u00eda elaborada por la Agencia Espa\u00f1ola de Protecci\u00f3n de Datos<\/a>.<\/p>\n<h3>2. AVISO LEGAL.<\/h3>\n<h4>2.1. DATOS IDENTIFICATIVOS DEL TITULAR.<\/h4>\n<p>De conformidad con lo dispuesto en el art\u00edculo 10 de la Ley 34\/2002, de 11 de julio, de servicios de la sociedad de la informaci\u00f3n y de comercio electr\u00f3nico, te informamos de que el titular del presente sitio web es la compa\u00f1\u00eda mercantil NAVARRA IMPULSA CULTURA, DEPORTE Y OCIO S.L., sita en Plaza Baluarte s\/n CP 31002 &#8211; Pamplona (Navarra), y con N.I.F. n\u00famero B31931959 e inscrita en el Registro Mercantil de Navarra, Tomo 1.356, Folio 212, Hoja NA-26.983.<\/p>\n<h4>2.2. CONTACTO.<\/h4>\n<p>Para cualquier cuesti\u00f3n puedes ponerte en contacto con NAVARRA IMPULSA CULTURA, DEPORTE Y OCIO S.L. a trav\u00e9s del n\u00famero de tel\u00e9fono 948 066 066 o bien dirigiendo tu solicitud a la direcci\u00f3n de correo electr\u00f3nico protecciondedatos@nicdo.es<\/p>\n<p><strong>Versi\u00f3n \u2013 Actualizada a 10 de noviembre del 2025.<\/strong>[\/vc_column_text][divider line_type=\u00bbFull Width Line\u00bb line_thickness=\u00bb1&#8243; divider_color=\u00bbdefault\u00bb][\/vc_column][\/vc_row]\n","protected":false},"excerpt":{"rendered":"<p>[vc_row type=\u00bbin_container\u00bb full_screen_row_position=\u00bbmiddle\u00bb column_margin=\u00bbdefault\u00bb column_direction=\u00bbdefault\u00bb column_direction_tablet=\u00bbdefault\u00bb column_direction_phone=\u00bbdefault\u00bb scene_position=\u00bbcenter\u00bb text_color=\u00bbdark\u00bb text_align=\u00bbleft\u00bb row_border_radius=\u00bbnone\u00bb row_border_radius_applies=\u00bbbg\u00bb overflow=\u00bbvisible\u00bb overlay_strength=\u00bb0.3&#8243; gradient_direction=\u00bbleft_to_right\u00bb shape_divider_position=\u00bbbottom\u00bb bg_image_animation=\u00bbnone\u00bb][vc_column column_padding=\u00bbno-extra-padding\u00bb column_padding_tablet=\u00bbinherit\u00bb column_padding_phone=\u00bbinherit\u00bb column_padding_position=\u00bball\u00bb column_element_spacing=\u00bbdefault\u00bb background_color_opacity=\u00bb1&#8243; background_hover_color_opacity=\u00bb1&#8243; column_shadow=\u00bbnone\u00bb column_border_radius=\u00bbnone\u00bb column_link_target=\u00bb_self\u00bb column_position=\u00bbdefault\u00bb gradient_direction=\u00bbleft_to_right\u00bb overlay_strength=\u00bb0.3&#8243; width=\u00bb1\/1&#8243; tablet_width_inherit=\u00bbdefault\u00bb tablet_text_alignment=\u00bbdefault\u00bb phone_text_alignment=\u00bbdefault\u00bb animation_type=\u00bbdefault\u00bb bg_image_animation=\u00bbnone\u00bb border_type=\u00bbsimple\u00bb column_border_width=\u00bbnone\u00bb column_border_style=\u00bbsolid\u00bb][vc_column_text] Pol\u00edtica de privacidad y Aviso Legal 1. POL\u00cdTICA DE PRIVACIDAD. Los datos personales que nos facilites en este sitio web por cualesquiera de los medios habilitados al efecto, ser\u00e1n tratados de conformidad con la presente pol\u00edtica de privacidad. 1.1.- IDENTIDAD DEL RESPONSABLE. Responsable: NAVARRA IMPULSA CULTURA, DEPORTE Y OCIO S.L. Direcci\u00f3n postal: Plaza Baluarte s\/n CP 31002 &#8211; Pamplona (Navarra) N.I.F.: B31931959 Tel\u00e9fono: 948 066 066 Email: protecciondedatos@nicdo.es 1.2.- TRATAMIENTOS DE DATOS. A continuaci\u00f3n te informamos sobre los tratamientos de datos que recoge esta pol\u00edtica de privacidad, indic\u00e1ndote tanto la base legal del Reglamento General de Protecci\u00f3n de Datos (en adelante, RGPD) como el plazo de conservaci\u00f3n espec\u00edfico de los dato (a los que habr\u00e1 que a\u00f1adir el tiempo necesario para cumplir con las obligaciones legales y atender las posibles responsabilidades que se pudieran derivarse para el Responsable en relaci\u00f3n con el cumplimiento de la finalidad para la que los datos fueron recabados). En el caso de que se te solicite en alg\u00fan momento autorizaci\u00f3n para el tratamiento de tus datos, para una finalidad que requiera tu consentimiento, su no otorgamiento (o su eventual retirada con posterioridad) no tendr\u00e1 consecuencias para ti en ning\u00fan caso. RELATIVOS A NUESTRA RELACI\u00d3N CONTIGO Tratamientos y finalidades Solicitudes de informaci\u00f3n o consulta: Emplearemos tus datos para atender las peticiones de informaci\u00f3n, consulta o reclamaciones que nos remitas, con la gesti\u00f3n y alcance que las mismas requieran. Base legal (RGPD): 6.1.a) El interesado dio su consentimiento para el tratamiento. 6.1.b) El tratamiento es necesario para aplicaci\u00f3n a petici\u00f3n del interesado de medidas precontractuales. Plazo: Durante el&#8230;<\/p>\n","protected":false},"author":1,"featured_media":0,"parent":0,"menu_order":0,"comment_status":"closed","ping_status":"closed","template":"","meta":{"_acf_changed":false,"footnotes":""},"class_list":["post-3","page","type-page","status-publish"],"acf":[],"yoast_head":"<!-- This site is optimized with the Yoast SEO plugin v23.7 - https:\/\/yoast.com\/wordpress\/plugins\/seo\/ -->\n<title>Pol\u00edtica de privacidad y aviso legal - NFI<\/title>\n<meta name=\"robots\" content=\"index, follow, max-snippet:-1, max-image-preview:large, max-video-preview:-1\" \/>\n<link rel=\"canonical\" href=\"https:\/\/www.navarrafilmindustry.com\/es\/politica-de-privacidad-y-aviso-legal\/\" \/>\n<meta property=\"og:locale\" content=\"es_ES\" \/>\n<meta property=\"og:type\" content=\"article\" \/>\n<meta property=\"og:title\" content=\"Pol\u00edtica de privacidad y aviso legal - NFI\" \/>\n<meta property=\"og:description\" content=\"[vc_row type=\u00bbin_container\u00bb full_screen_row_position=\u00bbmiddle\u00bb column_margin=\u00bbdefault\u00bb column_direction=\u00bbdefault\u00bb column_direction_tablet=\u00bbdefault\u00bb column_direction_phone=\u00bbdefault\u00bb scene_position=\u00bbcenter\u00bb text_color=\u00bbdark\u00bb text_align=\u00bbleft\u00bb row_border_radius=\u00bbnone\u00bb row_border_radius_applies=\u00bbbg\u00bb overflow=\u00bbvisible\u00bb overlay_strength=\u00bb0.3&#8243; gradient_direction=\u00bbleft_to_right\u00bb shape_divider_position=\u00bbbottom\u00bb bg_image_animation=\u00bbnone\u00bb][vc_column column_padding=\u00bbno-extra-padding\u00bb column_padding_tablet=\u00bbinherit\u00bb column_padding_phone=\u00bbinherit\u00bb column_padding_position=\u00bball\u00bb column_element_spacing=\u00bbdefault\u00bb background_color_opacity=\u00bb1&#8243; background_hover_color_opacity=\u00bb1&#8243; column_shadow=\u00bbnone\u00bb column_border_radius=\u00bbnone\u00bb column_link_target=\u00bb_self\u00bb column_position=\u00bbdefault\u00bb gradient_direction=\u00bbleft_to_right\u00bb overlay_strength=\u00bb0.3&#8243; width=\u00bb1\/1&#8243; tablet_width_inherit=\u00bbdefault\u00bb tablet_text_alignment=\u00bbdefault\u00bb phone_text_alignment=\u00bbdefault\u00bb animation_type=\u00bbdefault\u00bb bg_image_animation=\u00bbnone\u00bb border_type=\u00bbsimple\u00bb column_border_width=\u00bbnone\u00bb column_border_style=\u00bbsolid\u00bb][vc_column_text] Pol\u00edtica de privacidad y Aviso Legal 1. POL\u00cdTICA DE PRIVACIDAD. Los datos personales que nos facilites en este sitio web por cualesquiera de los medios habilitados al efecto, ser\u00e1n tratados de conformidad con la presente pol\u00edtica de privacidad. 1.1.- IDENTIDAD DEL RESPONSABLE. Responsable: NAVARRA IMPULSA CULTURA, DEPORTE Y OCIO S.L. Direcci\u00f3n postal: Plaza Baluarte s\/n CP 31002 &#8211; Pamplona (Navarra) N.I.F.: B31931959 Tel\u00e9fono: 948 066 066 Email: protecciondedatos@nicdo.es 1.2.- TRATAMIENTOS DE DATOS. A continuaci\u00f3n te informamos sobre los tratamientos de datos que recoge esta pol\u00edtica de privacidad, indic\u00e1ndote tanto la base legal del Reglamento General de Protecci\u00f3n de Datos (en adelante, RGPD) como el plazo de conservaci\u00f3n espec\u00edfico de los dato (a los que habr\u00e1 que a\u00f1adir el tiempo necesario para cumplir con las obligaciones legales y atender las posibles responsabilidades que se pudieran derivarse para el Responsable en relaci\u00f3n con el cumplimiento de la finalidad para la que los datos fueron recabados). En el caso de que se te solicite en alg\u00fan momento autorizaci\u00f3n para el tratamiento de tus datos, para una finalidad que requiera tu consentimiento, su no otorgamiento (o su eventual retirada con posterioridad) no tendr\u00e1 consecuencias para ti en ning\u00fan caso. RELATIVOS A NUESTRA RELACI\u00d3N CONTIGO Tratamientos y finalidades Solicitudes de informaci\u00f3n o consulta: Emplearemos tus datos para atender las peticiones de informaci\u00f3n, consulta o reclamaciones que nos remitas, con la gesti\u00f3n y alcance que las mismas requieran. Base legal (RGPD): 6.1.a) El interesado dio su consentimiento para el tratamiento. 6.1.b) El tratamiento es necesario para aplicaci\u00f3n a petici\u00f3n del interesado de medidas precontractuales. Plazo: Durante el...\" \/>\n<meta property=\"og:url\" content=\"https:\/\/www.navarrafilmindustry.com\/es\/politica-de-privacidad-y-aviso-legal\/\" \/>\n<meta property=\"og:site_name\" content=\"NFI\" \/>\n<meta property=\"article:modified_time\" content=\"2026-01-07T19:25:58+00:00\" \/>\n<meta name=\"twitter:card\" content=\"summary_large_image\" \/>\n<meta name=\"twitter:label1\" content=\"Tiempo de lectura\" \/>\n\t<meta name=\"twitter:data1\" content=\"9 minutos\" \/>\n<script type=\"application\/ld+json\" class=\"yoast-schema-graph\">{\"@context\":\"https:\/\/schema.org\",\"@graph\":[{\"@type\":\"WebPage\",\"@id\":\"https:\/\/www.navarrafilmindustry.com\/es\/politica-de-privacidad-y-aviso-legal\/\",\"url\":\"https:\/\/www.navarrafilmindustry.com\/es\/politica-de-privacidad-y-aviso-legal\/\",\"name\":\"Pol\u00edtica de privacidad y aviso legal - NFI\",\"isPartOf\":{\"@id\":\"https:\/\/www.navarrafilmindustry.com\/eu\/#website\"},\"datePublished\":\"2022-07-21T08:18:32+00:00\",\"dateModified\":\"2026-01-07T19:25:58+00:00\",\"breadcrumb\":{\"@id\":\"https:\/\/www.navarrafilmindustry.com\/es\/politica-de-privacidad-y-aviso-legal\/#breadcrumb\"},\"inLanguage\":\"es\",\"potentialAction\":[{\"@type\":\"ReadAction\",\"target\":[\"https:\/\/www.navarrafilmindustry.com\/es\/politica-de-privacidad-y-aviso-legal\/\"]}]},{\"@type\":\"BreadcrumbList\",\"@id\":\"https:\/\/www.navarrafilmindustry.com\/es\/politica-de-privacidad-y-aviso-legal\/#breadcrumb\",\"itemListElement\":[{\"@type\":\"ListItem\",\"position\":1,\"name\":\"Portada\",\"item\":\"https:\/\/www.navarrafilmindustry.com\/es\/\"},{\"@type\":\"ListItem\",\"position\":2,\"name\":\"Pol\u00edtica de privacidad y aviso legal\"}]},{\"@type\":\"WebSite\",\"@id\":\"https:\/\/www.navarrafilmindustry.com\/eu\/#website\",\"url\":\"https:\/\/www.navarrafilmindustry.com\/eu\/\",\"name\":\"NFI\",\"description\":\"\",\"potentialAction\":[{\"@type\":\"SearchAction\",\"target\":{\"@type\":\"EntryPoint\",\"urlTemplate\":\"https:\/\/www.navarrafilmindustry.com\/eu\/?s={search_term_string}\"},\"query-input\":{\"@type\":\"PropertyValueSpecification\",\"valueRequired\":true,\"valueName\":\"search_term_string\"}}],\"inLanguage\":\"es\"}]}<\/script>\n<!-- \/ Yoast SEO plugin. -->","yoast_head_json":{"title":"Pol\u00edtica de privacidad y aviso legal - NFI","robots":{"index":"index","follow":"follow","max-snippet":"max-snippet:-1","max-image-preview":"max-image-preview:large","max-video-preview":"max-video-preview:-1"},"canonical":"https:\/\/www.navarrafilmindustry.com\/es\/politica-de-privacidad-y-aviso-legal\/","og_locale":"es_ES","og_type":"article","og_title":"Pol\u00edtica de privacidad y aviso legal - NFI","og_description":"[vc_row type=\u00bbin_container\u00bb full_screen_row_position=\u00bbmiddle\u00bb column_margin=\u00bbdefault\u00bb column_direction=\u00bbdefault\u00bb column_direction_tablet=\u00bbdefault\u00bb column_direction_phone=\u00bbdefault\u00bb scene_position=\u00bbcenter\u00bb text_color=\u00bbdark\u00bb text_align=\u00bbleft\u00bb row_border_radius=\u00bbnone\u00bb row_border_radius_applies=\u00bbbg\u00bb overflow=\u00bbvisible\u00bb overlay_strength=\u00bb0.3&#8243; gradient_direction=\u00bbleft_to_right\u00bb shape_divider_position=\u00bbbottom\u00bb bg_image_animation=\u00bbnone\u00bb][vc_column column_padding=\u00bbno-extra-padding\u00bb column_padding_tablet=\u00bbinherit\u00bb column_padding_phone=\u00bbinherit\u00bb column_padding_position=\u00bball\u00bb column_element_spacing=\u00bbdefault\u00bb background_color_opacity=\u00bb1&#8243; background_hover_color_opacity=\u00bb1&#8243; column_shadow=\u00bbnone\u00bb column_border_radius=\u00bbnone\u00bb column_link_target=\u00bb_self\u00bb column_position=\u00bbdefault\u00bb gradient_direction=\u00bbleft_to_right\u00bb overlay_strength=\u00bb0.3&#8243; width=\u00bb1\/1&#8243; tablet_width_inherit=\u00bbdefault\u00bb tablet_text_alignment=\u00bbdefault\u00bb phone_text_alignment=\u00bbdefault\u00bb animation_type=\u00bbdefault\u00bb bg_image_animation=\u00bbnone\u00bb border_type=\u00bbsimple\u00bb column_border_width=\u00bbnone\u00bb column_border_style=\u00bbsolid\u00bb][vc_column_text] Pol\u00edtica de privacidad y Aviso Legal 1. POL\u00cdTICA DE PRIVACIDAD. Los datos personales que nos facilites en este sitio web por cualesquiera de los medios habilitados al efecto, ser\u00e1n tratados de conformidad con la presente pol\u00edtica de privacidad. 1.1.- IDENTIDAD DEL RESPONSABLE. Responsable: NAVARRA IMPULSA CULTURA, DEPORTE Y OCIO S.L. Direcci\u00f3n postal: Plaza Baluarte s\/n CP 31002 &#8211; Pamplona (Navarra) N.I.F.: B31931959 Tel\u00e9fono: 948 066 066 Email: protecciondedatos@nicdo.es 1.2.- TRATAMIENTOS DE DATOS. A continuaci\u00f3n te informamos sobre los tratamientos de datos que recoge esta pol\u00edtica de privacidad, indic\u00e1ndote tanto la base legal del Reglamento General de Protecci\u00f3n de Datos (en adelante, RGPD) como el plazo de conservaci\u00f3n espec\u00edfico de los dato (a los que habr\u00e1 que a\u00f1adir el tiempo necesario para cumplir con las obligaciones legales y atender las posibles responsabilidades que se pudieran derivarse para el Responsable en relaci\u00f3n con el cumplimiento de la finalidad para la que los datos fueron recabados). En el caso de que se te solicite en alg\u00fan momento autorizaci\u00f3n para el tratamiento de tus datos, para una finalidad que requiera tu consentimiento, su no otorgamiento (o su eventual retirada con posterioridad) no tendr\u00e1 consecuencias para ti en ning\u00fan caso. RELATIVOS A NUESTRA RELACI\u00d3N CONTIGO Tratamientos y finalidades Solicitudes de informaci\u00f3n o consulta: Emplearemos tus datos para atender las peticiones de informaci\u00f3n, consulta o reclamaciones que nos remitas, con la gesti\u00f3n y alcance que las mismas requieran. Base legal (RGPD): 6.1.a) El interesado dio su consentimiento para el tratamiento. 6.1.b) El tratamiento es necesario para aplicaci\u00f3n a petici\u00f3n del interesado de medidas precontractuales. Plazo: Durante el...","og_url":"https:\/\/www.navarrafilmindustry.com\/es\/politica-de-privacidad-y-aviso-legal\/","og_site_name":"NFI","article_modified_time":"2026-01-07T19:25:58+00:00","twitter_card":"summary_large_image","twitter_misc":{"Tiempo de lectura":"9 minutos"},"schema":{"@context":"https:\/\/schema.org","@graph":[{"@type":"WebPage","@id":"https:\/\/www.navarrafilmindustry.com\/es\/politica-de-privacidad-y-aviso-legal\/","url":"https:\/\/www.navarrafilmindustry.com\/es\/politica-de-privacidad-y-aviso-legal\/","name":"Pol\u00edtica de privacidad y aviso legal - NFI","isPartOf":{"@id":"https:\/\/www.navarrafilmindustry.com\/eu\/#website"},"datePublished":"2022-07-21T08:18:32+00:00","dateModified":"2026-01-07T19:25:58+00:00","breadcrumb":{"@id":"https:\/\/www.navarrafilmindustry.com\/es\/politica-de-privacidad-y-aviso-legal\/#breadcrumb"},"inLanguage":"es","potentialAction":[{"@type":"ReadAction","target":["https:\/\/www.navarrafilmindustry.com\/es\/politica-de-privacidad-y-aviso-legal\/"]}]},{"@type":"BreadcrumbList","@id":"https:\/\/www.navarrafilmindustry.com\/es\/politica-de-privacidad-y-aviso-legal\/#breadcrumb","itemListElement":[{"@type":"ListItem","position":1,"name":"Portada","item":"https:\/\/www.navarrafilmindustry.com\/es\/"},{"@type":"ListItem","position":2,"name":"Pol\u00edtica de privacidad y aviso legal"}]},{"@type":"WebSite","@id":"https:\/\/www.navarrafilmindustry.com\/eu\/#website","url":"https:\/\/www.navarrafilmindustry.com\/eu\/","name":"NFI","description":"","potentialAction":[{"@type":"SearchAction","target":{"@type":"EntryPoint","urlTemplate":"https:\/\/www.navarrafilmindustry.com\/eu\/?s={search_term_string}"},"query-input":{"@type":"PropertyValueSpecification","valueRequired":true,"valueName":"search_term_string"}}],"inLanguage":"es"}]}},"_links":{"self":[{"href":"https:\/\/www.navarrafilmindustry.com\/es\/wp-json\/wp\/v2\/pages\/3"}],"collection":[{"href":"https:\/\/www.navarrafilmindustry.com\/es\/wp-json\/wp\/v2\/pages"}],"about":[{"href":"https:\/\/www.navarrafilmindustry.com\/es\/wp-json\/wp\/v2\/types\/page"}],"author":[{"embeddable":true,"href":"https:\/\/www.navarrafilmindustry.com\/es\/wp-json\/wp\/v2\/users\/1"}],"replies":[{"embeddable":true,"href":"https:\/\/www.navarrafilmindustry.com\/es\/wp-json\/wp\/v2\/comments?post=3"}],"version-history":[{"count":7,"href":"https:\/\/www.navarrafilmindustry.com\/es\/wp-json\/wp\/v2\/pages\/3\/revisions"}],"predecessor-version":[{"id":47536,"href":"https:\/\/www.navarrafilmindustry.com\/es\/wp-json\/wp\/v2\/pages\/3\/revisions\/47536"}],"wp:attachment":[{"href":"https:\/\/www.navarrafilmindustry.com\/es\/wp-json\/wp\/v2\/media?parent=3"}],"curies":[{"name":"wp","href":"https:\/\/api.w.org\/{rel}","templated":true}]}}