{"id":12578,"date":"2022-09-15T10:35:40","date_gmt":"2022-09-15T10:35:40","guid":{"rendered":"http:\/\/nfc.plannertest.com\/?page_id=12578"},"modified":"2026-01-13T09:30:39","modified_gmt":"2026-01-13T09:30:39","slug":"incentivo-fiscal-audiovisual-en-navarra","status":"publish","type":"page","link":"https:\/\/www.navarrafilmindustry.com\/es\/ven-a-navarra\/incentivo-fiscal-audiovisual-en-navarra\/","title":{"rendered":"Incentivo fiscal  audiovisual en Navarra"},"content":{"rendered":"[vc_row type=\u00bbfull_width_background\u00bb full_screen_row_position=\u00bbmiddle\u00bb column_margin=\u00bbdefault\u00bb column_direction=\u00bbdefault\u00bb column_direction_tablet=\u00bbdefault\u00bb column_direction_phone=\u00bbdefault\u00bb bg_image=\u00bb43294&#8243; bg_position=\u00bbcenter center\u00bb background_image_loading=\u00bbdefault\u00bb bg_repeat=\u00bbno-repeat\u00bb scene_position=\u00bbtop\u00bb top_padding=\u00bb240&#8243; bottom_padding=\u00bb240&#8243; text_color=\u00bblight\u00bb text_align=\u00bbleft\u00bb row_border_radius=\u00bbnone\u00bb row_border_radius_applies=\u00bbbg\u00bb overflow=\u00bbvisible\u00bb color_overlay=\u00bb#000000&#8243; advanced_gradient_angle=\u00bb0&#8243; overlay_strength=\u00bb0.3&#8243; gradient_direction=\u00bbleft_to_right\u00bb shape_divider_position=\u00bbbottom\u00bb bg_image_animation=\u00bbnone\u00bb gradient_type=\u00bbdefault\u00bb shape_type=\u00bb\u00bb][vc_column column_padding=\u00bbno-extra-padding\u00bb column_padding_tablet=\u00bbinherit\u00bb column_padding_phone=\u00bbinherit\u00bb column_padding_position=\u00bball\u00bb column_element_spacing=\u00bbdefault\u00bb background_color_opacity=\u00bb1&#8243; background_hover_color_opacity=\u00bb1&#8243; column_shadow=\u00bbnone\u00bb column_border_radius=\u00bbnone\u00bb column_link_target=\u00bb_self\u00bb column_position=\u00bbdefault\u00bb gradient_direction=\u00bbleft_to_right\u00bb overlay_strength=\u00bb0.3&#8243; width=\u00bb1\/1&#8243; tablet_width_inherit=\u00bbdefault\u00bb tablet_text_alignment=\u00bbdefault\u00bb phone_text_alignment=\u00bbdefault\u00bb animation_type=\u00bbdefault\u00bb bg_image_animation=\u00bbnone\u00bb border_type=\u00bbsimple\u00bb column_border_width=\u00bbnone\u00bb column_border_style=\u00bbsolid\u00bb][vc_column_text]\n<h1>Incentivo fiscal<br \/>\naudiovisual en Navarra<\/h1>\n[\/vc_column_text][\/vc_column][\/vc_row][vc_row type=\u00bbfull_width_background\u00bb full_screen_row_position=\u00bbmiddle\u00bb column_margin=\u00bbdefault\u00bb column_direction=\u00bbdefault\u00bb column_direction_tablet=\u00bbdefault\u00bb column_direction_phone=\u00bbdefault\u00bb bg_color=\u00bb#f5f5f5&#8243; scene_position=\u00bbcenter\u00bb top_padding=\u00bb30px\u00bb constrain_group_1=\u00bbyes\u00bb bottom_padding=\u00bb30px\u00bb bottom_margin=\u00bb50&#8243; text_color=\u00bbdark\u00bb text_align=\u00bbleft\u00bb row_border_radius=\u00bbnone\u00bb row_border_radius_applies=\u00bbbg\u00bb overflow=\u00bbvisible\u00bb advanced_gradient_angle=\u00bb0&#8243; overlay_strength=\u00bb0.3&#8243; gradient_direction=\u00bbleft_to_right\u00bb shape_divider_position=\u00bbbottom\u00bb bg_image_animation=\u00bbnone\u00bb gradient_type=\u00bbdefault\u00bb shape_type=\u00bb\u00bb][vc_column column_padding=\u00bbpadding-3-percent\u00bb column_padding_tablet=\u00bbinherit\u00bb column_padding_phone=\u00bbinherit\u00bb column_padding_position=\u00bball\u00bb column_element_spacing=\u00bbdefault\u00bb background_color_opacity=\u00bb1&#8243; background_hover_color_opacity=\u00bb1&#8243; column_shadow=\u00bbnone\u00bb column_border_radius=\u00bbnone\u00bb column_link_target=\u00bb_self\u00bb column_position=\u00bbdefault\u00bb el_class=\u00bbtxtdcha\u00bb advanced_gradient_angle=\u00bb0&#8243; gradient_direction=\u00bbleft_to_right\u00bb overlay_strength=\u00bb0.3&#8243; width=\u00bb1\/2&#8243; tablet_width_inherit=\u00bbdefault\u00bb tablet_text_alignment=\u00bbdefault\u00bb phone_text_alignment=\u00bbdefault\u00bb animation_type=\u00bbdefault\u00bb bg_image_animation=\u00bbnone\u00bb border_type=\u00bbsimple\u00bb column_border_width=\u00bbnone\u00bb column_border_style=\u00bbsolid\u00bb gradient_type=\u00bbdefault\u00bb][vc_column_text]Deducci\u00f3n por inversiones en pel\u00edculas cinematogr\u00e1ficas y otras obras audiovisuales (Ley Foral 26\/2016 del Impuesto de Sociedades de Navarra, art\u00edculo 65)[\/vc_column_text][\/vc_column][vc_column column_padding=\u00bbpadding-3-percent\u00bb column_padding_tablet=\u00bbinherit\u00bb column_padding_phone=\u00bbinherit\u00bb column_padding_position=\u00bball\u00bb column_element_spacing=\u00bbdefault\u00bb background_color_opacity=\u00bb1&#8243; background_hover_color_opacity=\u00bb1&#8243; column_shadow=\u00bbnone\u00bb column_border_radius=\u00bbnone\u00bb column_link_target=\u00bb_self\u00bb column_position=\u00bbdefault\u00bb advanced_gradient_angle=\u00bb0&#8243; gradient_direction=\u00bbleft_to_right\u00bb overlay_strength=\u00bb0.3&#8243; width=\u00bb1\/2&#8243; tablet_width_inherit=\u00bbdefault\u00bb tablet_text_alignment=\u00bbdefault\u00bb phone_text_alignment=\u00bbdefault\u00bb animation_type=\u00bbdefault\u00bb bg_image_animation=\u00bbnone\u00bb border_type=\u00bbsimple\u00bb column_border_width=\u00bbnone\u00bb column_border_style=\u00bbsolid\u00bb gradient_type=\u00bbdefault\u00bb][vc_column_text]M\u00e1s informaci\u00f3n en: <a href=\"https:\/\/www.culturanavarra.es\/es\/informacion-general\" target=\"_blank\" rel=\"noopener\">www.culturanavarra.es\/es\/informacion-general<\/a> <a href=\"mailto:validacion.incentivo.audiovisual@navarra.es\">validacion.incentivo.audiovisual@navarra.es<\/a><br \/>\nTel: 848 43 35 05 | 848 42 47 58[\/vc_column_text][nectar_btn size=\u00bbmedium\u00bb open_new_tab=\u00bbtrue\u00bb button_style=\u00bbregular\u00bb button_color_2=\u00bbAccent-Color\u00bb icon_family=\u00bbnone\u00bb text=\u00bbGU\u00cdA INCENTIVO\u00bb url=\u00bbhttps:\/\/www.navarrafilmindustry.com\/wp-content\/uploads\/2026\/01\/Guia-incentivo-2026.pdf\u00bb][nectar_btn size=\u00bbmedium\u00bb open_new_tab=\u00bbtrue\u00bb button_style=\u00bbregular\u00bb button_color_2=\u00bbAccent-Color\u00bb icon_family=\u00bbnone\u00bb text=\u00bbPREGUNTAS INCENTIVO\u00bb url=\u00bbhttps:\/\/www.navarrafilmindustry.com\/wp-content\/uploads\/2026\/01\/Incentivo-FAQs-2026.pdf\u00bb][\/vc_column][\/vc_row][vc_row type=\u00bbfull_width_background\u00bb full_screen_row_position=\u00bbmiddle\u00bb column_margin=\u00bbdefault\u00bb column_direction=\u00bbdefault\u00bb column_direction_tablet=\u00bbdefault\u00bb column_direction_phone=\u00bbdefault\u00bb scene_position=\u00bbcenter\u00bb top_padding=\u00bb30px\u00bb constrain_group_1=\u00bbyes\u00bb bottom_padding=\u00bb30px\u00bb bottom_margin=\u00bb50&#8243; text_color=\u00bbdark\u00bb text_align=\u00bbleft\u00bb row_border_radius=\u00bbnone\u00bb row_border_radius_applies=\u00bbbg\u00bb overflow=\u00bbvisible\u00bb advanced_gradient_angle=\u00bb0&#8243; overlay_strength=\u00bb0.3&#8243; gradient_direction=\u00bbleft_to_right\u00bb shape_divider_position=\u00bbbottom\u00bb bg_image_animation=\u00bbnone\u00bb gradient_type=\u00bbdefault\u00bb shape_type=\u00bb\u00bb][vc_column column_padding=\u00bbpadding-3-percent\u00bb column_padding_tablet=\u00bbinherit\u00bb column_padding_phone=\u00bbinherit\u00bb column_padding_position=\u00bball\u00bb column_element_spacing=\u00bbdefault\u00bb background_color_opacity=\u00bb1&#8243; background_hover_color_opacity=\u00bb1&#8243; column_shadow=\u00bbnone\u00bb column_border_radius=\u00bbnone\u00bb column_link_target=\u00bb_self\u00bb column_position=\u00bbdefault\u00bb advanced_gradient_angle=\u00bb0&#8243; gradient_direction=\u00bbleft_to_right\u00bb overlay_strength=\u00bb0.3&#8243; width=\u00bb1\/3&#8243; tablet_width_inherit=\u00bbdefault\u00bb tablet_text_alignment=\u00bbdefault\u00bb phone_text_alignment=\u00bbdefault\u00bb animation_type=\u00bbdefault\u00bb bg_image_animation=\u00bbnone\u00bb border_type=\u00bbsimple\u00bb column_border_width=\u00bbnone\u00bb column_border_style=\u00bbsolid\u00bb gradient_type=\u00bbdefault\u00bb][\/vc_column][vc_column column_padding=\u00bbno-extra-padding\u00bb column_padding_tablet=\u00bbinherit\u00bb column_padding_phone=\u00bbinherit\u00bb column_padding_position=\u00bball\u00bb column_element_spacing=\u00bbdefault\u00bb background_color_opacity=\u00bb1&#8243; background_hover_color_opacity=\u00bb1&#8243; column_shadow=\u00bbnone\u00bb column_border_radius=\u00bbnone\u00bb column_link_target=\u00bb_self\u00bb column_position=\u00bbdefault\u00bb gradient_direction=\u00bbleft_to_right\u00bb overlay_strength=\u00bb0.3&#8243; width=\u00bb1\/3&#8243; tablet_width_inherit=\u00bbdefault\u00bb tablet_text_alignment=\u00bbdefault\u00bb phone_text_alignment=\u00bbdefault\u00bb animation_type=\u00bbdefault\u00bb bg_image_animation=\u00bbnone\u00bb border_type=\u00bbsimple\u00bb column_border_width=\u00bbnone\u00bb column_border_style=\u00bbsolid\u00bb][vc_custom_heading text=\u00bbDestinatarios\u00bb font_container=\u00bbtag:h2|text_align:center\u00bb use_theme_fonts=\u00bbyes\u00bb][\/vc_column][vc_column column_padding=\u00bbno-extra-padding\u00bb column_padding_tablet=\u00bbinherit\u00bb column_padding_phone=\u00bbinherit\u00bb column_padding_position=\u00bball\u00bb column_element_spacing=\u00bbdefault\u00bb background_color_opacity=\u00bb1&#8243; background_hover_color_opacity=\u00bb1&#8243; column_shadow=\u00bbnone\u00bb column_border_radius=\u00bbnone\u00bb column_link_target=\u00bb_self\u00bb column_position=\u00bbdefault\u00bb gradient_direction=\u00bbleft_to_right\u00bb overlay_strength=\u00bb0.3&#8243; width=\u00bb1\/3&#8243; tablet_width_inherit=\u00bbdefault\u00bb tablet_text_alignment=\u00bbdefault\u00bb phone_text_alignment=\u00bbdefault\u00bb animation_type=\u00bbdefault\u00bb bg_image_animation=\u00bbnone\u00bb border_type=\u00bbsimple\u00bb column_border_width=\u00bbnone\u00bb column_border_style=\u00bbsolid\u00bb][\/vc_column][\/vc_row][vc_row type=\u00bbin_container\u00bb full_screen_row_position=\u00bbmiddle\u00bb column_margin=\u00bbdefault\u00bb column_direction=\u00bbdefault\u00bb column_direction_tablet=\u00bbdefault\u00bb column_direction_phone=\u00bbdefault\u00bb scene_position=\u00bbcenter\u00bb text_color=\u00bbdark\u00bb text_align=\u00bbleft\u00bb row_border_radius=\u00bbnone\u00bb row_border_radius_applies=\u00bbbg\u00bb overflow=\u00bbvisible\u00bb advanced_gradient_angle=\u00bb0&#8243; overlay_strength=\u00bb0.3&#8243; gradient_direction=\u00bbleft_to_right\u00bb shape_divider_position=\u00bbbottom\u00bb bg_image_animation=\u00bbnone\u00bb gradient_type=\u00bbdefault\u00bb shape_type=\u00bb\u00bb][vc_column column_padding=\u00bbno-extra-padding\u00bb column_padding_tablet=\u00bbinherit\u00bb column_padding_phone=\u00bbinherit\u00bb column_padding_position=\u00bball\u00bb column_element_spacing=\u00bbdefault\u00bb background_color_opacity=\u00bb1&#8243; background_hover_color_opacity=\u00bb1&#8243; column_shadow=\u00bbnone\u00bb column_border_radius=\u00bbnone\u00bb column_link_target=\u00bb_self\u00bb column_position=\u00bbdefault\u00bb gradient_direction=\u00bbleft_to_right\u00bb overlay_strength=\u00bb0.3&#8243; width=\u00bb1\/1&#8243; tablet_width_inherit=\u00bbdefault\u00bb tablet_text_alignment=\u00bbdefault\u00bb phone_text_alignment=\u00bbdefault\u00bb animation_type=\u00bbdefault\u00bb bg_image_animation=\u00bbnone\u00bb border_type=\u00bbsimple\u00bb column_border_width=\u00bbnone\u00bb column_border_style=\u00bbsolid\u00bb][vc_row_inner equal_height=\u00bbyes\u00bb column_margin=\u00bb30px\u00bb column_direction=\u00bbdefault\u00bb column_direction_tablet=\u00bbdefault\u00bb column_direction_phone=\u00bbdefault\u00bb constrain_group_1=\u00bbyes\u00bb constrain_group_2=\u00bbyes\u00bb text_align=\u00bbcenter\u00bb row_position=\u00bbdefault\u00bb row_position_tablet=\u00bbinherit\u00bb row_position_phone=\u00bbinherit\u00bb class=\u00bbdestinatarios\u00bb overflow=\u00bbvisible\u00bb pointer_events=\u00bball\u00bb][vc_column_inner column_padding=\u00bbpadding-4-percent\u00bb column_padding_tablet=\u00bbinherit\u00bb column_padding_phone=\u00bbinherit\u00bb column_padding_position=\u00bball\u00bb column_element_spacing=\u00bbdefault\u00bb background_color=\u00bb#f5f5f5&#8243; background_color_opacity=\u00bb1&#8243; background_hover_color_opacity=\u00bb1&#8243; column_shadow=\u00bbnone\u00bb column_border_radius=\u00bbnone\u00bb column_link_target=\u00bb_self\u00bb advanced_gradient_angle=\u00bb0&#8243; gradient_direction=\u00bbleft_to_right\u00bb overlay_strength=\u00bb0.3&#8243; width=\u00bb1\/3&#8243; tablet_width_inherit=\u00bbdefault\u00bb animation_type=\u00bbdefault\u00bb bg_image_animation=\u00bbnone\u00bb border_type=\u00bbsimple\u00bb column_border_width=\u00bbnone\u00bb column_border_style=\u00bbsolid\u00bb gradient_type=\u00bbdefault\u00bb][image_with_animation image_url=\u00bb12584&#8243; image_size=\u00bbcustom\u00bb animation_type=\u00bbentrance\u00bb animation=\u00bbNone\u00bb hover_animation=\u00bbnone\u00bb alignment=\u00bbcenter\u00bb border_radius=\u00bbnone\u00bb box_shadow=\u00bbnone\u00bb image_loading=\u00bbdefault\u00bb max_width=\u00bbnone\u00bb max_width_mobile=\u00bbdefault\u00bb custom_image_size=\u00bb60px\u00bb][vc_column_text]\n<h3>Productoras o coproductoras<\/h3>\n<p>de producciones espa\u00f1olas, de pel\u00edculas cinematogr\u00e1ficas y de otras obras audiovisuales, largometrajes y cortometrajes: regulado en el <u>art\u00edculo 65.1<\/u>.[\/vc_column_text][nectar_btn size=\u00bbsmall\u00bb open_new_tab=\u00bbtrue\u00bb button_style=\u00bbregular\u00bb button_color_2=\u00bbExtra-Color-3&#8243; icon_family=\u00bbfontawesome\u00bb el_class=\u00bbboton-gris\u00bb text=\u00bbVer m\u00e1s\u00bb url=\u00bbhttps:\/\/www.puntodevistafestival.com\/\u00bb icon_fontawesome=\u00bbfa fa-angle-down\u00bb][vc_column_text el_class=\u00bbdestinatario-desplegable\u00bb]\n<h3>% DEDUCCI\u00d3N FISCAL<\/h3>\n<p><strong>Especial:<\/strong> 50% en los tres primeros millones de la base de deducci\u00f3n.<\/p>\n<p><strong>General:<\/strong> 45% de la base de deducci\u00f3n.<\/p>\n<p><strong>Deducci\u00f3n especial:<\/strong><br \/>\nProducciones animaci\u00f3n; V.O. euskera; Dirigidas por mujeres; Documentales; Direcci\u00f3n novel, Cortometrajes.<\/p>\n<h3>BASE DE DEDUCCI\u00d3N<\/h3>\n<ul>\n<li>Los costes de producci\u00f3n de la obra audiovisual hasta la consecuci\u00f3n de la copia est\u00e1ndar o m\u00e1ster digital, con ciertas especialidades y l\u00edmites.<\/li>\n<li>Los gastos de publicidad y promoci\u00f3n, con el l\u00edmite del 40% de los costes de producci\u00f3n.<\/li>\n<li>Los gastos de adaptaci\u00f3n a soporte o sistema, de realizaci\u00f3n de soportes para preservar la obra y obtenci\u00f3n de copias, necesarios y destinados a la exhibici\u00f3n en salas o explotaci\u00f3n cinematogr\u00e1fica, o, en el caso de las series, a la retransmisi\u00f3n en televisiones o en plataformas que ofrezcan contenidos en streaming.<\/li>\n<li>Los gastos del informe especial de auditor\u00eda.<\/li>\n<\/ul>\n<h3>L\u00cdMITES Y REQUISITOS<\/h3>\n<p style=\"font-weight: 400;\">Los gastos en territorio navarro deber\u00e1n alcanzar el 40% de la inversi\u00f3n. (Si el % es menor, la base de deducci\u00f3n se calcular\u00e1 dividiendo el gasto navarro entre 0,4)<\/p>\n<p style=\"font-weight: 400;\">El reconocimiento de la inversi\u00f3n es un procedimiento a cargo de la Direcci\u00f3n General de Cultura del Gobierno de Navarra.<\/p>\n<p style=\"font-weight: 400;\">Cumplir con lo establecido en el art\u00edculo 65.6. LF Impuesto de Sociedades de 26\/2016<\/p>\n<p><span style=\"font-weight: 400;\">Importe m\u00e1ximo de la deducci\u00f3n: 5 millones de euros.<\/span><\/p>\n<p>La suma de la deducci\u00f3n y el resto de ayudas no podr\u00e1 superar el 50% de los costes subvencionables.<\/p>\n<p>Este l\u00edmite se elevar\u00e1 en los siguientes casos<\/p>\n<ol>\n<li>85% para los cortometrajes y proyectos con coste de producci\u00f3n inferior a 1.000.000 euros<\/li>\n<li>80% para producciones dirigidas exclusivamente por personas con un rado de discapacidad igual o superior al 33% reconocido por el \u00f3rgano competente.<\/li>\n<li>75% para los documentales.<\/li>\n<li>80% para producciones dirigidas por una persona que no haya dirigido o codirigido m\u00e1s de dos largometrajes calificados para su explotaci\u00f3n comercial en salas de exhibici\u00f3n cinematogr\u00e1fica, cuyo coste de producci\u00f3n no supere 1.500.000 de euros.<\/li>\n<li>75% para producciones realizadas exclusivamente por directoras.<\/li>\n<li>80% para las obras de animaci\u00f3n cuyo coste de producci\u00f3n no supere 5.000.000 de euros.<\/li>\n<li>80 % para producciones rodadas \u00edntegramente en euskera.<\/li>\n<li>75% para producciones con un especial valor cultural y art\u00edstico que necesiten un apoyo excepcional de financiaci\u00f3n seg\u00fan los criterios que se establezcan mediante orden foral o en las correspondientes convocatorias de ayudas.<\/li>\n<li>60% para determinadas producciones transfronterizas.<\/li>\n<li>60% para coproducciones internacionales con pa\u00edses iberoamericanos.<\/li>\n<\/ol>\n[\/vc_column_text][\/vc_column_inner][vc_column_inner column_padding=\u00bbpadding-4-percent\u00bb column_padding_tablet=\u00bbinherit\u00bb column_padding_phone=\u00bbinherit\u00bb column_padding_position=\u00bball\u00bb column_element_spacing=\u00bbdefault\u00bb background_color=\u00bb#f5f5f5&#8243; background_color_opacity=\u00bb1&#8243; background_hover_color_opacity=\u00bb1&#8243; column_shadow=\u00bbnone\u00bb column_border_radius=\u00bbnone\u00bb column_link_target=\u00bb_self\u00bb advanced_gradient_angle=\u00bb0&#8243; gradient_direction=\u00bbleft_to_right\u00bb overlay_strength=\u00bb0.3&#8243; width=\u00bb1\/3&#8243; tablet_width_inherit=\u00bbdefault\u00bb animation_type=\u00bbdefault\u00bb bg_image_animation=\u00bbnone\u00bb border_type=\u00bbsimple\u00bb column_border_width=\u00bbnone\u00bb column_border_style=\u00bbsolid\u00bb gradient_type=\u00bbdefault\u00bb][image_with_animation image_url=\u00bb12587&#8243; image_size=\u00bbcustom\u00bb animation_type=\u00bbentrance\u00bb animation=\u00bbFade In\u00bb hover_animation=\u00bbnone\u00bb alignment=\u00bb\u00bb border_radius=\u00bbnone\u00bb box_shadow=\u00bbnone\u00bb image_loading=\u00bbdefault\u00bb max_width=\u00bb100%\u00bb max_width_mobile=\u00bbdefault\u00bb custom_image_size=\u00bb60px\u00bb][vc_column_text]\n<h3>Services<\/h3>\n<p>que se encargan de la ejecuci\u00f3n de una producci\u00f3n extranjera para producci\u00f3n de pel\u00edculas cinematogr\u00e1ficas o de obras audiovisuales, que dispongan de certificado que acredite su car\u00e1cter cultural.[\/vc_column_text][nectar_btn size=\u00bbsmall\u00bb open_new_tab=\u00bbtrue\u00bb button_style=\u00bbregular\u00bb button_color_2=\u00bbExtra-Color-3&#8243; icon_family=\u00bbfontawesome\u00bb el_class=\u00bbboton-gris\u00bb text=\u00bbVer m\u00e1s\u00bb url=\u00bbhttp:\/\/www.operaprimafestival.es\/\u00bb icon_fontawesome=\u00bbfa fa-angle-down\u00bb][vc_column_text el_class=\u00bbdestinatario-desplegable\u00bb]\n<h3>% DEDUCCI\u00d3N FISCAL<\/h3>\n<p><strong>General:<\/strong> 35%\u00a0de\u00a0los\u00a0gastos\u00a0realizados\u00a0en\u00a0territorio\u00a0navarro.<\/p>\n<h3>BASE DE DEDUCCI\u00d3N<\/h3>\n<p>Los gastos realizados en territorio navarro directamente relacionadas con la producci\u00f3n relativos a:<\/p>\n<ul>\n<li>Los gastos de persona creativo, siempre que tenga la residencia fiscal Espa\u00f1a o en alg\u00fan Estado miembro del Espacio Econ\u00f3mico Europeo, con el l\u00edmite de 50.000 euros por persona.<\/li>\n<li>Los gastos derivados de la utilizaci\u00f3n de industrias t\u00e9cnicas y otros proveedores, transportes, alojamiento y manutenci\u00f3n necesarios para la producci\u00f3n.<\/li>\n<\/ul>\n<h3>L\u00cdMITES Y REQUISITOS<\/h3>\n<p>La base de la deducci\u00f3n no podr\u00e1 superar el 80% del coste total de la producci\u00f3n.<\/p>\n<p>Importe m\u00e1ximo de la deducci\u00f3n: 5 millones de euros.<\/p>\n<p>Deducci\u00f3n no aplicable cuando el productor receptor de los servicios aplique la deducci\u00f3n establecida en art\u00edculo 65.1.<\/p>\n<p><strong>M\u00ednimo de una semana de rodaje en interiores o exteriores de Navarra.<\/strong><\/p>\n<p>La suma de la deducci\u00f3n y el resto de ayudas no podr\u00e1 superar el 50% de los costes subvencionables. Este l\u00edmite se elevar\u00e1 en los siguientes casos<\/p>\n<ol>\n<li>85% para los cortometrajes y proyectos con coste de producci\u00f3n inferior a 1.000.000 euros<\/li>\n<li>80% para producciones dirigidas exclusivamente por personas con un rado de discapacidad igual o superior al 33% reconocido por el \u00f3rgano competente.<\/li>\n<li>75% para los documentales.<\/li>\n<li>80% para producciones dirigidas por una persona que no haya dirigido o codirigido m\u00e1s de dos largometrajes calificados para su explotaci\u00f3n comercial en salas de exhibici\u00f3n cinematogr\u00e1fica, cuyo coste de producci\u00f3n no supere 1.500.000 de euros.<\/li>\n<li>75% para producciones realizadas exclusivamente por directoras.<\/li>\n<li>80% para las obras de animaci\u00f3n cuyo coste de producci\u00f3n no supere 5.000.000 de euros.<\/li>\n<li>80 % para producciones rodadas \u00edntegramente en euskera.<\/li>\n<li>75% para producciones con un especial valor cultural y art\u00edstico que necesiten un apoyo excepcional de financiaci\u00f3n seg\u00fan los criterios que se establezcan mediante orden foral o en las correspondientes convocatorias de ayudas.<\/li>\n<li>60% para determinadas producciones transfronterizas.<\/li>\n<li>60% para coproducciones internacionales con pa\u00edses iberoamericanos.<\/li>\n<\/ol>\n[\/vc_column_text][\/vc_column_inner][vc_column_inner column_padding=\u00bbpadding-4-percent\u00bb column_padding_tablet=\u00bbinherit\u00bb column_padding_phone=\u00bbinherit\u00bb column_padding_position=\u00bball\u00bb column_element_spacing=\u00bbdefault\u00bb background_color=\u00bb#f5f5f5&#8243; background_color_opacity=\u00bb1&#8243; background_hover_color_opacity=\u00bb1&#8243; column_shadow=\u00bbnone\u00bb column_border_radius=\u00bbnone\u00bb column_link_target=\u00bb_self\u00bb advanced_gradient_angle=\u00bb0&#8243; gradient_direction=\u00bbleft_to_right\u00bb overlay_strength=\u00bb0.3&#8243; width=\u00bb1\/3&#8243; tablet_width_inherit=\u00bbdefault\u00bb animation_type=\u00bbdefault\u00bb bg_image_animation=\u00bbnone\u00bb border_type=\u00bbsimple\u00bb column_border_width=\u00bbnone\u00bb column_border_style=\u00bbsolid\u00bb gradient_type=\u00bbdefault\u00bb][image_with_animation image_url=\u00bb12581&#8243; image_size=\u00bbcustom\u00bb animation_type=\u00bbentrance\u00bb animation=\u00bbFade In\u00bb hover_animation=\u00bbnone\u00bb alignment=\u00bb\u00bb border_radius=\u00bbnone\u00bb box_shadow=\u00bbnone\u00bb image_loading=\u00bbdefault\u00bb max_width=\u00bb100%\u00bb max_width_mobile=\u00bbdefault\u00bb custom_image_size=\u00bb60px\u00bb][vc_column_text]\n<h3>Contribuyentes<\/h3>\n<p>del Impuesto de Sociedades o del Impuesto sobre la Renta de no Residentes, que participen en la financiaci\u00f3n de producciones espa\u00f1olas de pel\u00edculas cinematogr\u00e1ficas y de otras obras audiovisuales de ficci\u00f3n, animaci\u00f3n o documental: regulado en el <u>art\u00edculo 65 bis<\/u>.[\/vc_column_text][nectar_btn size=\u00bbsmall\u00bb open_new_tab=\u00bbtrue\u00bb button_style=\u00bbregular\u00bb button_color_2=\u00bbExtra-Color-3&#8243; icon_family=\u00bbfontawesome\u00bb el_class=\u00bbboton-gris\u00bb text=\u00bbVer m\u00e1s\u00bb url=\u00bb#\u00bb icon_fontawesome=\u00bbfa fa-angle-down\u00bb][vc_column_text el_class=\u00bbdestinatario-desplegable\u00bb]\n<h3>% DEDUCCI\u00d3N FISCAL<\/h3>\n<p>El contribuyente que participe en la financiaci\u00f3n tendr\u00e1 derecho a acreditar la deducci\u00f3n prevista para la productora en el art\u00edculo 65.1 (con un m\u00e1ximo resultante de multiplicar por 1,20 el importe de las cantidades desembolsadas para la financiaci\u00f3n de la obra audiovisual)<\/p>\n<p>El\u00a0exceso\u00a0podr\u00e1\u00a0ser\u00a0aplicado\u00a0por\u00a0la\u00a0productora.<\/p>\n<h3>L\u00cdMITES Y REQUISITOS<\/h3>\n<ol>\n<li>No aplicable cuando el contribuyente est\u00e9 vinculado con la productora.<\/li>\n<li>Suscripci\u00f3n de un contrato de financiaci\u00f3n entre la productora y el contribuyente que participa en la financiaci\u00f3n de la producci\u00f3n, con anterioridad a la finalizaci\u00f3n del per\u00edodo impositivo en que se genere la deducci\u00f3n.<\/li>\n<li>Los contribuyentes no podr\u00e1n adquirir derechos de propiedad intelectual o de otra \u00edndole respecto de los resultados de la producci\u00f3n.<\/li>\n<li>La productora no tendr\u00e1 derecho a la aplicaci\u00f3n de las deducciones previstas en el art\u00edculo 65.1. si el importe total deducido por el financiador coincide.<\/li>\n<\/ol>\n[\/vc_column_text][\/vc_column_inner][\/vc_row_inner][\/vc_column][\/vc_row][vc_row type=\u00bbfull_width_background\u00bb full_screen_row_position=\u00bbmiddle\u00bb column_margin=\u00bbdefault\u00bb column_direction=\u00bbdefault\u00bb column_direction_tablet=\u00bbdefault\u00bb column_direction_phone=\u00bbdefault\u00bb scene_position=\u00bbcenter\u00bb top_padding=\u00bb30px\u00bb constrain_group_1=\u00bbyes\u00bb bottom_padding=\u00bb30px\u00bb bottom_margin=\u00bb50&#8243; text_color=\u00bbdark\u00bb text_align=\u00bbcenter\u00bb row_border_radius=\u00bbnone\u00bb row_border_radius_applies=\u00bbbg\u00bb overflow=\u00bbvisible\u00bb advanced_gradient_angle=\u00bb0&#8243; overlay_strength=\u00bb0.3&#8243; gradient_direction=\u00bbleft_to_right\u00bb shape_divider_position=\u00bbbottom\u00bb bg_image_animation=\u00bbnone\u00bb gradient_type=\u00bbdefault\u00bb shape_type=\u00bb\u00bb][vc_column column_padding=\u00bbpadding-3-percent\u00bb column_padding_tablet=\u00bbinherit\u00bb column_padding_phone=\u00bbinherit\u00bb column_padding_position=\u00bball\u00bb column_element_spacing=\u00bbdefault\u00bb background_color_opacity=\u00bb1&#8243; background_hover_color_opacity=\u00bb1&#8243; column_shadow=\u00bbnone\u00bb column_border_radius=\u00bbnone\u00bb column_link_target=\u00bb_self\u00bb column_position=\u00bbdefault\u00bb advanced_gradient_angle=\u00bb0&#8243; gradient_direction=\u00bbleft_to_right\u00bb overlay_strength=\u00bb0.3&#8243; width=\u00bb1\/4&#8243; tablet_width_inherit=\u00bbdefault\u00bb tablet_text_alignment=\u00bbdefault\u00bb phone_text_alignment=\u00bbdefault\u00bb animation_type=\u00bbdefault\u00bb bg_image_animation=\u00bbnone\u00bb border_type=\u00bbsimple\u00bb column_border_width=\u00bbnone\u00bb column_border_style=\u00bbsolid\u00bb gradient_type=\u00bbdefault\u00bb][\/vc_column][vc_column column_padding=\u00bbno-extra-padding\u00bb column_padding_tablet=\u00bbinherit\u00bb column_padding_phone=\u00bbinherit\u00bb column_padding_position=\u00bball\u00bb column_element_spacing=\u00bbdefault\u00bb background_color_opacity=\u00bb1&#8243; background_hover_color_opacity=\u00bb1&#8243; column_shadow=\u00bbnone\u00bb column_border_radius=\u00bbnone\u00bb column_link_target=\u00bb_self\u00bb column_position=\u00bbdefault\u00bb gradient_direction=\u00bbleft_to_right\u00bb overlay_strength=\u00bb0.3&#8243; width=\u00bb1\/2&#8243; tablet_width_inherit=\u00bbdefault\u00bb tablet_text_alignment=\u00bbdefault\u00bb phone_text_alignment=\u00bbdefault\u00bb animation_type=\u00bbdefault\u00bb bg_image_animation=\u00bbnone\u00bb border_type=\u00bbsimple\u00bb column_border_width=\u00bbnone\u00bb column_border_style=\u00bbsolid\u00bb][vc_custom_heading text=\u00bbProcedimiento de reconocimiento de la inversi\u00f3n en dos fases\u00bb font_container=\u00bbtag:h2|text_align:center\u00bb use_theme_fonts=\u00bbyes\u00bb][vc_column_text css=\u00bb.vc_custom_1663241091083{padding-top: 10px !important;padding-bottom: 10px !important;}\u00bb]Se establece un <u>nuevo procedimiento de reconocimiento de la inversi\u00f3n<\/u> que se realiza por Departamento de Cultura del Gobierno de Navarra, seg\u00fan la Orden Foral 69\/2021, de 7 de mayo.[\/vc_column_text][nectar_btn size=\u00bbsmall\u00bb open_new_tab=\u00bbtrue\u00bb button_style=\u00bbregular\u00bb button_color_2=\u00bbExtra-Color-2&#8243; icon_family=\u00bbnone\u00bb el_class=\u00bbboton\u00bb text=\u00bbInformaci\u00f3n\u00bb url=\u00bbhttps:\/\/www.culturanavarra.es\/es\/informacion-general\u00bb margin_right=\u00bb10px\u00bb][nectar_btn size=\u00bbsmall\u00bb open_new_tab=\u00bbtrue\u00bb button_style=\u00bbregular\u00bb button_color_2=\u00bbExtra-Color-2&#8243; icon_family=\u00bbnone\u00bb el_class=\u00bbboton\u00bb text=\u00bbTramitaci\u00f3n\u00bb url=\u00bbhttps:\/\/www.navarra.es\/es\/tramites\/on\/-\/line\/deduccion-en-el-impuesto-de-sociedades-por-inversiones-en-producciones-cinematograficas-y-series-audiovisuales\u00bb][\/vc_column][vc_column column_padding=\u00bbno-extra-padding\u00bb column_padding_tablet=\u00bbinherit\u00bb column_padding_phone=\u00bbinherit\u00bb column_padding_position=\u00bball\u00bb column_element_spacing=\u00bbdefault\u00bb background_color_opacity=\u00bb1&#8243; background_hover_color_opacity=\u00bb1&#8243; column_shadow=\u00bbnone\u00bb column_border_radius=\u00bbnone\u00bb column_link_target=\u00bb_self\u00bb column_position=\u00bbdefault\u00bb gradient_direction=\u00bbleft_to_right\u00bb overlay_strength=\u00bb0.3&#8243; width=\u00bb1\/4&#8243; tablet_width_inherit=\u00bbdefault\u00bb tablet_text_alignment=\u00bbdefault\u00bb phone_text_alignment=\u00bbdefault\u00bb animation_type=\u00bbdefault\u00bb bg_image_animation=\u00bbnone\u00bb border_type=\u00bbsimple\u00bb column_border_width=\u00bbnone\u00bb column_border_style=\u00bbsolid\u00bb][\/vc_column][\/vc_row][vc_row type=\u00bbin_container\u00bb full_screen_row_position=\u00bbmiddle\u00bb column_margin=\u00bb100px\u00bb column_direction=\u00bbdefault\u00bb column_direction_tablet=\u00bbdefault\u00bb column_direction_phone=\u00bbdefault\u00bb scene_position=\u00bbcenter\u00bb text_color=\u00bbdark\u00bb text_align=\u00bbleft\u00bb row_border_radius=\u00bbnone\u00bb row_border_radius_applies=\u00bbbg\u00bb overflow=\u00bbvisible\u00bb class=\u00bbincentivo-dots\u00bb advanced_gradient_angle=\u00bb0&#8243; overlay_strength=\u00bb0.3&#8243; gradient_direction=\u00bbleft_to_right\u00bb shape_divider_position=\u00bbbottom\u00bb bg_image_animation=\u00bbnone\u00bb gradient_type=\u00bbdefault\u00bb shape_type=\u00bb\u00bb][vc_column column_padding=\u00bbno-extra-padding\u00bb column_padding_tablet=\u00bbinherit\u00bb column_padding_phone=\u00bbinherit\u00bb column_padding_position=\u00bball\u00bb column_element_spacing=\u00bbdefault\u00bb background_color_opacity=\u00bb1&#8243; background_hover_color_opacity=\u00bb1&#8243; column_shadow=\u00bbnone\u00bb column_border_radius=\u00bbnone\u00bb column_link_target=\u00bb_self\u00bb column_position=\u00bbdefault\u00bb gradient_direction=\u00bbleft_to_right\u00bb overlay_strength=\u00bb0.3&#8243; width=\u00bb1\/3&#8243; tablet_width_inherit=\u00bbdefault\u00bb tablet_text_alignment=\u00bbdefault\u00bb phone_text_alignment=\u00bbdefault\u00bb animation_type=\u00bbdefault\u00bb bg_image_animation=\u00bbnone\u00bb border_type=\u00bbsimple\u00bb column_border_width=\u00bbnone\u00bb column_border_style=\u00bbsolid\u00bb][vc_column_text css=\u00bb.vc_custom_1663241294851{padding-top: 10px !important;padding-bottom: 10px !important;}\u00bb el_class=\u00bbincentivo-dots-title\u00bb]<em>01.<\/em><\/p>\n<p><strong>Solicitud informe previo sobre el cumplimiento de los requisitos y condiciones de la deducci\u00f3n.<\/strong>[\/vc_column_text][\/vc_column][vc_column column_padding=\u00bbpadding-5-percent\u00bb column_padding_tablet=\u00bbinherit\u00bb column_padding_phone=\u00bbinherit\u00bb column_padding_position=\u00bbbottom\u00bb column_element_spacing=\u00bbdefault\u00bb background_color_opacity=\u00bb1&#8243; background_hover_color_opacity=\u00bb1&#8243; column_shadow=\u00bbnone\u00bb column_border_radius=\u00bbnone\u00bb column_link_target=\u00bb_self\u00bb column_position=\u00bbdefault\u00bb el_class=\u00bbincentivo-dots-text\u00bb advanced_gradient_angle=\u00bb0&#8243; gradient_direction=\u00bbleft_to_right\u00bb overlay_strength=\u00bb0.3&#8243; width=\u00bb2\/3&#8243; tablet_width_inherit=\u00bbdefault\u00bb tablet_text_alignment=\u00bbdefault\u00bb phone_text_alignment=\u00bbdefault\u00bb animation_type=\u00bbdefault\u00bb bg_image_animation=\u00bbnone\u00bb border_type=\u00bbsimple\u00bb column_border_width=\u00bbnone\u00bb column_border_style=\u00bbsolid\u00bb gradient_type=\u00bbdefault\u00bb][vc_column_text css=\u00bb.vc_custom_1737035462587{padding-top: 10px !important;padding-bottom: 10px !important;}\u00bb]\n<h4>OBJETIVO<\/h4>\n<p>Que el\/la contribuyente, desde que presenta la solicitud, pueda consignar en su declaraci\u00f3n-liquidaci\u00f3n la deducci\u00f3n generada.<\/p>\n<h4>DOCUMENTACI\u00d3N NECESARIA<\/h4>\n<p>La solicitud de informe previo se puede realizar en cualquier momento anterior a la solicitud de la validaci\u00f3n posterior.<\/p>\n<p>No es necesario que la solicitud de informe previo est\u00e9 resuelta en el momento en el que se solicita la validaci\u00f3n posterior.<\/p>\n<p class=\"xmsonormal\" style=\"text-autospace: none;\">En el caso de coproducciones adem\u00e1s el presupuesto simplificado (pesta\u00f1as presentaci\u00f3n y coste de producci\u00f3n) de la coproductora navarra solicitante.<\/p>\n<ul>\n<li>Solicitud de informe previo.<\/li>\n<li>Datos b\u00e1sicos del proyecto.<\/li>\n<li>Memoria explicativa del proyecto.<\/li>\n<li>Declaraci\u00f3n responsable para deducci\u00f3n del 50% en su caso.<\/li>\n<li>Declaraci\u00f3n responsable de certificado de nacionalidad y de certificado de car\u00e1cter cultural.<\/li>\n<li>Declaraci\u00f3n responsable de cumplimiento de condiciones para aplicar un l\u00edmite de intensidad de ayudas superior al 50%, en su caso.<\/li>\n<li>Presupuesto de gastos del proyecto.<\/li>\n<\/ul>\n<h4>EMISI\u00d3N DEL INFORME<\/h4>\n<p>En el plazo m\u00e1ximo de 3 meses a contar desde la presentaci\u00f3n de la solicitud.<\/p>\n<p>La Direcci\u00f3n General de Cultura determinar\u00e1 si el proyecto cumple con las condiciones para tener derecho a practicar la deducci\u00f3n y establecer\u00e1 si corresponde aplicar el 45% o el 50% de deducci\u00f3n.[\/vc_column_text][\/vc_column][\/vc_row][vc_row type=\u00bbin_container\u00bb full_screen_row_position=\u00bbmiddle\u00bb column_margin=\u00bb100px\u00bb column_direction=\u00bbdefault\u00bb column_direction_tablet=\u00bbdefault\u00bb column_direction_phone=\u00bbdefault\u00bb scene_position=\u00bbcenter\u00bb text_color=\u00bbdark\u00bb text_align=\u00bbleft\u00bb row_border_radius=\u00bbnone\u00bb row_border_radius_applies=\u00bbbg\u00bb overflow=\u00bbvisible\u00bb class=\u00bbincentivo-dots\u00bb advanced_gradient_angle=\u00bb0&#8243; overlay_strength=\u00bb0.3&#8243; gradient_direction=\u00bbleft_to_right\u00bb shape_divider_position=\u00bbbottom\u00bb bg_image_animation=\u00bbnone\u00bb gradient_type=\u00bbdefault\u00bb shape_type=\u00bb\u00bb][vc_column column_padding=\u00bbno-extra-padding\u00bb column_padding_tablet=\u00bbinherit\u00bb column_padding_phone=\u00bbinherit\u00bb column_padding_position=\u00bball\u00bb column_element_spacing=\u00bbdefault\u00bb background_color_opacity=\u00bb1&#8243; background_hover_color_opacity=\u00bb1&#8243; column_shadow=\u00bbnone\u00bb column_border_radius=\u00bbnone\u00bb column_link_target=\u00bb_self\u00bb column_position=\u00bbdefault\u00bb gradient_direction=\u00bbleft_to_right\u00bb overlay_strength=\u00bb0.3&#8243; width=\u00bb1\/3&#8243; tablet_width_inherit=\u00bbdefault\u00bb tablet_text_alignment=\u00bbdefault\u00bb phone_text_alignment=\u00bbdefault\u00bb animation_type=\u00bbdefault\u00bb bg_image_animation=\u00bbnone\u00bb border_type=\u00bbsimple\u00bb column_border_width=\u00bbnone\u00bb column_border_style=\u00bbsolid\u00bb][vc_column_text css=\u00bb.vc_custom_1663242206008{padding-top: 10px !important;padding-bottom: 10px !important;}\u00bb el_class=\u00bbincentivo-dots-title\u00bb]<em>02.<\/em><\/p>\n<p><strong>Justificaci\u00f3n de la inversi\u00f3n realizada y del cumplimiento de los requisitos establecidos.<\/strong>[\/vc_column_text][\/vc_column][vc_column column_padding=\u00bbpadding-5-percent\u00bb column_padding_tablet=\u00bbinherit\u00bb column_padding_phone=\u00bbinherit\u00bb column_padding_position=\u00bbbottom\u00bb column_element_spacing=\u00bbdefault\u00bb background_color_opacity=\u00bb1&#8243; background_hover_color_opacity=\u00bb1&#8243; column_shadow=\u00bbnone\u00bb column_border_radius=\u00bbnone\u00bb column_link_target=\u00bb_self\u00bb column_position=\u00bbdefault\u00bb el_class=\u00bbincentivo-dots-text\u00bb advanced_gradient_angle=\u00bb0&#8243; gradient_direction=\u00bbleft_to_right\u00bb overlay_strength=\u00bb0.3&#8243; width=\u00bb2\/3&#8243; tablet_width_inherit=\u00bbdefault\u00bb tablet_text_alignment=\u00bbdefault\u00bb phone_text_alignment=\u00bbdefault\u00bb animation_type=\u00bbdefault\u00bb bg_image_animation=\u00bbnone\u00bb border_type=\u00bbsimple\u00bb column_border_width=\u00bbnone\u00bb column_border_style=\u00bbsolid\u00bb gradient_type=\u00bbdefault\u00bb][vc_column_text css=\u00bb.vc_custom_1768296608860{padding-top: 10px !important;padding-bottom: 10px !important;}\u00bb]\n<h4>OBJETIVO<\/h4>\n<p>Validaci\u00f3n de la inversi\u00f3n realizada y determinar la base de deducci\u00f3n.<\/p>\n<h4>DOCUMENTACI\u00d3N NECESARIA<\/h4>\n<p>La solicitud de validaci\u00f3n posterior debe tramitarse obligatoriamente en el plazo de seis meses desde la solicitud del certificado de nacionalidad para el proyecto audiovisual.<\/p>\n<p>No es necesario que la solicitud de informe previo est\u00e9 resuelta en el momento en el que se solicita la validaci\u00f3n posterior.<\/p>\n<ul>\n<li>Solicitud de informe de validaci\u00f3n.<\/li>\n<li>Declaraci\u00f3n del coste de la obra audiovisual.<\/li>\n<\/ul>\n<p>En el caso de coproducciones adem\u00e1s el declaraci\u00f3n de coste simplificada (pesta\u00f1as presentaci\u00f3n y coste de producci\u00f3n) de la coproductora navarra solicitante.<\/p>\n<ul>\n<li>Informe especial de auditor\u00eda de revisi\u00f3n y verificaci\u00f3n del coste de la pel\u00edcula o de la serie.<\/li>\n<li>Certificado de nacionalidad.<\/li>\n<li>Certificado de car\u00e1cter cultural.<\/li>\n<li>Comunicaci\u00f3n de fecha de inicio y fin de producci\u00f3n.<\/li>\n<li>Justificante de entrega de copia de la obra audiovisual expedido por el archivo de la Filmoteca de Navarra.<\/li>\n<li>Acreditaci\u00f3n de cumplir con las obligaciones establecidas en el art\u00edculo 65.6 de la Ley Foral del Impuesto sobre Sociedades.<\/li>\n<li>Declaraci\u00f3n responsable r\u00e9gimen tributario componentes AIE, en su caso<\/li>\n<li>En el caso de coproducciones: \u00faltimo contrato de coproducci\u00f3n firmado por todos los coproductores en el que conste expresamente los porcentajes de ejecuci\u00f3n asumidos y los de titularidad<\/li>\n<li>En el caso de coproducciones internacionales: resoluci\u00f3n de aprobaci\u00f3n de coproducci\u00f3n internacional emitida por el ICAA<\/li>\n<\/ul>\n<h4>EMISI\u00d3N DEL INFORME<\/h4>\n<p>En el plazo m\u00e1ximo de 6 meses desde la presentaci\u00f3n de la documentaci\u00f3n que justifica la deducci\u00f3n.<\/p>\n<p>La Direcci\u00f3n General de Cultura determinar\u00e1 el importe de la base de deducci\u00f3n teniendo en cuenta la inversi\u00f3n<br \/>\nde la productora, los gastos realizados en territorio navarro y las ayudas recibidas.[\/vc_column_text][\/vc_column][\/vc_row][vc_row type=\u00bbfull_width_background\u00bb full_screen_row_position=\u00bbmiddle\u00bb column_margin=\u00bbdefault\u00bb column_direction=\u00bbdefault\u00bb column_direction_tablet=\u00bbdefault\u00bb column_direction_phone=\u00bbdefault\u00bb scene_position=\u00bbcenter\u00bb top_padding=\u00bb30px\u00bb constrain_group_1=\u00bbyes\u00bb bottom_padding=\u00bb30px\u00bb bottom_margin=\u00bb50&#8243; text_color=\u00bbdark\u00bb text_align=\u00bbleft\u00bb row_border_radius=\u00bbnone\u00bb row_border_radius_applies=\u00bbbg\u00bb overflow=\u00bbvisible\u00bb advanced_gradient_angle=\u00bb0&#8243; overlay_strength=\u00bb0.3&#8243; gradient_direction=\u00bbleft_to_right\u00bb shape_divider_position=\u00bbbottom\u00bb bg_image_animation=\u00bbnone\u00bb gradient_type=\u00bbdefault\u00bb shape_type=\u00bb\u00bb][vc_column column_padding=\u00bbpadding-3-percent\u00bb column_padding_tablet=\u00bbinherit\u00bb column_padding_phone=\u00bbinherit\u00bb column_padding_position=\u00bball\u00bb column_element_spacing=\u00bbdefault\u00bb background_color_opacity=\u00bb1&#8243; background_hover_color_opacity=\u00bb1&#8243; column_shadow=\u00bbnone\u00bb column_border_radius=\u00bbnone\u00bb column_link_target=\u00bb_self\u00bb column_position=\u00bbdefault\u00bb advanced_gradient_angle=\u00bb0&#8243; gradient_direction=\u00bbleft_to_right\u00bb overlay_strength=\u00bb0.3&#8243; width=\u00bb1\/4&#8243; tablet_width_inherit=\u00bbdefault\u00bb tablet_text_alignment=\u00bbdefault\u00bb phone_text_alignment=\u00bbdefault\u00bb animation_type=\u00bbdefault\u00bb bg_image_animation=\u00bbnone\u00bb border_type=\u00bbsimple\u00bb column_border_width=\u00bbnone\u00bb column_border_style=\u00bbsolid\u00bb gradient_type=\u00bbdefault\u00bb][\/vc_column][vc_column column_padding=\u00bbno-extra-padding\u00bb column_padding_tablet=\u00bbinherit\u00bb column_padding_phone=\u00bbinherit\u00bb column_padding_position=\u00bball\u00bb column_element_spacing=\u00bbdefault\u00bb background_color_opacity=\u00bb1&#8243; background_hover_color_opacity=\u00bb1&#8243; column_shadow=\u00bbnone\u00bb column_border_radius=\u00bbnone\u00bb column_link_target=\u00bb_self\u00bb column_position=\u00bbdefault\u00bb gradient_direction=\u00bbleft_to_right\u00bb overlay_strength=\u00bb0.3&#8243; width=\u00bb1\/2&#8243; tablet_width_inherit=\u00bbdefault\u00bb tablet_text_alignment=\u00bbdefault\u00bb phone_text_alignment=\u00bbdefault\u00bb animation_type=\u00bbdefault\u00bb bg_image_animation=\u00bbnone\u00bb border_type=\u00bbsimple\u00bb column_border_width=\u00bbnone\u00bb column_border_style=\u00bbsolid\u00bb][vc_custom_heading text=\u00bbComposici\u00f3n de la base de deducci\u00f3n\u00bb font_container=\u00bbtag:h2|text_align:center\u00bb use_theme_fonts=\u00bbyes\u00bb][\/vc_column][vc_column column_padding=\u00bbno-extra-padding\u00bb column_padding_tablet=\u00bbinherit\u00bb column_padding_phone=\u00bbinherit\u00bb column_padding_position=\u00bball\u00bb column_element_spacing=\u00bbdefault\u00bb background_color_opacity=\u00bb1&#8243; background_hover_color_opacity=\u00bb1&#8243; column_shadow=\u00bbnone\u00bb column_border_radius=\u00bbnone\u00bb column_link_target=\u00bb_self\u00bb column_position=\u00bbdefault\u00bb gradient_direction=\u00bbleft_to_right\u00bb overlay_strength=\u00bb0.3&#8243; width=\u00bb1\/4&#8243; tablet_width_inherit=\u00bbdefault\u00bb tablet_text_alignment=\u00bbdefault\u00bb phone_text_alignment=\u00bbdefault\u00bb animation_type=\u00bbdefault\u00bb bg_image_animation=\u00bbnone\u00bb border_type=\u00bbsimple\u00bb column_border_width=\u00bbnone\u00bb column_border_style=\u00bbsolid\u00bb][\/vc_column][\/vc_row][vc_row type=\u00bbin_container\u00bb full_screen_row_position=\u00bbmiddle\u00bb column_margin=\u00bb70px\u00bb equal_height=\u00bbyes\u00bb content_placement=\u00bbtop\u00bb column_direction=\u00bbdefault\u00bb column_direction_tablet=\u00bbdefault\u00bb column_direction_phone=\u00bbdefault\u00bb scene_position=\u00bbcenter\u00bb top_padding=\u00bb25px\u00bb constrain_group_1=\u00bbyes\u00bb bottom_padding=\u00bb25px\u00bb left_padding_desktop=\u00bb25px\u00bb constrain_group_2=\u00bbyes\u00bb right_padding_desktop=\u00bb25px\u00bb text_color=\u00bbdark\u00bb text_align=\u00bbleft\u00bb row_border_radius=\u00bb15px\u00bb row_border_radius_applies=\u00bbinner\u00bb overflow=\u00bbvisible\u00bb class=\u00bbinfo-deduccion\u00bb advanced_gradient_angle=\u00bb0&#8243; overlay_strength=\u00bb0.3&#8243; gradient_direction=\u00bbleft_to_right\u00bb shape_divider_position=\u00bbbottom\u00bb bg_image_animation=\u00bbnone\u00bb gradient_type=\u00bbdefault\u00bb shape_type=\u00bb\u00bb][vc_column column_padding=\u00bbpadding-3-percent\u00bb column_padding_tablet=\u00bbinherit\u00bb column_padding_phone=\u00bbinherit\u00bb column_padding_position=\u00bball\u00bb column_element_spacing=\u00bbdefault\u00bb background_color=\u00bb#f5f5f5&#8243; background_color_opacity=\u00bb1&#8243; background_hover_color_opacity=\u00bb1&#8243; column_shadow=\u00bbnone\u00bb column_border_radius=\u00bbnone\u00bb column_link_target=\u00bb_self\u00bb column_position=\u00bbdefault\u00bb advanced_gradient_angle=\u00bb0&#8243; gradient_direction=\u00bbleft_to_right\u00bb overlay_strength=\u00bb0.3&#8243; width=\u00bb1\/3&#8243; tablet_width_inherit=\u00bbdefault\u00bb tablet_text_alignment=\u00bbdefault\u00bb phone_text_alignment=\u00bbdefault\u00bb animation_type=\u00bbdefault\u00bb bg_image_animation=\u00bbnone\u00bb border_type=\u00bbsimple\u00bb column_border_width=\u00bbnone\u00bb column_border_style=\u00bbsolid\u00bb gradient_type=\u00bbdefault\u00bb][vc_column_text el_class=\u00bblista-gastos\u00bb]\n<h3>GASTOS<\/h3>\n<ul>\n<li>El coste de la producci\u00f3n hasta la consecuci\u00f3n de la copia est\u00e1ndar o master digital, con ciertas especialidades y l\u00edmites.<\/li>\n<li>Gasto de promoci\u00f3n y publicidad (l\u00edmite el 40% coste de producci\u00f3n).<\/li>\n<li>Gasto del informe especial de auditor\u00eda.<\/li>\n<li>Gasto de adaptaci\u00f3n a soporte.*<\/li>\n<li>Gasto de realizaci\u00f3n de soportes para preservar la obra y obtenci\u00f3n de copias.*<\/li>\n<\/ul>\n<p>Todos los gastos efectuados <u>entre los 24 meses anteriores a la fecha de inicio del rodaje y los 24 meses posteriores<\/u> a la fecha de fin de rodaje.<\/p>\n<p>* Necesarios para la exhibici\u00f3n en salas o explotaci\u00f3n cinematogr\u00e1fica, o , en el caso de las series, para la retransmisi\u00f3n en televisiones o en plataformas que ofrezcan contenidos streaming.<\/p>\n<p><u>NO forman parte de la base de deducci\u00f3n:<\/u><br \/>\n<u>Los gastos financieros y los impuestos indirectos.<\/u><\/p>\n<p>Todos los gastos efectuados entre 24 meses antes y 24 meses despu\u00e9s del rodaje.[\/vc_column_text][\/vc_column][vc_column column_padding=\u00bbpadding-3-percent\u00bb column_padding_tablet=\u00bbinherit\u00bb column_padding_phone=\u00bbpadding-3-percent\u00bb column_padding_position=\u00bbtop-bottom\u00bb column_element_spacing=\u00bbdefault\u00bb background_color=\u00bb#f5f5f5&#8243; background_color_opacity=\u00bb1&#8243; background_hover_color_opacity=\u00bb1&#8243; column_shadow=\u00bbnone\u00bb column_border_radius=\u00bbnone\u00bb column_link_target=\u00bb_self\u00bb column_position=\u00bbdefault\u00bb el_class=\u00bbayuda-limites\u00bb advanced_gradient_angle=\u00bb0&#8243; gradient_direction=\u00bbleft_to_right\u00bb overlay_strength=\u00bb0.3&#8243; width=\u00bb2\/3&#8243; tablet_width_inherit=\u00bbdefault\u00bb tablet_text_alignment=\u00bbdefault\u00bb phone_text_alignment=\u00bbdefault\u00bb animation_type=\u00bbdefault\u00bb bg_image_animation=\u00bbnone\u00bb border_type=\u00bbsimple\u00bb column_border_width=\u00bbnone\u00bb column_border_style=\u00bbsolid\u00bb gradient_type=\u00bbdefault\u00bb][vc_column_text]\n<ul>\n<li>\n<h3>Especialidades<\/h3>\n<\/li>\n<li>\n<h3>L\u00edmites<\/h3>\n<\/li>\n<li>Remuneraci\u00f3n del productor ejecutivo (con contrato espec\u00edfico + objeto social producci\u00f3n ejecutiva + participaci\u00f3n efectiva).<\/li>\n<li>No puede exceder del mayor de los siguientes l\u00edmites: a) El 10 por ciento del coste de producci\u00f3n; b) 100.000 euros<\/li>\n<li>Importe de los gastos generales.<\/li>\n<li>Hasta el 10 por 100 del coste de producci\u00f3n. Se imputar\u00e1 a gastos generales:<br \/>\nGastos del personal de plantilla que no tenga contrato laboral espec\u00edfico para la obra objeto de la deducci\u00f3n.<br \/>\nLos gastos de suministros que se produzcan en el domicilio social de la productora y este no sea el local directamente vinculado con el rodaje.<br \/>\nGastos de servicios de restauraci\u00f3n, hosteler\u00eda, viajes<br \/>\ny desplazamientos, telefon\u00eda e internet, producidos fuera del per\u00edodo de rodaje.<\/li>\n<li>Gastos correspondientes a suministros (agua, electricidad, gas, limpieza).<\/li>\n<li>Producidos, dentro del periodo de rodaje, en locales o instalaciones directamente vinculadas con el rodaje.<\/li>\n<li>El coste de la amortizaci\u00f3n (material t\u00e9cnico propiedad de la productora).<\/li>\n<li>La correspondiente al tiempo de utilizaci\u00f3n en la realizaci\u00f3n e la obra<\/li>\n<li>Servicios de restauraci\u00f3n, hosteler\u00eda, viajes, desplazamientos, telefon\u00eda e internet.audiovisual.<\/li>\n<li>Dentro del per\u00edodo de rodaje.<\/li>\n<\/ul>\n[\/vc_column_text][\/vc_column][\/vc_row][vc_row type=\u00bbfull_width_background\u00bb full_screen_row_position=\u00bbmiddle\u00bb column_margin=\u00bbdefault\u00bb column_direction=\u00bbdefault\u00bb column_direction_tablet=\u00bbdefault\u00bb column_direction_phone=\u00bbdefault\u00bb scene_position=\u00bbcenter\u00bb top_padding=\u00bb30px\u00bb constrain_group_1=\u00bbyes\u00bb bottom_padding=\u00bb30px\u00bb bottom_margin=\u00bb50&#8243; text_color=\u00bbdark\u00bb text_align=\u00bbleft\u00bb row_border_radius=\u00bbnone\u00bb row_border_radius_applies=\u00bbbg\u00bb overflow=\u00bbvisible\u00bb advanced_gradient_angle=\u00bb0&#8243; overlay_strength=\u00bb0.3&#8243; gradient_direction=\u00bbleft_to_right\u00bb shape_divider_position=\u00bbbottom\u00bb bg_image_animation=\u00bbnone\u00bb gradient_type=\u00bbdefault\u00bb shape_type=\u00bb\u00bb][vc_column column_padding=\u00bbpadding-3-percent\u00bb column_padding_tablet=\u00bbinherit\u00bb column_padding_phone=\u00bbinherit\u00bb column_padding_position=\u00bball\u00bb column_element_spacing=\u00bbdefault\u00bb background_color_opacity=\u00bb1&#8243; background_hover_color_opacity=\u00bb1&#8243; column_shadow=\u00bbnone\u00bb column_border_radius=\u00bbnone\u00bb column_link_target=\u00bb_self\u00bb column_position=\u00bbdefault\u00bb advanced_gradient_angle=\u00bb0&#8243; gradient_direction=\u00bbleft_to_right\u00bb overlay_strength=\u00bb0.3&#8243; width=\u00bb1\/4&#8243; tablet_width_inherit=\u00bbdefault\u00bb tablet_text_alignment=\u00bbdefault\u00bb phone_text_alignment=\u00bbdefault\u00bb animation_type=\u00bbdefault\u00bb bg_image_animation=\u00bbnone\u00bb border_type=\u00bbsimple\u00bb column_border_width=\u00bbnone\u00bb column_border_style=\u00bbsolid\u00bb gradient_type=\u00bbdefault\u00bb][\/vc_column][vc_column column_padding=\u00bbno-extra-padding\u00bb column_padding_tablet=\u00bbinherit\u00bb column_padding_phone=\u00bbinherit\u00bb column_padding_position=\u00bball\u00bb column_element_spacing=\u00bbdefault\u00bb background_color_opacity=\u00bb1&#8243; background_hover_color_opacity=\u00bb1&#8243; column_shadow=\u00bbnone\u00bb column_border_radius=\u00bbnone\u00bb column_link_target=\u00bb_self\u00bb column_position=\u00bbdefault\u00bb gradient_direction=\u00bbleft_to_right\u00bb overlay_strength=\u00bb0.3&#8243; width=\u00bb1\/2&#8243; tablet_width_inherit=\u00bbdefault\u00bb tablet_text_alignment=\u00bbdefault\u00bb phone_text_alignment=\u00bbdefault\u00bb animation_type=\u00bbdefault\u00bb bg_image_animation=\u00bbnone\u00bb border_type=\u00bbsimple\u00bb column_border_width=\u00bbnone\u00bb column_border_style=\u00bbsolid\u00bb][vc_custom_heading text=\u00bbGasto en territorio navarro\u00bb font_container=\u00bbtag:h2|text_align:center\u00bb use_theme_fonts=\u00bbyes\u00bb][\/vc_column][vc_column column_padding=\u00bbno-extra-padding\u00bb column_padding_tablet=\u00bbinherit\u00bb column_padding_phone=\u00bbinherit\u00bb column_padding_position=\u00bball\u00bb column_element_spacing=\u00bbdefault\u00bb background_color_opacity=\u00bb1&#8243; background_hover_color_opacity=\u00bb1&#8243; column_shadow=\u00bbnone\u00bb column_border_radius=\u00bbnone\u00bb column_link_target=\u00bb_self\u00bb column_position=\u00bbdefault\u00bb gradient_direction=\u00bbleft_to_right\u00bb overlay_strength=\u00bb0.3&#8243; width=\u00bb1\/4&#8243; tablet_width_inherit=\u00bbdefault\u00bb tablet_text_alignment=\u00bbdefault\u00bb phone_text_alignment=\u00bbdefault\u00bb animation_type=\u00bbdefault\u00bb bg_image_animation=\u00bbnone\u00bb border_type=\u00bbsimple\u00bb column_border_width=\u00bbnone\u00bb column_border_style=\u00bbsolid\u00bb][\/vc_column][\/vc_row][vc_row type=\u00bbfull_width_background\u00bb full_screen_row_position=\u00bbmiddle\u00bb column_margin=\u00bb70px\u00bb equal_height=\u00bbyes\u00bb content_placement=\u00bbtop\u00bb column_direction=\u00bbdefault\u00bb column_direction_tablet=\u00bbdefault\u00bb column_direction_phone=\u00bbdefault\u00bb bg_image=\u00bb12615&#8243; bg_position=\u00bbcenter bottom\u00bb background_image_loading=\u00bbdefault\u00bb bg_repeat=\u00bbno-repeat\u00bb scene_position=\u00bbcenter\u00bb top_padding=\u00bb90px\u00bb constrain_group_1=\u00bbyes\u00bb bottom_padding=\u00bb90px\u00bb left_padding_desktop=\u00bb25px\u00bb constrain_group_2=\u00bbyes\u00bb right_padding_desktop=\u00bb25px\u00bb text_color=\u00bbdark\u00bb text_align=\u00bbleft\u00bb row_border_radius=\u00bb15px\u00bb row_border_radius_applies=\u00bbinner\u00bb overflow=\u00bbvisible\u00bb class=\u00bbinfo-deduccion\u00bb advanced_gradient_angle=\u00bb0&#8243; overlay_strength=\u00bb0.3&#8243; gradient_direction=\u00bbleft_to_right\u00bb shape_divider_position=\u00bbbottom\u00bb bg_image_animation=\u00bbnone\u00bb gradient_type=\u00bbdefault\u00bb shape_type=\u00bb\u00bb][vc_column column_padding=\u00bbpadding-3-percent\u00bb column_padding_tablet=\u00bbinherit\u00bb column_padding_phone=\u00bbinherit\u00bb column_padding_position=\u00bball\u00bb column_element_spacing=\u00bbdefault\u00bb background_color_opacity=\u00bb1&#8243; background_hover_color_opacity=\u00bb1&#8243; column_shadow=\u00bbnone\u00bb column_border_radius=\u00bbnone\u00bb column_link_target=\u00bb_self\u00bb column_position=\u00bbdefault\u00bb advanced_gradient_angle=\u00bb0&#8243; gradient_direction=\u00bbleft_to_right\u00bb overlay_strength=\u00bb0.3&#8243; width=\u00bb1\/2&#8243; tablet_width_inherit=\u00bbdefault\u00bb tablet_text_alignment=\u00bbdefault\u00bb phone_text_alignment=\u00bbdefault\u00bb animation_type=\u00bbdefault\u00bb bg_image_animation=\u00bbnone\u00bb border_type=\u00bbsimple\u00bb column_border_width=\u00bbnone\u00bb column_border_style=\u00bbsolid\u00bb gradient_type=\u00bbdefault\u00bb][vc_column_text el_class=\u00bblista-gastos\u00bb]Los servicios que se efect\u00faen desde Navarra, cuando quien los preste tenga el domicilio fiscal en territorio navarro.<\/p>\n<p>Los gastos correspondientes a adquisiciones de bienes utilizados en territorio navarro y realizadas a personas o entidades que tengan el domicilio fiscal en Navarra.<\/p>\n<p>Los gastos de amortizaci\u00f3n derivados de elementos del inmovilizado material o intangible, cuando su utilizaci\u00f3n efectiva se produzca en territorio navarro y quien realice la entrega tenga su domicilio fiscal en dicho territorio.<\/p>\n<p>Tambi\u00e9n se considerar\u00e1n realizados en Navarra los gastos que se especifican a la derecha:[\/vc_column_text][\/vc_column][vc_column column_padding=\u00bbpadding-3-percent\u00bb column_padding_tablet=\u00bbinherit\u00bb column_padding_phone=\u00bbpadding-3-percent\u00bb column_padding_position=\u00bball\u00bb column_element_spacing=\u00bbdefault\u00bb background_color_opacity=\u00bb1&#8243; background_hover_color_opacity=\u00bb1&#8243; column_shadow=\u00bbnone\u00bb column_border_radius=\u00bbnone\u00bb column_link_target=\u00bb_self\u00bb column_position=\u00bbdefault\u00bb advanced_gradient_angle=\u00bb0&#8243; gradient_direction=\u00bbleft_to_right\u00bb overlay_strength=\u00bb0.3&#8243; width=\u00bb1\/2&#8243; tablet_width_inherit=\u00bbdefault\u00bb tablet_text_alignment=\u00bbdefault\u00bb phone_text_alignment=\u00bbdefault\u00bb animation_type=\u00bbdefault\u00bb bg_image_animation=\u00bbnone\u00bb border_type=\u00bbsimple\u00bb column_border_width=\u00bbnone\u00bb column_border_style=\u00bbsolid\u00bb gradient_type=\u00bbdefault\u00bb][vc_column_text el_class=\u00bblista-gastos\u00bb]\n<ul>\n<li>Los gastos derivados del pago de salarios de trabajadores en r\u00e9gimen laboral, cuando los trabajos o servicios se presten en Navarra<\/li>\n<li>Los gastos derivados de suministros de agua, gas o electricidad, cuando se realice desde territorio navarro la puesta a disposici\u00f3n del adquirente, entendiendo como tal el lugar en el que est\u00e1 sito el contador o acometida.<\/li>\n<li>Los gastos derivados del pago de seguros, cuando la localizaci\u00f3n del riesgo o del compromiso se produzca en territorio navarro.<\/li>\n<li>Los gastos relacionados con la cesi\u00f3n de uso o arrendamiento de bienes inmuebles, cuando dichos bienes radiquen en territorio navarro.<\/li>\n<li>Los gastos de hosteler\u00eda y restauraci\u00f3n, cuando el servicio se preste en establecimientos situados en territorio navarro. Excepto para los servicios prestados por empresas de catering.<\/li>\n<\/ul>\n[\/vc_column_text][\/vc_column][\/vc_row]\n","protected":false},"excerpt":{"rendered":"<p>[vc_row type=\u00bbfull_width_background\u00bb full_screen_row_position=\u00bbmiddle\u00bb column_margin=\u00bbdefault\u00bb column_direction=\u00bbdefault\u00bb column_direction_tablet=\u00bbdefault\u00bb column_direction_phone=\u00bbdefault\u00bb bg_image=\u00bb43294&#8243; bg_position=\u00bbcenter center\u00bb background_image_loading=\u00bbdefault\u00bb bg_repeat=\u00bbno-repeat\u00bb scene_position=\u00bbtop\u00bb top_padding=\u00bb240&#8243; bottom_padding=\u00bb240&#8243; text_color=\u00bblight\u00bb text_align=\u00bbleft\u00bb row_border_radius=\u00bbnone\u00bb row_border_radius_applies=\u00bbbg\u00bb overflow=\u00bbvisible\u00bb color_overlay=\u00bb#000000&#8243; advanced_gradient_angle=\u00bb0&#8243; overlay_strength=\u00bb0.3&#8243; gradient_direction=\u00bbleft_to_right\u00bb shape_divider_position=\u00bbbottom\u00bb bg_image_animation=\u00bbnone\u00bb gradient_type=\u00bbdefault\u00bb shape_type=\u00bb\u00bb][vc_column column_padding=\u00bbno-extra-padding\u00bb column_padding_tablet=\u00bbinherit\u00bb column_padding_phone=\u00bbinherit\u00bb column_padding_position=\u00bball\u00bb column_element_spacing=\u00bbdefault\u00bb background_color_opacity=\u00bb1&#8243; background_hover_color_opacity=\u00bb1&#8243; column_shadow=\u00bbnone\u00bb column_border_radius=\u00bbnone\u00bb column_link_target=\u00bb_self\u00bb column_position=\u00bbdefault\u00bb gradient_direction=\u00bbleft_to_right\u00bb overlay_strength=\u00bb0.3&#8243; width=\u00bb1\/1&#8243; tablet_width_inherit=\u00bbdefault\u00bb tablet_text_alignment=\u00bbdefault\u00bb phone_text_alignment=\u00bbdefault\u00bb animation_type=\u00bbdefault\u00bb bg_image_animation=\u00bbnone\u00bb border_type=\u00bbsimple\u00bb column_border_width=\u00bbnone\u00bb column_border_style=\u00bbsolid\u00bb][vc_column_text] Incentivo fiscal audiovisual en Navarra [\/vc_column_text][\/vc_column][\/vc_row][vc_row type=\u00bbfull_width_background\u00bb full_screen_row_position=\u00bbmiddle\u00bb column_margin=\u00bbdefault\u00bb column_direction=\u00bbdefault\u00bb column_direction_tablet=\u00bbdefault\u00bb column_direction_phone=\u00bbdefault\u00bb bg_color=\u00bb#f5f5f5&#8243; scene_position=\u00bbcenter\u00bb top_padding=\u00bb30px\u00bb constrain_group_1=\u00bbyes\u00bb bottom_padding=\u00bb30px\u00bb bottom_margin=\u00bb50&#8243; text_color=\u00bbdark\u00bb text_align=\u00bbleft\u00bb row_border_radius=\u00bbnone\u00bb row_border_radius_applies=\u00bbbg\u00bb overflow=\u00bbvisible\u00bb advanced_gradient_angle=\u00bb0&#8243; overlay_strength=\u00bb0.3&#8243; gradient_direction=\u00bbleft_to_right\u00bb shape_divider_position=\u00bbbottom\u00bb bg_image_animation=\u00bbnone\u00bb gradient_type=\u00bbdefault\u00bb shape_type=\u00bb\u00bb][vc_column column_padding=\u00bbpadding-3-percent\u00bb column_padding_tablet=\u00bbinherit\u00bb column_padding_phone=\u00bbinherit\u00bb column_padding_position=\u00bball\u00bb column_element_spacing=\u00bbdefault\u00bb background_color_opacity=\u00bb1&#8243; background_hover_color_opacity=\u00bb1&#8243; column_shadow=\u00bbnone\u00bb column_border_radius=\u00bbnone\u00bb column_link_target=\u00bb_self\u00bb column_position=\u00bbdefault\u00bb el_class=\u00bbtxtdcha\u00bb advanced_gradient_angle=\u00bb0&#8243; gradient_direction=\u00bbleft_to_right\u00bb overlay_strength=\u00bb0.3&#8243; width=\u00bb1\/2&#8243; tablet_width_inherit=\u00bbdefault\u00bb tablet_text_alignment=\u00bbdefault\u00bb phone_text_alignment=\u00bbdefault\u00bb animation_type=\u00bbdefault\u00bb bg_image_animation=\u00bbnone\u00bb border_type=\u00bbsimple\u00bb column_border_width=\u00bbnone\u00bb column_border_style=\u00bbsolid\u00bb gradient_type=\u00bbdefault\u00bb][vc_column_text]Deducci\u00f3n por inversiones en pel\u00edculas cinematogr\u00e1ficas y otras obras audiovisuales (Ley Foral 26\/2016 del Impuesto de Sociedades de Navarra, art\u00edculo 65)[\/vc_column_text][\/vc_column][vc_column column_padding=\u00bbpadding-3-percent\u00bb column_padding_tablet=\u00bbinherit\u00bb column_padding_phone=\u00bbinherit\u00bb column_padding_position=\u00bball\u00bb column_element_spacing=\u00bbdefault\u00bb background_color_opacity=\u00bb1&#8243; background_hover_color_opacity=\u00bb1&#8243; column_shadow=\u00bbnone\u00bb column_border_radius=\u00bbnone\u00bb column_link_target=\u00bb_self\u00bb column_position=\u00bbdefault\u00bb advanced_gradient_angle=\u00bb0&#8243; gradient_direction=\u00bbleft_to_right\u00bb overlay_strength=\u00bb0.3&#8243; width=\u00bb1\/2&#8243; tablet_width_inherit=\u00bbdefault\u00bb tablet_text_alignment=\u00bbdefault\u00bb phone_text_alignment=\u00bbdefault\u00bb animation_type=\u00bbdefault\u00bb bg_image_animation=\u00bbnone\u00bb border_type=\u00bbsimple\u00bb column_border_width=\u00bbnone\u00bb column_border_style=\u00bbsolid\u00bb gradient_type=\u00bbdefault\u00bb][vc_column_text]M\u00e1s informaci\u00f3n en: www.culturanavarra.es\/es\/informacion-general validacion.incentivo.audiovisual@navarra.es Tel: 848 43 35 05 | 848 42 47 58[\/vc_column_text][nectar_btn size=\u00bbmedium\u00bb open_new_tab=\u00bbtrue\u00bb button_style=\u00bbregular\u00bb button_color_2=\u00bbAccent-Color\u00bb icon_family=\u00bbnone\u00bb text=\u00bbGU\u00cdA INCENTIVO\u00bb url=\u00bbhttps:\/\/www.navarrafilmindustry.com\/wp-content\/uploads\/2026\/01\/Guia-incentivo-2026.pdf\u00bb][nectar_btn size=\u00bbmedium\u00bb open_new_tab=\u00bbtrue\u00bb button_style=\u00bbregular\u00bb button_color_2=\u00bbAccent-Color\u00bb icon_family=\u00bbnone\u00bb text=\u00bbPREGUNTAS INCENTIVO\u00bb url=\u00bbhttps:\/\/www.navarrafilmindustry.com\/wp-content\/uploads\/2026\/01\/Incentivo-FAQs-2026.pdf\u00bb][\/vc_column][\/vc_row][vc_row type=\u00bbfull_width_background\u00bb full_screen_row_position=\u00bbmiddle\u00bb column_margin=\u00bbdefault\u00bb column_direction=\u00bbdefault\u00bb column_direction_tablet=\u00bbdefault\u00bb column_direction_phone=\u00bbdefault\u00bb scene_position=\u00bbcenter\u00bb top_padding=\u00bb30px\u00bb constrain_group_1=\u00bbyes\u00bb bottom_padding=\u00bb30px\u00bb bottom_margin=\u00bb50&#8243; text_color=\u00bbdark\u00bb text_align=\u00bbleft\u00bb row_border_radius=\u00bbnone\u00bb row_border_radius_applies=\u00bbbg\u00bb overflow=\u00bbvisible\u00bb advanced_gradient_angle=\u00bb0&#8243; overlay_strength=\u00bb0.3&#8243; gradient_direction=\u00bbleft_to_right\u00bb shape_divider_position=\u00bbbottom\u00bb bg_image_animation=\u00bbnone\u00bb gradient_type=\u00bbdefault\u00bb shape_type=\u00bb\u00bb][vc_column column_padding=\u00bbpadding-3-percent\u00bb column_padding_tablet=\u00bbinherit\u00bb column_padding_phone=\u00bbinherit\u00bb column_padding_position=\u00bball\u00bb column_element_spacing=\u00bbdefault\u00bb background_color_opacity=\u00bb1&#8243; background_hover_color_opacity=\u00bb1&#8243; column_shadow=\u00bbnone\u00bb column_border_radius=\u00bbnone\u00bb column_link_target=\u00bb_self\u00bb column_position=\u00bbdefault\u00bb advanced_gradient_angle=\u00bb0&#8243; gradient_direction=\u00bbleft_to_right\u00bb overlay_strength=\u00bb0.3&#8243; width=\u00bb1\/3&#8243; tablet_width_inherit=\u00bbdefault\u00bb tablet_text_alignment=\u00bbdefault\u00bb phone_text_alignment=\u00bbdefault\u00bb animation_type=\u00bbdefault\u00bb bg_image_animation=\u00bbnone\u00bb border_type=\u00bbsimple\u00bb column_border_width=\u00bbnone\u00bb column_border_style=\u00bbsolid\u00bb gradient_type=\u00bbdefault\u00bb][\/vc_column][vc_column column_padding=\u00bbno-extra-padding\u00bb column_padding_tablet=\u00bbinherit\u00bb column_padding_phone=\u00bbinherit\u00bb column_padding_position=\u00bball\u00bb column_element_spacing=\u00bbdefault\u00bb background_color_opacity=\u00bb1&#8243; background_hover_color_opacity=\u00bb1&#8243; column_shadow=\u00bbnone\u00bb column_border_radius=\u00bbnone\u00bb column_link_target=\u00bb_self\u00bb column_position=\u00bbdefault\u00bb gradient_direction=\u00bbleft_to_right\u00bb overlay_strength=\u00bb0.3&#8243; width=\u00bb1\/3&#8243; tablet_width_inherit=\u00bbdefault\u00bb tablet_text_alignment=\u00bbdefault\u00bb phone_text_alignment=\u00bbdefault\u00bb animation_type=\u00bbdefault\u00bb bg_image_animation=\u00bbnone\u00bb border_type=\u00bbsimple\u00bb column_border_width=\u00bbnone\u00bb column_border_style=\u00bbsolid\u00bb][vc_custom_heading text=\u00bbDestinatarios\u00bb font_container=\u00bbtag:h2|text_align:center\u00bb use_theme_fonts=\u00bbyes\u00bb][\/vc_column][vc_column column_padding=\u00bbno-extra-padding\u00bb column_padding_tablet=\u00bbinherit\u00bb column_padding_phone=\u00bbinherit\u00bb column_padding_position=\u00bball\u00bb column_element_spacing=\u00bbdefault\u00bb background_color_opacity=\u00bb1&#8243; background_hover_color_opacity=\u00bb1&#8243; column_shadow=\u00bbnone\u00bb column_border_radius=\u00bbnone\u00bb column_link_target=\u00bb_self\u00bb column_position=\u00bbdefault\u00bb gradient_direction=\u00bbleft_to_right\u00bb overlay_strength=\u00bb0.3&#8243; width=\u00bb1\/3&#8243; tablet_width_inherit=\u00bbdefault\u00bb tablet_text_alignment=\u00bbdefault\u00bb phone_text_alignment=\u00bbdefault\u00bb animation_type=\u00bbdefault\u00bb bg_image_animation=\u00bbnone\u00bb border_type=\u00bbsimple\u00bb column_border_width=\u00bbnone\u00bb column_border_style=\u00bbsolid\u00bb][\/vc_column][\/vc_row][vc_row type=\u00bbin_container\u00bb full_screen_row_position=\u00bbmiddle\u00bb column_margin=\u00bbdefault\u00bb column_direction=\u00bbdefault\u00bb column_direction_tablet=\u00bbdefault\u00bb column_direction_phone=\u00bbdefault\u00bb scene_position=\u00bbcenter\u00bb text_color=\u00bbdark\u00bb text_align=\u00bbleft\u00bb row_border_radius=\u00bbnone\u00bb row_border_radius_applies=\u00bbbg\u00bb overflow=\u00bbvisible\u00bb advanced_gradient_angle=\u00bb0&#8243; overlay_strength=\u00bb0.3&#8243; gradient_direction=\u00bbleft_to_right\u00bb shape_divider_position=\u00bbbottom\u00bb bg_image_animation=\u00bbnone\u00bb gradient_type=\u00bbdefault\u00bb shape_type=\u00bb\u00bb][vc_column column_padding=\u00bbno-extra-padding\u00bb column_padding_tablet=\u00bbinherit\u00bb column_padding_phone=\u00bbinherit\u00bb column_padding_position=\u00bball\u00bb column_element_spacing=\u00bbdefault\u00bb background_color_opacity=\u00bb1&#8243; background_hover_color_opacity=\u00bb1&#8243; column_shadow=\u00bbnone\u00bb&#8230;<\/p>\n","protected":false},"author":1,"featured_media":0,"parent":12868,"menu_order":1,"comment_status":"closed","ping_status":"closed","template":"","meta":{"_acf_changed":false,"footnotes":""},"class_list":["post-12578","page","type-page","status-publish"],"acf":[],"yoast_head":"<!-- This site is optimized with the Yoast SEO plugin v23.7 - https:\/\/yoast.com\/wordpress\/plugins\/seo\/ -->\n<title>Incentivo fiscal audiovisual en Navarra - NFI<\/title>\n<meta name=\"robots\" content=\"index, follow, max-snippet:-1, max-image-preview:large, max-video-preview:-1\" \/>\n<link rel=\"canonical\" href=\"https:\/\/www.navarrafilmindustry.com\/es\/ven-a-navarra\/incentivo-fiscal-audiovisual-en-navarra\/\" \/>\n<meta property=\"og:locale\" content=\"es_ES\" \/>\n<meta property=\"og:type\" content=\"article\" \/>\n<meta property=\"og:title\" content=\"Incentivo fiscal audiovisual en Navarra - NFI\" \/>\n<meta property=\"og:description\" content=\"[vc_row type=\u00bbfull_width_background\u00bb full_screen_row_position=\u00bbmiddle\u00bb column_margin=\u00bbdefault\u00bb column_direction=\u00bbdefault\u00bb column_direction_tablet=\u00bbdefault\u00bb column_direction_phone=\u00bbdefault\u00bb bg_image=\u00bb43294&#8243; bg_position=\u00bbcenter center\u00bb background_image_loading=\u00bbdefault\u00bb bg_repeat=\u00bbno-repeat\u00bb scene_position=\u00bbtop\u00bb top_padding=\u00bb240&#8243; bottom_padding=\u00bb240&#8243; text_color=\u00bblight\u00bb text_align=\u00bbleft\u00bb row_border_radius=\u00bbnone\u00bb row_border_radius_applies=\u00bbbg\u00bb overflow=\u00bbvisible\u00bb color_overlay=\u00bb#000000&#8243; advanced_gradient_angle=\u00bb0&#8243; overlay_strength=\u00bb0.3&#8243; gradient_direction=\u00bbleft_to_right\u00bb shape_divider_position=\u00bbbottom\u00bb bg_image_animation=\u00bbnone\u00bb gradient_type=\u00bbdefault\u00bb shape_type=\u00bb\u00bb][vc_column column_padding=\u00bbno-extra-padding\u00bb column_padding_tablet=\u00bbinherit\u00bb column_padding_phone=\u00bbinherit\u00bb column_padding_position=\u00bball\u00bb column_element_spacing=\u00bbdefault\u00bb background_color_opacity=\u00bb1&#8243; background_hover_color_opacity=\u00bb1&#8243; column_shadow=\u00bbnone\u00bb column_border_radius=\u00bbnone\u00bb column_link_target=\u00bb_self\u00bb column_position=\u00bbdefault\u00bb gradient_direction=\u00bbleft_to_right\u00bb overlay_strength=\u00bb0.3&#8243; width=\u00bb1\/1&#8243; tablet_width_inherit=\u00bbdefault\u00bb tablet_text_alignment=\u00bbdefault\u00bb phone_text_alignment=\u00bbdefault\u00bb animation_type=\u00bbdefault\u00bb bg_image_animation=\u00bbnone\u00bb border_type=\u00bbsimple\u00bb column_border_width=\u00bbnone\u00bb column_border_style=\u00bbsolid\u00bb][vc_column_text] Incentivo fiscal audiovisual en Navarra [\/vc_column_text][\/vc_column][\/vc_row][vc_row type=\u00bbfull_width_background\u00bb full_screen_row_position=\u00bbmiddle\u00bb column_margin=\u00bbdefault\u00bb column_direction=\u00bbdefault\u00bb column_direction_tablet=\u00bbdefault\u00bb column_direction_phone=\u00bbdefault\u00bb bg_color=\u00bb#f5f5f5&#8243; scene_position=\u00bbcenter\u00bb top_padding=\u00bb30px\u00bb constrain_group_1=\u00bbyes\u00bb bottom_padding=\u00bb30px\u00bb bottom_margin=\u00bb50&#8243; text_color=\u00bbdark\u00bb text_align=\u00bbleft\u00bb row_border_radius=\u00bbnone\u00bb row_border_radius_applies=\u00bbbg\u00bb overflow=\u00bbvisible\u00bb advanced_gradient_angle=\u00bb0&#8243; overlay_strength=\u00bb0.3&#8243; gradient_direction=\u00bbleft_to_right\u00bb shape_divider_position=\u00bbbottom\u00bb bg_image_animation=\u00bbnone\u00bb gradient_type=\u00bbdefault\u00bb shape_type=\u00bb\u00bb][vc_column column_padding=\u00bbpadding-3-percent\u00bb column_padding_tablet=\u00bbinherit\u00bb column_padding_phone=\u00bbinherit\u00bb column_padding_position=\u00bball\u00bb column_element_spacing=\u00bbdefault\u00bb background_color_opacity=\u00bb1&#8243; background_hover_color_opacity=\u00bb1&#8243; column_shadow=\u00bbnone\u00bb column_border_radius=\u00bbnone\u00bb column_link_target=\u00bb_self\u00bb column_position=\u00bbdefault\u00bb el_class=\u00bbtxtdcha\u00bb advanced_gradient_angle=\u00bb0&#8243; gradient_direction=\u00bbleft_to_right\u00bb overlay_strength=\u00bb0.3&#8243; width=\u00bb1\/2&#8243; tablet_width_inherit=\u00bbdefault\u00bb tablet_text_alignment=\u00bbdefault\u00bb phone_text_alignment=\u00bbdefault\u00bb animation_type=\u00bbdefault\u00bb bg_image_animation=\u00bbnone\u00bb border_type=\u00bbsimple\u00bb column_border_width=\u00bbnone\u00bb column_border_style=\u00bbsolid\u00bb gradient_type=\u00bbdefault\u00bb][vc_column_text]Deducci\u00f3n por inversiones en pel\u00edculas cinematogr\u00e1ficas y otras obras audiovisuales (Ley Foral 26\/2016 del Impuesto de Sociedades de Navarra, art\u00edculo 65)[\/vc_column_text][\/vc_column][vc_column column_padding=\u00bbpadding-3-percent\u00bb column_padding_tablet=\u00bbinherit\u00bb column_padding_phone=\u00bbinherit\u00bb column_padding_position=\u00bball\u00bb column_element_spacing=\u00bbdefault\u00bb background_color_opacity=\u00bb1&#8243; background_hover_color_opacity=\u00bb1&#8243; column_shadow=\u00bbnone\u00bb column_border_radius=\u00bbnone\u00bb column_link_target=\u00bb_self\u00bb column_position=\u00bbdefault\u00bb advanced_gradient_angle=\u00bb0&#8243; gradient_direction=\u00bbleft_to_right\u00bb overlay_strength=\u00bb0.3&#8243; width=\u00bb1\/2&#8243; tablet_width_inherit=\u00bbdefault\u00bb tablet_text_alignment=\u00bbdefault\u00bb phone_text_alignment=\u00bbdefault\u00bb animation_type=\u00bbdefault\u00bb bg_image_animation=\u00bbnone\u00bb border_type=\u00bbsimple\u00bb column_border_width=\u00bbnone\u00bb column_border_style=\u00bbsolid\u00bb gradient_type=\u00bbdefault\u00bb][vc_column_text]M\u00e1s informaci\u00f3n en: www.culturanavarra.es\/es\/informacion-general validacion.incentivo.audiovisual@navarra.es Tel: 848 43 35 05 | 848 42 47 58[\/vc_column_text][nectar_btn size=\u00bbmedium\u00bb open_new_tab=\u00bbtrue\u00bb button_style=\u00bbregular\u00bb button_color_2=\u00bbAccent-Color\u00bb icon_family=\u00bbnone\u00bb text=\u00bbGU\u00cdA INCENTIVO\u00bb url=\u00bbhttps:\/\/www.navarrafilmindustry.com\/wp-content\/uploads\/2026\/01\/Guia-incentivo-2026.pdf\u00bb][nectar_btn size=\u00bbmedium\u00bb open_new_tab=\u00bbtrue\u00bb button_style=\u00bbregular\u00bb button_color_2=\u00bbAccent-Color\u00bb icon_family=\u00bbnone\u00bb text=\u00bbPREGUNTAS INCENTIVO\u00bb url=\u00bbhttps:\/\/www.navarrafilmindustry.com\/wp-content\/uploads\/2026\/01\/Incentivo-FAQs-2026.pdf\u00bb][\/vc_column][\/vc_row][vc_row type=\u00bbfull_width_background\u00bb full_screen_row_position=\u00bbmiddle\u00bb column_margin=\u00bbdefault\u00bb column_direction=\u00bbdefault\u00bb column_direction_tablet=\u00bbdefault\u00bb column_direction_phone=\u00bbdefault\u00bb scene_position=\u00bbcenter\u00bb top_padding=\u00bb30px\u00bb constrain_group_1=\u00bbyes\u00bb bottom_padding=\u00bb30px\u00bb bottom_margin=\u00bb50&#8243; text_color=\u00bbdark\u00bb text_align=\u00bbleft\u00bb row_border_radius=\u00bbnone\u00bb row_border_radius_applies=\u00bbbg\u00bb overflow=\u00bbvisible\u00bb advanced_gradient_angle=\u00bb0&#8243; overlay_strength=\u00bb0.3&#8243; gradient_direction=\u00bbleft_to_right\u00bb shape_divider_position=\u00bbbottom\u00bb bg_image_animation=\u00bbnone\u00bb gradient_type=\u00bbdefault\u00bb shape_type=\u00bb\u00bb][vc_column column_padding=\u00bbpadding-3-percent\u00bb column_padding_tablet=\u00bbinherit\u00bb column_padding_phone=\u00bbinherit\u00bb column_padding_position=\u00bball\u00bb column_element_spacing=\u00bbdefault\u00bb background_color_opacity=\u00bb1&#8243; background_hover_color_opacity=\u00bb1&#8243; column_shadow=\u00bbnone\u00bb column_border_radius=\u00bbnone\u00bb column_link_target=\u00bb_self\u00bb column_position=\u00bbdefault\u00bb advanced_gradient_angle=\u00bb0&#8243; gradient_direction=\u00bbleft_to_right\u00bb overlay_strength=\u00bb0.3&#8243; width=\u00bb1\/3&#8243; tablet_width_inherit=\u00bbdefault\u00bb tablet_text_alignment=\u00bbdefault\u00bb phone_text_alignment=\u00bbdefault\u00bb animation_type=\u00bbdefault\u00bb bg_image_animation=\u00bbnone\u00bb border_type=\u00bbsimple\u00bb column_border_width=\u00bbnone\u00bb column_border_style=\u00bbsolid\u00bb gradient_type=\u00bbdefault\u00bb][\/vc_column][vc_column column_padding=\u00bbno-extra-padding\u00bb column_padding_tablet=\u00bbinherit\u00bb column_padding_phone=\u00bbinherit\u00bb column_padding_position=\u00bball\u00bb column_element_spacing=\u00bbdefault\u00bb background_color_opacity=\u00bb1&#8243; background_hover_color_opacity=\u00bb1&#8243; column_shadow=\u00bbnone\u00bb column_border_radius=\u00bbnone\u00bb column_link_target=\u00bb_self\u00bb column_position=\u00bbdefault\u00bb gradient_direction=\u00bbleft_to_right\u00bb overlay_strength=\u00bb0.3&#8243; width=\u00bb1\/3&#8243; tablet_width_inherit=\u00bbdefault\u00bb tablet_text_alignment=\u00bbdefault\u00bb phone_text_alignment=\u00bbdefault\u00bb animation_type=\u00bbdefault\u00bb bg_image_animation=\u00bbnone\u00bb border_type=\u00bbsimple\u00bb column_border_width=\u00bbnone\u00bb column_border_style=\u00bbsolid\u00bb][vc_custom_heading text=\u00bbDestinatarios\u00bb font_container=\u00bbtag:h2|text_align:center\u00bb use_theme_fonts=\u00bbyes\u00bb][\/vc_column][vc_column column_padding=\u00bbno-extra-padding\u00bb column_padding_tablet=\u00bbinherit\u00bb column_padding_phone=\u00bbinherit\u00bb column_padding_position=\u00bball\u00bb column_element_spacing=\u00bbdefault\u00bb background_color_opacity=\u00bb1&#8243; background_hover_color_opacity=\u00bb1&#8243; column_shadow=\u00bbnone\u00bb column_border_radius=\u00bbnone\u00bb column_link_target=\u00bb_self\u00bb column_position=\u00bbdefault\u00bb gradient_direction=\u00bbleft_to_right\u00bb overlay_strength=\u00bb0.3&#8243; width=\u00bb1\/3&#8243; tablet_width_inherit=\u00bbdefault\u00bb tablet_text_alignment=\u00bbdefault\u00bb phone_text_alignment=\u00bbdefault\u00bb animation_type=\u00bbdefault\u00bb bg_image_animation=\u00bbnone\u00bb border_type=\u00bbsimple\u00bb column_border_width=\u00bbnone\u00bb column_border_style=\u00bbsolid\u00bb][\/vc_column][\/vc_row][vc_row type=\u00bbin_container\u00bb full_screen_row_position=\u00bbmiddle\u00bb column_margin=\u00bbdefault\u00bb column_direction=\u00bbdefault\u00bb column_direction_tablet=\u00bbdefault\u00bb column_direction_phone=\u00bbdefault\u00bb scene_position=\u00bbcenter\u00bb text_color=\u00bbdark\u00bb text_align=\u00bbleft\u00bb row_border_radius=\u00bbnone\u00bb row_border_radius_applies=\u00bbbg\u00bb overflow=\u00bbvisible\u00bb advanced_gradient_angle=\u00bb0&#8243; overlay_strength=\u00bb0.3&#8243; gradient_direction=\u00bbleft_to_right\u00bb shape_divider_position=\u00bbbottom\u00bb bg_image_animation=\u00bbnone\u00bb gradient_type=\u00bbdefault\u00bb shape_type=\u00bb\u00bb][vc_column column_padding=\u00bbno-extra-padding\u00bb column_padding_tablet=\u00bbinherit\u00bb column_padding_phone=\u00bbinherit\u00bb column_padding_position=\u00bball\u00bb column_element_spacing=\u00bbdefault\u00bb background_color_opacity=\u00bb1&#8243; background_hover_color_opacity=\u00bb1&#8243; column_shadow=\u00bbnone\u00bb...\" \/>\n<meta property=\"og:url\" content=\"https:\/\/www.navarrafilmindustry.com\/es\/ven-a-navarra\/incentivo-fiscal-audiovisual-en-navarra\/\" \/>\n<meta property=\"og:site_name\" content=\"NFI\" \/>\n<meta property=\"article:modified_time\" content=\"2026-01-13T09:30:39+00:00\" \/>\n<meta name=\"twitter:card\" content=\"summary_large_image\" \/>\n<meta name=\"twitter:label1\" content=\"Tiempo de lectura\" \/>\n\t<meta name=\"twitter:data1\" content=\"16 minutos\" \/>\n<script type=\"application\/ld+json\" class=\"yoast-schema-graph\">{\"@context\":\"https:\/\/schema.org\",\"@graph\":[{\"@type\":\"WebPage\",\"@id\":\"https:\/\/www.navarrafilmindustry.com\/es\/ven-a-navarra\/incentivo-fiscal-audiovisual-en-navarra\/\",\"url\":\"https:\/\/www.navarrafilmindustry.com\/es\/ven-a-navarra\/incentivo-fiscal-audiovisual-en-navarra\/\",\"name\":\"Incentivo fiscal audiovisual en Navarra - NFI\",\"isPartOf\":{\"@id\":\"https:\/\/www.navarrafilmindustry.com\/eu\/#website\"},\"datePublished\":\"2022-09-15T10:35:40+00:00\",\"dateModified\":\"2026-01-13T09:30:39+00:00\",\"breadcrumb\":{\"@id\":\"https:\/\/www.navarrafilmindustry.com\/es\/ven-a-navarra\/incentivo-fiscal-audiovisual-en-navarra\/#breadcrumb\"},\"inLanguage\":\"es\",\"potentialAction\":[{\"@type\":\"ReadAction\",\"target\":[\"https:\/\/www.navarrafilmindustry.com\/es\/ven-a-navarra\/incentivo-fiscal-audiovisual-en-navarra\/\"]}]},{\"@type\":\"BreadcrumbList\",\"@id\":\"https:\/\/www.navarrafilmindustry.com\/es\/ven-a-navarra\/incentivo-fiscal-audiovisual-en-navarra\/#breadcrumb\",\"itemListElement\":[{\"@type\":\"ListItem\",\"position\":1,\"name\":\"Portada\",\"item\":\"https:\/\/www.navarrafilmindustry.com\/es\/\"},{\"@type\":\"ListItem\",\"position\":2,\"name\":\"Ven a Navarra\",\"item\":\"https:\/\/www.navarrafilmindustry.com\/es\/ven-a-navarra\/\"},{\"@type\":\"ListItem\",\"position\":3,\"name\":\"Incentivo fiscal audiovisual en Navarra\"}]},{\"@type\":\"WebSite\",\"@id\":\"https:\/\/www.navarrafilmindustry.com\/eu\/#website\",\"url\":\"https:\/\/www.navarrafilmindustry.com\/eu\/\",\"name\":\"NFI\",\"description\":\"\",\"potentialAction\":[{\"@type\":\"SearchAction\",\"target\":{\"@type\":\"EntryPoint\",\"urlTemplate\":\"https:\/\/www.navarrafilmindustry.com\/eu\/?s={search_term_string}\"},\"query-input\":{\"@type\":\"PropertyValueSpecification\",\"valueRequired\":true,\"valueName\":\"search_term_string\"}}],\"inLanguage\":\"es\"}]}<\/script>\n<!-- \/ Yoast SEO plugin. -->","yoast_head_json":{"title":"Incentivo fiscal audiovisual en Navarra - NFI","robots":{"index":"index","follow":"follow","max-snippet":"max-snippet:-1","max-image-preview":"max-image-preview:large","max-video-preview":"max-video-preview:-1"},"canonical":"https:\/\/www.navarrafilmindustry.com\/es\/ven-a-navarra\/incentivo-fiscal-audiovisual-en-navarra\/","og_locale":"es_ES","og_type":"article","og_title":"Incentivo fiscal audiovisual en Navarra - NFI","og_description":"[vc_row type=\u00bbfull_width_background\u00bb full_screen_row_position=\u00bbmiddle\u00bb column_margin=\u00bbdefault\u00bb column_direction=\u00bbdefault\u00bb column_direction_tablet=\u00bbdefault\u00bb column_direction_phone=\u00bbdefault\u00bb bg_image=\u00bb43294&#8243; bg_position=\u00bbcenter center\u00bb background_image_loading=\u00bbdefault\u00bb bg_repeat=\u00bbno-repeat\u00bb scene_position=\u00bbtop\u00bb top_padding=\u00bb240&#8243; bottom_padding=\u00bb240&#8243; text_color=\u00bblight\u00bb text_align=\u00bbleft\u00bb row_border_radius=\u00bbnone\u00bb row_border_radius_applies=\u00bbbg\u00bb overflow=\u00bbvisible\u00bb color_overlay=\u00bb#000000&#8243; advanced_gradient_angle=\u00bb0&#8243; overlay_strength=\u00bb0.3&#8243; gradient_direction=\u00bbleft_to_right\u00bb shape_divider_position=\u00bbbottom\u00bb bg_image_animation=\u00bbnone\u00bb gradient_type=\u00bbdefault\u00bb shape_type=\u00bb\u00bb][vc_column column_padding=\u00bbno-extra-padding\u00bb column_padding_tablet=\u00bbinherit\u00bb column_padding_phone=\u00bbinherit\u00bb column_padding_position=\u00bball\u00bb column_element_spacing=\u00bbdefault\u00bb background_color_opacity=\u00bb1&#8243; background_hover_color_opacity=\u00bb1&#8243; column_shadow=\u00bbnone\u00bb column_border_radius=\u00bbnone\u00bb column_link_target=\u00bb_self\u00bb column_position=\u00bbdefault\u00bb gradient_direction=\u00bbleft_to_right\u00bb overlay_strength=\u00bb0.3&#8243; width=\u00bb1\/1&#8243; tablet_width_inherit=\u00bbdefault\u00bb tablet_text_alignment=\u00bbdefault\u00bb phone_text_alignment=\u00bbdefault\u00bb animation_type=\u00bbdefault\u00bb bg_image_animation=\u00bbnone\u00bb border_type=\u00bbsimple\u00bb column_border_width=\u00bbnone\u00bb column_border_style=\u00bbsolid\u00bb][vc_column_text] Incentivo fiscal audiovisual en Navarra [\/vc_column_text][\/vc_column][\/vc_row][vc_row type=\u00bbfull_width_background\u00bb full_screen_row_position=\u00bbmiddle\u00bb column_margin=\u00bbdefault\u00bb column_direction=\u00bbdefault\u00bb column_direction_tablet=\u00bbdefault\u00bb column_direction_phone=\u00bbdefault\u00bb bg_color=\u00bb#f5f5f5&#8243; scene_position=\u00bbcenter\u00bb top_padding=\u00bb30px\u00bb constrain_group_1=\u00bbyes\u00bb bottom_padding=\u00bb30px\u00bb bottom_margin=\u00bb50&#8243; text_color=\u00bbdark\u00bb text_align=\u00bbleft\u00bb row_border_radius=\u00bbnone\u00bb row_border_radius_applies=\u00bbbg\u00bb overflow=\u00bbvisible\u00bb advanced_gradient_angle=\u00bb0&#8243; overlay_strength=\u00bb0.3&#8243; gradient_direction=\u00bbleft_to_right\u00bb shape_divider_position=\u00bbbottom\u00bb bg_image_animation=\u00bbnone\u00bb gradient_type=\u00bbdefault\u00bb shape_type=\u00bb\u00bb][vc_column column_padding=\u00bbpadding-3-percent\u00bb column_padding_tablet=\u00bbinherit\u00bb column_padding_phone=\u00bbinherit\u00bb column_padding_position=\u00bball\u00bb column_element_spacing=\u00bbdefault\u00bb background_color_opacity=\u00bb1&#8243; background_hover_color_opacity=\u00bb1&#8243; column_shadow=\u00bbnone\u00bb column_border_radius=\u00bbnone\u00bb column_link_target=\u00bb_self\u00bb column_position=\u00bbdefault\u00bb el_class=\u00bbtxtdcha\u00bb advanced_gradient_angle=\u00bb0&#8243; gradient_direction=\u00bbleft_to_right\u00bb overlay_strength=\u00bb0.3&#8243; width=\u00bb1\/2&#8243; tablet_width_inherit=\u00bbdefault\u00bb tablet_text_alignment=\u00bbdefault\u00bb phone_text_alignment=\u00bbdefault\u00bb animation_type=\u00bbdefault\u00bb bg_image_animation=\u00bbnone\u00bb border_type=\u00bbsimple\u00bb column_border_width=\u00bbnone\u00bb column_border_style=\u00bbsolid\u00bb gradient_type=\u00bbdefault\u00bb][vc_column_text]Deducci\u00f3n por inversiones en pel\u00edculas cinematogr\u00e1ficas y otras obras audiovisuales (Ley Foral 26\/2016 del Impuesto de Sociedades de Navarra, art\u00edculo 65)[\/vc_column_text][\/vc_column][vc_column column_padding=\u00bbpadding-3-percent\u00bb column_padding_tablet=\u00bbinherit\u00bb column_padding_phone=\u00bbinherit\u00bb column_padding_position=\u00bball\u00bb column_element_spacing=\u00bbdefault\u00bb background_color_opacity=\u00bb1&#8243; background_hover_color_opacity=\u00bb1&#8243; column_shadow=\u00bbnone\u00bb column_border_radius=\u00bbnone\u00bb column_link_target=\u00bb_self\u00bb column_position=\u00bbdefault\u00bb advanced_gradient_angle=\u00bb0&#8243; gradient_direction=\u00bbleft_to_right\u00bb overlay_strength=\u00bb0.3&#8243; width=\u00bb1\/2&#8243; tablet_width_inherit=\u00bbdefault\u00bb tablet_text_alignment=\u00bbdefault\u00bb phone_text_alignment=\u00bbdefault\u00bb animation_type=\u00bbdefault\u00bb bg_image_animation=\u00bbnone\u00bb border_type=\u00bbsimple\u00bb column_border_width=\u00bbnone\u00bb column_border_style=\u00bbsolid\u00bb gradient_type=\u00bbdefault\u00bb][vc_column_text]M\u00e1s informaci\u00f3n en: www.culturanavarra.es\/es\/informacion-general validacion.incentivo.audiovisual@navarra.es Tel: 848 43 35 05 | 848 42 47 58[\/vc_column_text][nectar_btn size=\u00bbmedium\u00bb open_new_tab=\u00bbtrue\u00bb button_style=\u00bbregular\u00bb button_color_2=\u00bbAccent-Color\u00bb icon_family=\u00bbnone\u00bb text=\u00bbGU\u00cdA INCENTIVO\u00bb url=\u00bbhttps:\/\/www.navarrafilmindustry.com\/wp-content\/uploads\/2026\/01\/Guia-incentivo-2026.pdf\u00bb][nectar_btn size=\u00bbmedium\u00bb open_new_tab=\u00bbtrue\u00bb button_style=\u00bbregular\u00bb button_color_2=\u00bbAccent-Color\u00bb icon_family=\u00bbnone\u00bb text=\u00bbPREGUNTAS INCENTIVO\u00bb url=\u00bbhttps:\/\/www.navarrafilmindustry.com\/wp-content\/uploads\/2026\/01\/Incentivo-FAQs-2026.pdf\u00bb][\/vc_column][\/vc_row][vc_row type=\u00bbfull_width_background\u00bb full_screen_row_position=\u00bbmiddle\u00bb column_margin=\u00bbdefault\u00bb column_direction=\u00bbdefault\u00bb column_direction_tablet=\u00bbdefault\u00bb column_direction_phone=\u00bbdefault\u00bb scene_position=\u00bbcenter\u00bb top_padding=\u00bb30px\u00bb constrain_group_1=\u00bbyes\u00bb bottom_padding=\u00bb30px\u00bb bottom_margin=\u00bb50&#8243; text_color=\u00bbdark\u00bb text_align=\u00bbleft\u00bb row_border_radius=\u00bbnone\u00bb row_border_radius_applies=\u00bbbg\u00bb overflow=\u00bbvisible\u00bb advanced_gradient_angle=\u00bb0&#8243; overlay_strength=\u00bb0.3&#8243; gradient_direction=\u00bbleft_to_right\u00bb shape_divider_position=\u00bbbottom\u00bb bg_image_animation=\u00bbnone\u00bb gradient_type=\u00bbdefault\u00bb shape_type=\u00bb\u00bb][vc_column column_padding=\u00bbpadding-3-percent\u00bb column_padding_tablet=\u00bbinherit\u00bb column_padding_phone=\u00bbinherit\u00bb column_padding_position=\u00bball\u00bb column_element_spacing=\u00bbdefault\u00bb background_color_opacity=\u00bb1&#8243; background_hover_color_opacity=\u00bb1&#8243; column_shadow=\u00bbnone\u00bb column_border_radius=\u00bbnone\u00bb column_link_target=\u00bb_self\u00bb column_position=\u00bbdefault\u00bb advanced_gradient_angle=\u00bb0&#8243; gradient_direction=\u00bbleft_to_right\u00bb overlay_strength=\u00bb0.3&#8243; width=\u00bb1\/3&#8243; tablet_width_inherit=\u00bbdefault\u00bb tablet_text_alignment=\u00bbdefault\u00bb phone_text_alignment=\u00bbdefault\u00bb animation_type=\u00bbdefault\u00bb bg_image_animation=\u00bbnone\u00bb border_type=\u00bbsimple\u00bb column_border_width=\u00bbnone\u00bb column_border_style=\u00bbsolid\u00bb gradient_type=\u00bbdefault\u00bb][\/vc_column][vc_column column_padding=\u00bbno-extra-padding\u00bb column_padding_tablet=\u00bbinherit\u00bb column_padding_phone=\u00bbinherit\u00bb column_padding_position=\u00bball\u00bb column_element_spacing=\u00bbdefault\u00bb background_color_opacity=\u00bb1&#8243; background_hover_color_opacity=\u00bb1&#8243; column_shadow=\u00bbnone\u00bb column_border_radius=\u00bbnone\u00bb column_link_target=\u00bb_self\u00bb column_position=\u00bbdefault\u00bb gradient_direction=\u00bbleft_to_right\u00bb overlay_strength=\u00bb0.3&#8243; width=\u00bb1\/3&#8243; tablet_width_inherit=\u00bbdefault\u00bb tablet_text_alignment=\u00bbdefault\u00bb phone_text_alignment=\u00bbdefault\u00bb animation_type=\u00bbdefault\u00bb bg_image_animation=\u00bbnone\u00bb border_type=\u00bbsimple\u00bb column_border_width=\u00bbnone\u00bb column_border_style=\u00bbsolid\u00bb][vc_custom_heading text=\u00bbDestinatarios\u00bb font_container=\u00bbtag:h2|text_align:center\u00bb use_theme_fonts=\u00bbyes\u00bb][\/vc_column][vc_column column_padding=\u00bbno-extra-padding\u00bb column_padding_tablet=\u00bbinherit\u00bb column_padding_phone=\u00bbinherit\u00bb column_padding_position=\u00bball\u00bb column_element_spacing=\u00bbdefault\u00bb background_color_opacity=\u00bb1&#8243; background_hover_color_opacity=\u00bb1&#8243; column_shadow=\u00bbnone\u00bb column_border_radius=\u00bbnone\u00bb column_link_target=\u00bb_self\u00bb column_position=\u00bbdefault\u00bb gradient_direction=\u00bbleft_to_right\u00bb overlay_strength=\u00bb0.3&#8243; width=\u00bb1\/3&#8243; tablet_width_inherit=\u00bbdefault\u00bb tablet_text_alignment=\u00bbdefault\u00bb phone_text_alignment=\u00bbdefault\u00bb animation_type=\u00bbdefault\u00bb bg_image_animation=\u00bbnone\u00bb border_type=\u00bbsimple\u00bb column_border_width=\u00bbnone\u00bb column_border_style=\u00bbsolid\u00bb][\/vc_column][\/vc_row][vc_row type=\u00bbin_container\u00bb full_screen_row_position=\u00bbmiddle\u00bb column_margin=\u00bbdefault\u00bb column_direction=\u00bbdefault\u00bb column_direction_tablet=\u00bbdefault\u00bb column_direction_phone=\u00bbdefault\u00bb scene_position=\u00bbcenter\u00bb text_color=\u00bbdark\u00bb text_align=\u00bbleft\u00bb row_border_radius=\u00bbnone\u00bb row_border_radius_applies=\u00bbbg\u00bb overflow=\u00bbvisible\u00bb advanced_gradient_angle=\u00bb0&#8243; overlay_strength=\u00bb0.3&#8243; gradient_direction=\u00bbleft_to_right\u00bb shape_divider_position=\u00bbbottom\u00bb bg_image_animation=\u00bbnone\u00bb gradient_type=\u00bbdefault\u00bb shape_type=\u00bb\u00bb][vc_column column_padding=\u00bbno-extra-padding\u00bb column_padding_tablet=\u00bbinherit\u00bb column_padding_phone=\u00bbinherit\u00bb column_padding_position=\u00bball\u00bb column_element_spacing=\u00bbdefault\u00bb background_color_opacity=\u00bb1&#8243; background_hover_color_opacity=\u00bb1&#8243; column_shadow=\u00bbnone\u00bb...","og_url":"https:\/\/www.navarrafilmindustry.com\/es\/ven-a-navarra\/incentivo-fiscal-audiovisual-en-navarra\/","og_site_name":"NFI","article_modified_time":"2026-01-13T09:30:39+00:00","twitter_card":"summary_large_image","twitter_misc":{"Tiempo de lectura":"16 minutos"},"schema":{"@context":"https:\/\/schema.org","@graph":[{"@type":"WebPage","@id":"https:\/\/www.navarrafilmindustry.com\/es\/ven-a-navarra\/incentivo-fiscal-audiovisual-en-navarra\/","url":"https:\/\/www.navarrafilmindustry.com\/es\/ven-a-navarra\/incentivo-fiscal-audiovisual-en-navarra\/","name":"Incentivo fiscal audiovisual en Navarra - NFI","isPartOf":{"@id":"https:\/\/www.navarrafilmindustry.com\/eu\/#website"},"datePublished":"2022-09-15T10:35:40+00:00","dateModified":"2026-01-13T09:30:39+00:00","breadcrumb":{"@id":"https:\/\/www.navarrafilmindustry.com\/es\/ven-a-navarra\/incentivo-fiscal-audiovisual-en-navarra\/#breadcrumb"},"inLanguage":"es","potentialAction":[{"@type":"ReadAction","target":["https:\/\/www.navarrafilmindustry.com\/es\/ven-a-navarra\/incentivo-fiscal-audiovisual-en-navarra\/"]}]},{"@type":"BreadcrumbList","@id":"https:\/\/www.navarrafilmindustry.com\/es\/ven-a-navarra\/incentivo-fiscal-audiovisual-en-navarra\/#breadcrumb","itemListElement":[{"@type":"ListItem","position":1,"name":"Portada","item":"https:\/\/www.navarrafilmindustry.com\/es\/"},{"@type":"ListItem","position":2,"name":"Ven a Navarra","item":"https:\/\/www.navarrafilmindustry.com\/es\/ven-a-navarra\/"},{"@type":"ListItem","position":3,"name":"Incentivo fiscal audiovisual en Navarra"}]},{"@type":"WebSite","@id":"https:\/\/www.navarrafilmindustry.com\/eu\/#website","url":"https:\/\/www.navarrafilmindustry.com\/eu\/","name":"NFI","description":"","potentialAction":[{"@type":"SearchAction","target":{"@type":"EntryPoint","urlTemplate":"https:\/\/www.navarrafilmindustry.com\/eu\/?s={search_term_string}"},"query-input":{"@type":"PropertyValueSpecification","valueRequired":true,"valueName":"search_term_string"}}],"inLanguage":"es"}]}},"_links":{"self":[{"href":"https:\/\/www.navarrafilmindustry.com\/es\/wp-json\/wp\/v2\/pages\/12578"}],"collection":[{"href":"https:\/\/www.navarrafilmindustry.com\/es\/wp-json\/wp\/v2\/pages"}],"about":[{"href":"https:\/\/www.navarrafilmindustry.com\/es\/wp-json\/wp\/v2\/types\/page"}],"author":[{"embeddable":true,"href":"https:\/\/www.navarrafilmindustry.com\/es\/wp-json\/wp\/v2\/users\/1"}],"replies":[{"embeddable":true,"href":"https:\/\/www.navarrafilmindustry.com\/es\/wp-json\/wp\/v2\/comments?post=12578"}],"version-history":[{"count":66,"href":"https:\/\/www.navarrafilmindustry.com\/es\/wp-json\/wp\/v2\/pages\/12578\/revisions"}],"predecessor-version":[{"id":47663,"href":"https:\/\/www.navarrafilmindustry.com\/es\/wp-json\/wp\/v2\/pages\/12578\/revisions\/47663"}],"up":[{"embeddable":true,"href":"https:\/\/www.navarrafilmindustry.com\/es\/wp-json\/wp\/v2\/pages\/12868"}],"wp:attachment":[{"href":"https:\/\/www.navarrafilmindustry.com\/es\/wp-json\/wp\/v2\/media?parent=12578"}],"curies":[{"name":"wp","href":"https:\/\/api.w.org\/{rel}","templated":true}]}}