{"id":52584,"date":"2026-04-14T11:04:18","date_gmt":"2026-04-14T11:04:18","guid":{"rendered":"https:\/\/www.navarrafilmindustry.com\/?page_id=52584"},"modified":"2026-04-14T11:04:29","modified_gmt":"2026-04-14T11:04:29","slug":"curtas-vila-do-conde","status":"publish","type":"page","link":"https:\/\/www.navarrafilmindustry.com\/en\/festivales-y-mercados-con-presencia-nfi\/curtas-vila-do-conde\/","title":{"rendered":"Curtas Vila do Conde 2026"},"content":{"rendered":"[vc_row type=&#8221;full_width_background&#8221; full_screen_row_position=&#8221;middle&#8221; column_margin=&#8221;default&#8221; column_direction=&#8221;default&#8221; column_direction_tablet=&#8221;default&#8221; column_direction_phone=&#8221;default&#8221; bg_image=&#8221;52585&#8243; bg_position=&#8221;center center&#8221; background_image_loading=&#8221;default&#8221; bg_repeat=&#8221;no-repeat&#8221; scene_position=&#8221;top&#8221; top_padding=&#8221;160&#8243; bottom_padding=&#8221;160&#8243; text_color=&#8221;light&#8221; text_align=&#8221;left&#8221; row_border_radius=&#8221;none&#8221; row_border_radius_applies=&#8221;bg&#8221; overflow=&#8221;visible&#8221; color_overlay=&#8221;#000000&#8243; advanced_gradient_angle=&#8221;0&#8243; overlay_strength=&#8221;0.3&#8243; gradient_direction=&#8221;left_to_right&#8221; shape_divider_position=&#8221;bottom&#8221; bg_image_animation=&#8221;none&#8221; gradient_type=&#8221;default&#8221; shape_type=&#8221;&#8221;][vc_column column_padding=&#8221;no-extra-padding&#8221; column_padding_tablet=&#8221;inherit&#8221; column_padding_phone=&#8221;inherit&#8221; column_padding_position=&#8221;all&#8221; column_element_spacing=&#8221;default&#8221; background_color_opacity=&#8221;1&#8243; background_hover_color_opacity=&#8221;1&#8243; column_shadow=&#8221;none&#8221; column_border_radius=&#8221;none&#8221; column_link_target=&#8221;_self&#8221; column_position=&#8221;default&#8221; gradient_direction=&#8221;left_to_right&#8221; overlay_strength=&#8221;0.3&#8243; width=&#8221;1\/1&#8243; tablet_width_inherit=&#8221;default&#8221; tablet_text_alignment=&#8221;default&#8221; phone_text_alignment=&#8221;default&#8221; animation_type=&#8221;default&#8221; bg_image_animation=&#8221;none&#8221; border_type=&#8221;simple&#8221; column_border_width=&#8221;none&#8221; column_border_style=&#8221;solid&#8221;][vc_column_text]\n<h1>Curtas Vila do Conde 2026<\/h1>\n[\/vc_column_text][\/vc_column][\/vc_row][vc_row type=&#8221;in_container&#8221; full_screen_row_position=&#8221;middle&#8221; column_margin=&#8221;default&#8221; column_direction=&#8221;default&#8221; column_direction_tablet=&#8221;default&#8221; column_direction_phone=&#8221;default&#8221; scene_position=&#8221;center&#8221; text_color=&#8221;dark&#8221; text_align=&#8221;left&#8221; row_border_radius=&#8221;none&#8221; row_border_radius_applies=&#8221;bg&#8221; overflow=&#8221;visible&#8221; advanced_gradient_angle=&#8221;0&#8243; overlay_strength=&#8221;0.3&#8243; gradient_direction=&#8221;left_to_right&#8221; shape_divider_position=&#8221;bottom&#8221; bg_image_animation=&#8221;none&#8221; gradient_type=&#8221;default&#8221; shape_type=&#8221;&#8221;][vc_column column_padding=&#8221;no-extra-padding&#8221; column_padding_tablet=&#8221;inherit&#8221; column_padding_phone=&#8221;inherit&#8221; column_padding_position=&#8221;all&#8221; column_element_spacing=&#8221;default&#8221; background_color_opacity=&#8221;1&#8243; background_hover_color_opacity=&#8221;1&#8243; column_shadow=&#8221;none&#8221; column_border_radius=&#8221;none&#8221; column_link_target=&#8221;_self&#8221; column_position=&#8221;default&#8221; gradient_direction=&#8221;left_to_right&#8221; overlay_strength=&#8221;0.3&#8243; width=&#8221;1\/1&#8243; tablet_width_inherit=&#8221;default&#8221; tablet_text_alignment=&#8221;default&#8221; phone_text_alignment=&#8221;default&#8221; animation_type=&#8221;default&#8221; bg_image_animation=&#8221;none&#8221; border_type=&#8221;simple&#8221; column_border_width=&#8221;none&#8221; column_border_style=&#8221;solid&#8221;][vc_row_inner equal_height=&#8221;yes&#8221; column_margin=&#8221;30px&#8221; column_direction=&#8221;default&#8221; column_direction_tablet=&#8221;default&#8221; column_direction_phone=&#8221;default&#8221; constrain_group_1=&#8221;yes&#8221; constrain_group_2=&#8221;yes&#8221; text_align=&#8221;left&#8221; row_position=&#8221;default&#8221; row_position_tablet=&#8221;inherit&#8221; row_position_phone=&#8221;inherit&#8221; overflow=&#8221;visible&#8221; pointer_events=&#8221;all&#8221;][vc_column_inner column_padding=&#8221;padding-4-percent&#8221; column_padding_tablet=&#8221;inherit&#8221; column_padding_phone=&#8221;inherit&#8221; column_padding_position=&#8221;all&#8221; column_element_spacing=&#8221;default&#8221; background_color_opacity=&#8221;1&#8243; background_hover_color_opacity=&#8221;1&#8243; column_shadow=&#8221;none&#8221; column_border_radius=&#8221;none&#8221; column_link_target=&#8221;_self&#8221; advanced_gradient_angle=&#8221;0&#8243; gradient_direction=&#8221;left_to_right&#8221; overlay_strength=&#8221;0.3&#8243; width=&#8221;1\/2&#8243; tablet_width_inherit=&#8221;default&#8221; animation_type=&#8221;default&#8221; bg_image_animation=&#8221;none&#8221; border_type=&#8221;simple&#8221; column_border_width=&#8221;none&#8221; column_border_style=&#8221;solid&#8221; gradient_type=&#8221;default&#8221;][vc_column_text]\n<h4><strong>Convocatoria abierta<\/strong><\/h4>\n<p>Desde Navarra Film Industry se est\u00e1 trabajando con el departamento de industria del festival Curtas Vila do Conde para favorecer las oportunidades entre el festival y el sector audiovisual navarro, siguiendo con la estrategia de apoyo a la internacionalizaci\u00f3n desplegada por NFI. En esta ocasi\u00f3n, Navarra Film Industry lanza una convocatoria para productoras navarras con el objetivo de seleccionar un proyecto navarro que recibir\u00e1 los siguientes <strong>beneficios<\/strong>:<\/p>\n<ul>\n<li>Inclusi\u00f3n dentro de la secci\u00f3n In Development en la que los proyectos en fases iniciales de desarrollo son presentados frente a productores internacionales, programadores, agentes de ventas y distribuidores. Adem\u00e1s, los representantes de estos proyectos contar\u00e1n con una agenda personalizada de encuentros con profesionales del sector. El mejor proyecto recibir\u00e1 un premio por parte de un jurado independiente.<\/li>\n<li>Un pitching workshop impartido por Vim Vanaker<\/li>\n<li>La acreditaci\u00f3n y los gastos de viaje y alojamiento de tres noches para el\/la responsable de producci\u00f3n y la de direcci\u00f3n del proyecto.<\/li>\n<li>Apoyo de comunicaci\u00f3n por parte de Navarra Film Industry.<\/li>\n<\/ul>\n<p><strong>Obligaciones y requisitos de la convocatoria<\/strong>:<\/p>\n<ul>\n<li>El proyecto presentado debe contar con producci\u00f3n mayoritaria navarra.<\/li>\n<li>Proyecto en fase de desarrollo o inicio de preproducci\u00f3n.Proyecto de hasta 60 minutos: animaci\u00f3n, ficci\u00f3n, documental o experimental.<\/li>\n<li>Compromiso de asistencia presencial por parte del productor\/a y director\/a en Vila do Conde (Portugal) durante tres d\u00edas en torno al 20-21 de julio de 2026.<\/li>\n<li>Justificaci\u00f3n de potencial de coproducci\u00f3n internacional del proyecto (ya que el objetivo de esta actividad es favorecer las oportunidades de coproducci\u00f3n entre pa\u00edses).<\/li>\n<li>Nivel alto de ingl\u00e9s \u2013 presentaci\u00f3n p\u00fablica y reuniones exclusivamente en ingl\u00e9s.<\/li>\n<\/ul>\n<p>Puedes consultar las bases completas de la convocatoria <a href=\"https:\/\/www.navarrafilmindustry.com\/wp-content\/uploads\/2026\/04\/2026_Curtas-Vila-do-Conde_Convocatoria-productoras.pdf\">aqu\u00ed<\/a>.<\/p>\n<p>La <strong>inscripci\u00f3n est\u00e1 abierta hasta el 27 de abril a las 09:00h<\/strong> <a href=\"https:\/\/forms.office.com\/Pages\/ResponsePage.aspx?id=h29Z_Uj1YECOrrtZ-D5jKkoc3M_o9nZFqE1VqhpE7mlURE1PWENVNE4xQ0JaNFlMQzNFOVg4MUNQUy4u&amp;utm_source=brevo&amp;utm_campaign=Convocatoria%20para%20productoras%20navarras%20%20Curtas%20do%20Vila%20Do%20Conde&amp;utm_medium=email&amp;utm_id=603\">aqu\u00ed<\/a>.<\/p>\n<p>Para cualquier consulta, puedes escribir a <a href=\"mailto:navarrafilmindustry@nicdo.es\">navarrafilmindustry@nicdo.es<\/a>.[\/vc_column_text][nectar_btn size=&#8221;small&#8221; button_style=&#8221;regular&#8221; button_color_2=&#8221;Accent-Color&#8221; icon_family=&#8221;none&#8221; text=&#8221;Inscr\u00edbete aqu\u00ed&#8221; url=&#8221;https:\/\/forms.office.com\/Pages\/ResponsePage.aspx?id=h29Z_Uj1YECOrrtZ-D5jKkoc3M_o9nZFqE1VqhpE7mlURE1PWENVNE4xQ0JaNFlMQzNFOVg4MUNQUy4u&amp;utm_source=brevo&amp;utm_campaign=Convocatoria%20para%20productoras%20navarras%20%20Curtas%20do%20Vila%20Do%20Conde&amp;utm_medium=email&amp;utm_id=603&#8243;][\/vc_column_inner][vc_column_inner column_padding=&#8221;padding-4-percent&#8221; column_padding_tablet=&#8221;inherit&#8221; column_padding_phone=&#8221;inherit&#8221; column_padding_position=&#8221;all&#8221; column_element_spacing=&#8221;default&#8221; background_color_opacity=&#8221;1&#8243; background_hover_color_opacity=&#8221;1&#8243; column_shadow=&#8221;none&#8221; column_border_radius=&#8221;none&#8221; column_link_target=&#8221;_self&#8221; advanced_gradient_angle=&#8221;0&#8243; gradient_direction=&#8221;left_to_right&#8221; overlay_strength=&#8221;0.3&#8243; width=&#8221;1\/2&#8243; tablet_width_inherit=&#8221;default&#8221; animation_type=&#8221;default&#8221; bg_image_animation=&#8221;none&#8221; border_type=&#8221;simple&#8221; column_border_width=&#8221;none&#8221; column_border_style=&#8221;solid&#8221; gradient_type=&#8221;default&#8221;][image_with_animation image_url=&#8221;52588&#8243; image_size=&#8221;full&#8221; animation_type=&#8221;entrance&#8221; animation=&#8221;Fade In&#8221; hover_animation=&#8221;none&#8221; alignment=&#8221;&#8221; border_radius=&#8221;none&#8221; box_shadow=&#8221;none&#8221; image_loading=&#8221;default&#8221; max_width=&#8221;100%&#8221; max_width_mobile=&#8221;default&#8221;][\/vc_column_inner][\/vc_row_inner][vc_row_inner equal_height=&#8221;yes&#8221; column_margin=&#8221;30px&#8221; column_direction=&#8221;default&#8221; column_direction_tablet=&#8221;default&#8221; column_direction_phone=&#8221;default&#8221; constrain_group_1=&#8221;yes&#8221; constrain_group_2=&#8221;yes&#8221; text_align=&#8221;left&#8221; row_position=&#8221;default&#8221; row_position_tablet=&#8221;inherit&#8221; row_position_phone=&#8221;inherit&#8221; overflow=&#8221;visible&#8221; pointer_events=&#8221;all&#8221;][vc_column_inner column_padding=&#8221;padding-4-percent&#8221; column_padding_tablet=&#8221;inherit&#8221; column_padding_phone=&#8221;inherit&#8221; column_padding_position=&#8221;all&#8221; column_element_spacing=&#8221;default&#8221; background_color_opacity=&#8221;1&#8243; background_hover_color_opacity=&#8221;1&#8243; column_shadow=&#8221;none&#8221; column_border_radius=&#8221;none&#8221; column_link_target=&#8221;_self&#8221; advanced_gradient_angle=&#8221;0&#8243; gradient_direction=&#8221;left_to_right&#8221; overlay_strength=&#8221;0.3&#8243; width=&#8221;1\/1&#8243; tablet_width_inherit=&#8221;default&#8221; animation_type=&#8221;default&#8221; bg_image_animation=&#8221;none&#8221; border_type=&#8221;simple&#8221; column_border_width=&#8221;none&#8221; column_border_style=&#8221;solid&#8221; gradient_type=&#8221;default&#8221;][\/vc_column_inner][\/vc_row_inner][\/vc_column][\/vc_row][vc_row type=&#8221;in_container&#8221; full_screen_row_position=&#8221;middle&#8221; column_margin=&#8221;default&#8221; column_direction=&#8221;default&#8221; column_direction_tablet=&#8221;default&#8221; column_direction_phone=&#8221;default&#8221; scene_position=&#8221;center&#8221; text_color=&#8221;dark&#8221; text_align=&#8221;left&#8221; row_border_radius=&#8221;none&#8221; row_border_radius_applies=&#8221;bg&#8221; overflow=&#8221;visible&#8221; disable_element=&#8221;yes&#8221; advanced_gradient_angle=&#8221;0&#8243; overlay_strength=&#8221;0.3&#8243; gradient_direction=&#8221;left_to_right&#8221; shape_divider_position=&#8221;bottom&#8221; bg_image_animation=&#8221;none&#8221; gradient_type=&#8221;default&#8221; shape_type=&#8221;&#8221;][vc_column column_padding=&#8221;no-extra-padding&#8221; column_padding_tablet=&#8221;inherit&#8221; column_padding_phone=&#8221;inherit&#8221; column_padding_position=&#8221;all&#8221; column_element_spacing=&#8221;default&#8221; background_color_opacity=&#8221;1&#8243; background_hover_color_opacity=&#8221;1&#8243; column_shadow=&#8221;none&#8221; column_border_radius=&#8221;none&#8221; column_link_target=&#8221;_self&#8221; column_position=&#8221;default&#8221; gradient_direction=&#8221;left_to_right&#8221; overlay_strength=&#8221;0.3&#8243; width=&#8221;1\/1&#8243; tablet_width_inherit=&#8221;default&#8221; tablet_text_alignment=&#8221;default&#8221; phone_text_alignment=&#8221;default&#8221; animation_type=&#8221;default&#8221; bg_image_animation=&#8221;none&#8221; border_type=&#8221;simple&#8221; column_border_width=&#8221;none&#8221; column_border_style=&#8221;solid&#8221;][vc_column_text]\n<h2>Producciones en Sunny Side of the Doc<\/h2>\n[\/vc_column_text][nectar_post_grid post_type=&#8221;custom&#8221; cpt_name=&#8221;producciones&#8221; order=&#8221;DESC&#8221; orderby=&#8221;date&#8221; pagination=&#8221;none&#8221; columns=&#8221;4&#8243; grid_item_spacing=&#8221;10px&#8221; grid_item_height=&#8221;30vh&#8221; image_size=&#8221;large&#8221; image_loading=&#8221;default&#8221; animation=&#8221;none&#8221; heading_tag=&#8221;h3&#8243; category_position=&#8221;default&#8221; grid_style=&#8221;content_overlaid&#8221; text_content_layout=&#8221;all_top_left&#8221; color_overlay_opacity=&#8221;0.3&#8243; color_overlay_hover_opacity=&#8221;0.4&#8243; text_color=&#8221;light&#8221; text_color_hover=&#8221;light&#8221; text_opacity=&#8221;0.0&#8243; text_hover_opacity=&#8221;0.0&#8243; hover_effect=&#8221;zoom&#8221; border_radius=&#8221;none&#8221; posts_per_page=&#8221;10&#8243; css_class_name=&#8221;produccionesgrid&#8221; custom_query_tax=&#8221;1912&#8243;][\/vc_column][\/vc_row][vc_row type=&#8221;in_container&#8221; full_screen_row_position=&#8221;middle&#8221; column_margin=&#8221;default&#8221; column_direction=&#8221;default&#8221; column_direction_tablet=&#8221;default&#8221; column_direction_phone=&#8221;default&#8221; scene_position=&#8221;center&#8221; text_color=&#8221;dark&#8221; text_align=&#8221;left&#8221; row_border_radius=&#8221;none&#8221; row_border_radius_applies=&#8221;bg&#8221; overflow=&#8221;visible&#8221; disable_element=&#8221;yes&#8221; advanced_gradient_angle=&#8221;0&#8243; overlay_strength=&#8221;0.3&#8243; gradient_direction=&#8221;left_to_right&#8221; shape_divider_position=&#8221;bottom&#8221; bg_image_animation=&#8221;none&#8221; gradient_type=&#8221;default&#8221; shape_type=&#8221;&#8221;][vc_column column_padding=&#8221;no-extra-padding&#8221; column_padding_tablet=&#8221;inherit&#8221; column_padding_phone=&#8221;inherit&#8221; column_padding_position=&#8221;all&#8221; column_element_spacing=&#8221;default&#8221; background_color_opacity=&#8221;1&#8243; background_hover_color_opacity=&#8221;1&#8243; column_shadow=&#8221;none&#8221; column_border_radius=&#8221;none&#8221; column_link_target=&#8221;_self&#8221; column_position=&#8221;default&#8221; gradient_direction=&#8221;left_to_right&#8221; overlay_strength=&#8221;0.3&#8243; width=&#8221;1\/1&#8243; tablet_width_inherit=&#8221;default&#8221; tablet_text_alignment=&#8221;default&#8221; phone_text_alignment=&#8221;default&#8221; animation_type=&#8221;default&#8221; bg_image_animation=&#8221;none&#8221; border_type=&#8221;simple&#8221; column_border_width=&#8221;none&#8221; column_border_style=&#8221;solid&#8221;][\/vc_column][\/vc_row]\n","protected":false},"excerpt":{"rendered":"<p>[vc_row type=&#8221;full_width_background&#8221; full_screen_row_position=&#8221;middle&#8221; column_margin=&#8221;default&#8221; column_direction=&#8221;default&#8221; column_direction_tablet=&#8221;default&#8221; column_direction_phone=&#8221;default&#8221; bg_image=&#8221;52585&#8243; bg_position=&#8221;center center&#8221; background_image_loading=&#8221;default&#8221; bg_repeat=&#8221;no-repeat&#8221; scene_position=&#8221;top&#8221; top_padding=&#8221;160&#8243; bottom_padding=&#8221;160&#8243; text_color=&#8221;light&#8221; text_align=&#8221;left&#8221; row_border_radius=&#8221;none&#8221; row_border_radius_applies=&#8221;bg&#8221; overflow=&#8221;visible&#8221; color_overlay=&#8221;#000000&#8243; advanced_gradient_angle=&#8221;0&#8243; overlay_strength=&#8221;0.3&#8243; gradient_direction=&#8221;left_to_right&#8221; shape_divider_position=&#8221;bottom&#8221; bg_image_animation=&#8221;none&#8221; gradient_type=&#8221;default&#8221; shape_type=&#8221;&#8221;][vc_column column_padding=&#8221;no-extra-padding&#8221; column_padding_tablet=&#8221;inherit&#8221; column_padding_phone=&#8221;inherit&#8221; column_padding_position=&#8221;all&#8221; column_element_spacing=&#8221;default&#8221; background_color_opacity=&#8221;1&#8243; background_hover_color_opacity=&#8221;1&#8243; column_shadow=&#8221;none&#8221; column_border_radius=&#8221;none&#8221; column_link_target=&#8221;_self&#8221; column_position=&#8221;default&#8221; gradient_direction=&#8221;left_to_right&#8221; overlay_strength=&#8221;0.3&#8243; width=&#8221;1\/1&#8243; tablet_width_inherit=&#8221;default&#8221; tablet_text_alignment=&#8221;default&#8221; phone_text_alignment=&#8221;default&#8221; animation_type=&#8221;default&#8221; bg_image_animation=&#8221;none&#8221; border_type=&#8221;simple&#8221; column_border_width=&#8221;none&#8221; column_border_style=&#8221;solid&#8221;][vc_column_text] Curtas Vila do Conde 2026 [\/vc_column_text][\/vc_column][\/vc_row][vc_row type=&#8221;in_container&#8221; full_screen_row_position=&#8221;middle&#8221; column_margin=&#8221;default&#8221; column_direction=&#8221;default&#8221; column_direction_tablet=&#8221;default&#8221; column_direction_phone=&#8221;default&#8221; scene_position=&#8221;center&#8221; text_color=&#8221;dark&#8221; text_align=&#8221;left&#8221; row_border_radius=&#8221;none&#8221; row_border_radius_applies=&#8221;bg&#8221; overflow=&#8221;visible&#8221; advanced_gradient_angle=&#8221;0&#8243; overlay_strength=&#8221;0.3&#8243; gradient_direction=&#8221;left_to_right&#8221; shape_divider_position=&#8221;bottom&#8221; bg_image_animation=&#8221;none&#8221; gradient_type=&#8221;default&#8221; shape_type=&#8221;&#8221;][vc_column column_padding=&#8221;no-extra-padding&#8221; column_padding_tablet=&#8221;inherit&#8221; column_padding_phone=&#8221;inherit&#8221; column_padding_position=&#8221;all&#8221; column_element_spacing=&#8221;default&#8221; background_color_opacity=&#8221;1&#8243; background_hover_color_opacity=&#8221;1&#8243; column_shadow=&#8221;none&#8221; column_border_radius=&#8221;none&#8221; column_link_target=&#8221;_self&#8221; column_position=&#8221;default&#8221; gradient_direction=&#8221;left_to_right&#8221; overlay_strength=&#8221;0.3&#8243; width=&#8221;1\/1&#8243; tablet_width_inherit=&#8221;default&#8221; tablet_text_alignment=&#8221;default&#8221; phone_text_alignment=&#8221;default&#8221; animation_type=&#8221;default&#8221; bg_image_animation=&#8221;none&#8221; border_type=&#8221;simple&#8221; column_border_width=&#8221;none&#8221; column_border_style=&#8221;solid&#8221;][vc_row_inner equal_height=&#8221;yes&#8221; column_margin=&#8221;30px&#8221; column_direction=&#8221;default&#8221; column_direction_tablet=&#8221;default&#8221; column_direction_phone=&#8221;default&#8221; constrain_group_1=&#8221;yes&#8221; constrain_group_2=&#8221;yes&#8221; text_align=&#8221;left&#8221; row_position=&#8221;default&#8221; row_position_tablet=&#8221;inherit&#8221; row_position_phone=&#8221;inherit&#8221; overflow=&#8221;visible&#8221; pointer_events=&#8221;all&#8221;][vc_column_inner column_padding=&#8221;padding-4-percent&#8221; column_padding_tablet=&#8221;inherit&#8221; column_padding_phone=&#8221;inherit&#8221; column_padding_position=&#8221;all&#8221; column_element_spacing=&#8221;default&#8221; background_color_opacity=&#8221;1&#8243; background_hover_color_opacity=&#8221;1&#8243; column_shadow=&#8221;none&#8221; column_border_radius=&#8221;none&#8221; column_link_target=&#8221;_self&#8221; advanced_gradient_angle=&#8221;0&#8243; gradient_direction=&#8221;left_to_right&#8221; overlay_strength=&#8221;0.3&#8243; width=&#8221;1\/2&#8243; tablet_width_inherit=&#8221;default&#8221; animation_type=&#8221;default&#8221; bg_image_animation=&#8221;none&#8221; border_type=&#8221;simple&#8221; column_border_width=&#8221;none&#8221; column_border_style=&#8221;solid&#8221; gradient_type=&#8221;default&#8221;][vc_column_text] Convocatoria abierta Desde Navarra Film Industry se est\u00e1 trabajando con el departamento de industria del festival Curtas Vila do Conde para favorecer las oportunidades entre el festival y el sector audiovisual navarro, siguiendo con la estrategia de apoyo a la internacionalizaci\u00f3n desplegada por NFI. En esta ocasi\u00f3n, Navarra Film Industry lanza una convocatoria para productoras navarras con el objetivo de seleccionar un proyecto navarro que recibir\u00e1 los siguientes beneficios: Inclusi\u00f3n dentro de la secci\u00f3n In Development en la que los proyectos en fases iniciales de desarrollo son presentados frente a productores internacionales, programadores, agentes de ventas y distribuidores. Adem\u00e1s, los representantes de estos proyectos contar\u00e1n con una agenda personalizada de encuentros con profesionales del sector. El mejor proyecto recibir\u00e1 un premio por parte de un jurado independiente. Un pitching workshop impartido por Vim Vanaker La acreditaci\u00f3n y los gastos de viaje y alojamiento de tres noches para el\/la responsable de producci\u00f3n y la de direcci\u00f3n del proyecto. Apoyo de comunicaci\u00f3n por parte de Navarra Film Industry. Obligaciones y requisitos&#8230;<\/p>\n","protected":false},"author":16,"featured_media":0,"parent":12452,"menu_order":6,"comment_status":"closed","ping_status":"closed","template":"","meta":{"_acf_changed":false,"footnotes":""},"class_list":["post-52584","page","type-page","status-publish"],"acf":[],"yoast_head":"<!-- This site is optimized with the Yoast SEO plugin v23.7 - https:\/\/yoast.com\/wordpress\/plugins\/seo\/ -->\n<title>Curtas Vila do Conde 2026 - NFI<\/title>\n<meta name=\"robots\" content=\"index, follow, max-snippet:-1, max-image-preview:large, max-video-preview:-1\" \/>\n<link rel=\"canonical\" href=\"https:\/\/www.navarrafilmindustry.com\/es\/festivales-y-mercados-con-presencia-nfi\/curtas-vila-do-conde\/\" \/>\n<meta property=\"og:locale\" content=\"en_US\" \/>\n<meta property=\"og:type\" content=\"article\" \/>\n<meta property=\"og:title\" content=\"Curtas Vila do Conde 2026 - NFI\" \/>\n<meta property=\"og:description\" content=\"[vc_row type=&#8221;full_width_background&#8221; full_screen_row_position=&#8221;middle&#8221; column_margin=&#8221;default&#8221; column_direction=&#8221;default&#8221; column_direction_tablet=&#8221;default&#8221; column_direction_phone=&#8221;default&#8221; bg_image=&#8221;52585&#8243; bg_position=&#8221;center center&#8221; background_image_loading=&#8221;default&#8221; bg_repeat=&#8221;no-repeat&#8221; scene_position=&#8221;top&#8221; top_padding=&#8221;160&#8243; bottom_padding=&#8221;160&#8243; text_color=&#8221;light&#8221; text_align=&#8221;left&#8221; row_border_radius=&#8221;none&#8221; row_border_radius_applies=&#8221;bg&#8221; overflow=&#8221;visible&#8221; color_overlay=&#8221;#000000&#8243; advanced_gradient_angle=&#8221;0&#8243; overlay_strength=&#8221;0.3&#8243; gradient_direction=&#8221;left_to_right&#8221; shape_divider_position=&#8221;bottom&#8221; bg_image_animation=&#8221;none&#8221; gradient_type=&#8221;default&#8221; shape_type=&#8221;&#8221;][vc_column column_padding=&#8221;no-extra-padding&#8221; column_padding_tablet=&#8221;inherit&#8221; column_padding_phone=&#8221;inherit&#8221; column_padding_position=&#8221;all&#8221; column_element_spacing=&#8221;default&#8221; background_color_opacity=&#8221;1&#8243; background_hover_color_opacity=&#8221;1&#8243; column_shadow=&#8221;none&#8221; column_border_radius=&#8221;none&#8221; column_link_target=&#8221;_self&#8221; column_position=&#8221;default&#8221; gradient_direction=&#8221;left_to_right&#8221; overlay_strength=&#8221;0.3&#8243; width=&#8221;1\/1&#8243; tablet_width_inherit=&#8221;default&#8221; tablet_text_alignment=&#8221;default&#8221; phone_text_alignment=&#8221;default&#8221; animation_type=&#8221;default&#8221; bg_image_animation=&#8221;none&#8221; border_type=&#8221;simple&#8221; column_border_width=&#8221;none&#8221; column_border_style=&#8221;solid&#8221;][vc_column_text] Curtas Vila do Conde 2026 [\/vc_column_text][\/vc_column][\/vc_row][vc_row type=&#8221;in_container&#8221; full_screen_row_position=&#8221;middle&#8221; column_margin=&#8221;default&#8221; column_direction=&#8221;default&#8221; column_direction_tablet=&#8221;default&#8221; column_direction_phone=&#8221;default&#8221; scene_position=&#8221;center&#8221; text_color=&#8221;dark&#8221; text_align=&#8221;left&#8221; row_border_radius=&#8221;none&#8221; row_border_radius_applies=&#8221;bg&#8221; overflow=&#8221;visible&#8221; advanced_gradient_angle=&#8221;0&#8243; overlay_strength=&#8221;0.3&#8243; gradient_direction=&#8221;left_to_right&#8221; shape_divider_position=&#8221;bottom&#8221; bg_image_animation=&#8221;none&#8221; gradient_type=&#8221;default&#8221; shape_type=&#8221;&#8221;][vc_column column_padding=&#8221;no-extra-padding&#8221; column_padding_tablet=&#8221;inherit&#8221; column_padding_phone=&#8221;inherit&#8221; column_padding_position=&#8221;all&#8221; column_element_spacing=&#8221;default&#8221; background_color_opacity=&#8221;1&#8243; background_hover_color_opacity=&#8221;1&#8243; column_shadow=&#8221;none&#8221; column_border_radius=&#8221;none&#8221; column_link_target=&#8221;_self&#8221; column_position=&#8221;default&#8221; gradient_direction=&#8221;left_to_right&#8221; overlay_strength=&#8221;0.3&#8243; width=&#8221;1\/1&#8243; tablet_width_inherit=&#8221;default&#8221; tablet_text_alignment=&#8221;default&#8221; phone_text_alignment=&#8221;default&#8221; animation_type=&#8221;default&#8221; bg_image_animation=&#8221;none&#8221; border_type=&#8221;simple&#8221; column_border_width=&#8221;none&#8221; column_border_style=&#8221;solid&#8221;][vc_row_inner equal_height=&#8221;yes&#8221; column_margin=&#8221;30px&#8221; column_direction=&#8221;default&#8221; column_direction_tablet=&#8221;default&#8221; column_direction_phone=&#8221;default&#8221; constrain_group_1=&#8221;yes&#8221; constrain_group_2=&#8221;yes&#8221; text_align=&#8221;left&#8221; row_position=&#8221;default&#8221; row_position_tablet=&#8221;inherit&#8221; row_position_phone=&#8221;inherit&#8221; overflow=&#8221;visible&#8221; pointer_events=&#8221;all&#8221;][vc_column_inner column_padding=&#8221;padding-4-percent&#8221; column_padding_tablet=&#8221;inherit&#8221; column_padding_phone=&#8221;inherit&#8221; column_padding_position=&#8221;all&#8221; column_element_spacing=&#8221;default&#8221; background_color_opacity=&#8221;1&#8243; background_hover_color_opacity=&#8221;1&#8243; column_shadow=&#8221;none&#8221; column_border_radius=&#8221;none&#8221; column_link_target=&#8221;_self&#8221; advanced_gradient_angle=&#8221;0&#8243; gradient_direction=&#8221;left_to_right&#8221; overlay_strength=&#8221;0.3&#8243; width=&#8221;1\/2&#8243; tablet_width_inherit=&#8221;default&#8221; animation_type=&#8221;default&#8221; bg_image_animation=&#8221;none&#8221; border_type=&#8221;simple&#8221; column_border_width=&#8221;none&#8221; column_border_style=&#8221;solid&#8221; gradient_type=&#8221;default&#8221;][vc_column_text] Convocatoria abierta Desde Navarra Film Industry se est\u00e1 trabajando con el departamento de industria del festival Curtas Vila do Conde para favorecer las oportunidades entre el festival y el sector audiovisual navarro, siguiendo con la estrategia de apoyo a la internacionalizaci\u00f3n desplegada por NFI. En esta ocasi\u00f3n, Navarra Film Industry lanza una convocatoria para productoras navarras con el objetivo de seleccionar un proyecto navarro que recibir\u00e1 los siguientes beneficios: Inclusi\u00f3n dentro de la secci\u00f3n In Development en la que los proyectos en fases iniciales de desarrollo son presentados frente a productores internacionales, programadores, agentes de ventas y distribuidores. Adem\u00e1s, los representantes de estos proyectos contar\u00e1n con una agenda personalizada de encuentros con profesionales del sector. El mejor proyecto recibir\u00e1 un premio por parte de un jurado independiente. Un pitching workshop impartido por Vim Vanaker La acreditaci\u00f3n y los gastos de viaje y alojamiento de tres noches para el\/la responsable de producci\u00f3n y la de direcci\u00f3n del proyecto. Apoyo de comunicaci\u00f3n por parte de Navarra Film Industry. Obligaciones y requisitos...\" \/>\n<meta property=\"og:url\" content=\"https:\/\/www.navarrafilmindustry.com\/es\/festivales-y-mercados-con-presencia-nfi\/curtas-vila-do-conde\/\" \/>\n<meta property=\"og:site_name\" content=\"NFI\" \/>\n<meta property=\"article:modified_time\" content=\"2026-04-14T11:04:29+00:00\" \/>\n<meta name=\"twitter:card\" content=\"summary_large_image\" \/>\n<meta name=\"twitter:label1\" content=\"Est. reading time\" \/>\n\t<meta name=\"twitter:data1\" content=\"3 minutes\" \/>\n<script type=\"application\/ld+json\" class=\"yoast-schema-graph\">{\"@context\":\"https:\/\/schema.org\",\"@graph\":[{\"@type\":\"WebPage\",\"@id\":\"https:\/\/www.navarrafilmindustry.com\/es\/festivales-y-mercados-con-presencia-nfi\/curtas-vila-do-conde\/\",\"url\":\"https:\/\/www.navarrafilmindustry.com\/es\/festivales-y-mercados-con-presencia-nfi\/curtas-vila-do-conde\/\",\"name\":\"Curtas Vila do Conde 2026 - NFI\",\"isPartOf\":{\"@id\":\"https:\/\/www.navarrafilmindustry.com\/eu\/#website\"},\"datePublished\":\"2026-04-14T11:04:18+00:00\",\"dateModified\":\"2026-04-14T11:04:29+00:00\",\"breadcrumb\":{\"@id\":\"https:\/\/www.navarrafilmindustry.com\/es\/festivales-y-mercados-con-presencia-nfi\/curtas-vila-do-conde\/#breadcrumb\"},\"inLanguage\":\"en-US\",\"potentialAction\":[{\"@type\":\"ReadAction\",\"target\":[\"https:\/\/www.navarrafilmindustry.com\/es\/festivales-y-mercados-con-presencia-nfi\/curtas-vila-do-conde\/\"]}]},{\"@type\":\"BreadcrumbList\",\"@id\":\"https:\/\/www.navarrafilmindustry.com\/es\/festivales-y-mercados-con-presencia-nfi\/curtas-vila-do-conde\/#breadcrumb\",\"itemListElement\":[{\"@type\":\"ListItem\",\"position\":1,\"name\":\"Portada\",\"item\":\"https:\/\/www.navarrafilmindustry.com\/en\/\"},{\"@type\":\"ListItem\",\"position\":2,\"name\":\"Festivales y mercados con presencia NFI\",\"item\":\"https:\/\/www.navarrafilmindustry.com\/es\/festivales-y-mercados-con-presencia-nfi\/\"},{\"@type\":\"ListItem\",\"position\":3,\"name\":\"Curtas Vila do Conde 2026\"}]},{\"@type\":\"WebSite\",\"@id\":\"https:\/\/www.navarrafilmindustry.com\/eu\/#website\",\"url\":\"https:\/\/www.navarrafilmindustry.com\/eu\/\",\"name\":\"NFI\",\"description\":\"\",\"potentialAction\":[{\"@type\":\"SearchAction\",\"target\":{\"@type\":\"EntryPoint\",\"urlTemplate\":\"https:\/\/www.navarrafilmindustry.com\/eu\/?s={search_term_string}\"},\"query-input\":{\"@type\":\"PropertyValueSpecification\",\"valueRequired\":true,\"valueName\":\"search_term_string\"}}],\"inLanguage\":\"en-US\"}]}<\/script>\n<!-- \/ Yoast SEO plugin. -->","yoast_head_json":{"title":"Curtas Vila do Conde 2026 - NFI","robots":{"index":"index","follow":"follow","max-snippet":"max-snippet:-1","max-image-preview":"max-image-preview:large","max-video-preview":"max-video-preview:-1"},"canonical":"https:\/\/www.navarrafilmindustry.com\/es\/festivales-y-mercados-con-presencia-nfi\/curtas-vila-do-conde\/","og_locale":"en_US","og_type":"article","og_title":"Curtas Vila do Conde 2026 - NFI","og_description":"[vc_row type=&#8221;full_width_background&#8221; full_screen_row_position=&#8221;middle&#8221; column_margin=&#8221;default&#8221; column_direction=&#8221;default&#8221; column_direction_tablet=&#8221;default&#8221; column_direction_phone=&#8221;default&#8221; bg_image=&#8221;52585&#8243; bg_position=&#8221;center center&#8221; background_image_loading=&#8221;default&#8221; bg_repeat=&#8221;no-repeat&#8221; scene_position=&#8221;top&#8221; top_padding=&#8221;160&#8243; bottom_padding=&#8221;160&#8243; text_color=&#8221;light&#8221; text_align=&#8221;left&#8221; row_border_radius=&#8221;none&#8221; row_border_radius_applies=&#8221;bg&#8221; overflow=&#8221;visible&#8221; color_overlay=&#8221;#000000&#8243; advanced_gradient_angle=&#8221;0&#8243; overlay_strength=&#8221;0.3&#8243; gradient_direction=&#8221;left_to_right&#8221; shape_divider_position=&#8221;bottom&#8221; bg_image_animation=&#8221;none&#8221; gradient_type=&#8221;default&#8221; shape_type=&#8221;&#8221;][vc_column column_padding=&#8221;no-extra-padding&#8221; column_padding_tablet=&#8221;inherit&#8221; column_padding_phone=&#8221;inherit&#8221; column_padding_position=&#8221;all&#8221; column_element_spacing=&#8221;default&#8221; background_color_opacity=&#8221;1&#8243; background_hover_color_opacity=&#8221;1&#8243; column_shadow=&#8221;none&#8221; column_border_radius=&#8221;none&#8221; column_link_target=&#8221;_self&#8221; column_position=&#8221;default&#8221; gradient_direction=&#8221;left_to_right&#8221; overlay_strength=&#8221;0.3&#8243; width=&#8221;1\/1&#8243; tablet_width_inherit=&#8221;default&#8221; tablet_text_alignment=&#8221;default&#8221; phone_text_alignment=&#8221;default&#8221; animation_type=&#8221;default&#8221; bg_image_animation=&#8221;none&#8221; border_type=&#8221;simple&#8221; column_border_width=&#8221;none&#8221; column_border_style=&#8221;solid&#8221;][vc_column_text] Curtas Vila do Conde 2026 [\/vc_column_text][\/vc_column][\/vc_row][vc_row type=&#8221;in_container&#8221; full_screen_row_position=&#8221;middle&#8221; column_margin=&#8221;default&#8221; column_direction=&#8221;default&#8221; column_direction_tablet=&#8221;default&#8221; column_direction_phone=&#8221;default&#8221; scene_position=&#8221;center&#8221; text_color=&#8221;dark&#8221; text_align=&#8221;left&#8221; row_border_radius=&#8221;none&#8221; row_border_radius_applies=&#8221;bg&#8221; overflow=&#8221;visible&#8221; advanced_gradient_angle=&#8221;0&#8243; overlay_strength=&#8221;0.3&#8243; gradient_direction=&#8221;left_to_right&#8221; shape_divider_position=&#8221;bottom&#8221; bg_image_animation=&#8221;none&#8221; gradient_type=&#8221;default&#8221; shape_type=&#8221;&#8221;][vc_column column_padding=&#8221;no-extra-padding&#8221; column_padding_tablet=&#8221;inherit&#8221; column_padding_phone=&#8221;inherit&#8221; column_padding_position=&#8221;all&#8221; column_element_spacing=&#8221;default&#8221; background_color_opacity=&#8221;1&#8243; background_hover_color_opacity=&#8221;1&#8243; column_shadow=&#8221;none&#8221; column_border_radius=&#8221;none&#8221; column_link_target=&#8221;_self&#8221; column_position=&#8221;default&#8221; gradient_direction=&#8221;left_to_right&#8221; overlay_strength=&#8221;0.3&#8243; width=&#8221;1\/1&#8243; tablet_width_inherit=&#8221;default&#8221; tablet_text_alignment=&#8221;default&#8221; phone_text_alignment=&#8221;default&#8221; animation_type=&#8221;default&#8221; bg_image_animation=&#8221;none&#8221; border_type=&#8221;simple&#8221; column_border_width=&#8221;none&#8221; column_border_style=&#8221;solid&#8221;][vc_row_inner equal_height=&#8221;yes&#8221; column_margin=&#8221;30px&#8221; column_direction=&#8221;default&#8221; column_direction_tablet=&#8221;default&#8221; column_direction_phone=&#8221;default&#8221; constrain_group_1=&#8221;yes&#8221; constrain_group_2=&#8221;yes&#8221; text_align=&#8221;left&#8221; row_position=&#8221;default&#8221; row_position_tablet=&#8221;inherit&#8221; row_position_phone=&#8221;inherit&#8221; overflow=&#8221;visible&#8221; pointer_events=&#8221;all&#8221;][vc_column_inner column_padding=&#8221;padding-4-percent&#8221; column_padding_tablet=&#8221;inherit&#8221; column_padding_phone=&#8221;inherit&#8221; column_padding_position=&#8221;all&#8221; column_element_spacing=&#8221;default&#8221; background_color_opacity=&#8221;1&#8243; background_hover_color_opacity=&#8221;1&#8243; column_shadow=&#8221;none&#8221; column_border_radius=&#8221;none&#8221; column_link_target=&#8221;_self&#8221; advanced_gradient_angle=&#8221;0&#8243; gradient_direction=&#8221;left_to_right&#8221; overlay_strength=&#8221;0.3&#8243; width=&#8221;1\/2&#8243; tablet_width_inherit=&#8221;default&#8221; animation_type=&#8221;default&#8221; bg_image_animation=&#8221;none&#8221; border_type=&#8221;simple&#8221; column_border_width=&#8221;none&#8221; column_border_style=&#8221;solid&#8221; gradient_type=&#8221;default&#8221;][vc_column_text] Convocatoria abierta Desde Navarra Film Industry se est\u00e1 trabajando con el departamento de industria del festival Curtas Vila do Conde para favorecer las oportunidades entre el festival y el sector audiovisual navarro, siguiendo con la estrategia de apoyo a la internacionalizaci\u00f3n desplegada por NFI. En esta ocasi\u00f3n, Navarra Film Industry lanza una convocatoria para productoras navarras con el objetivo de seleccionar un proyecto navarro que recibir\u00e1 los siguientes beneficios: Inclusi\u00f3n dentro de la secci\u00f3n In Development en la que los proyectos en fases iniciales de desarrollo son presentados frente a productores internacionales, programadores, agentes de ventas y distribuidores. Adem\u00e1s, los representantes de estos proyectos contar\u00e1n con una agenda personalizada de encuentros con profesionales del sector. El mejor proyecto recibir\u00e1 un premio por parte de un jurado independiente. Un pitching workshop impartido por Vim Vanaker La acreditaci\u00f3n y los gastos de viaje y alojamiento de tres noches para el\/la responsable de producci\u00f3n y la de direcci\u00f3n del proyecto. Apoyo de comunicaci\u00f3n por parte de Navarra Film Industry. Obligaciones y requisitos...","og_url":"https:\/\/www.navarrafilmindustry.com\/es\/festivales-y-mercados-con-presencia-nfi\/curtas-vila-do-conde\/","og_site_name":"NFI","article_modified_time":"2026-04-14T11:04:29+00:00","twitter_card":"summary_large_image","twitter_misc":{"Est. reading time":"3 minutes"},"schema":{"@context":"https:\/\/schema.org","@graph":[{"@type":"WebPage","@id":"https:\/\/www.navarrafilmindustry.com\/es\/festivales-y-mercados-con-presencia-nfi\/curtas-vila-do-conde\/","url":"https:\/\/www.navarrafilmindustry.com\/es\/festivales-y-mercados-con-presencia-nfi\/curtas-vila-do-conde\/","name":"Curtas Vila do Conde 2026 - NFI","isPartOf":{"@id":"https:\/\/www.navarrafilmindustry.com\/eu\/#website"},"datePublished":"2026-04-14T11:04:18+00:00","dateModified":"2026-04-14T11:04:29+00:00","breadcrumb":{"@id":"https:\/\/www.navarrafilmindustry.com\/es\/festivales-y-mercados-con-presencia-nfi\/curtas-vila-do-conde\/#breadcrumb"},"inLanguage":"en-US","potentialAction":[{"@type":"ReadAction","target":["https:\/\/www.navarrafilmindustry.com\/es\/festivales-y-mercados-con-presencia-nfi\/curtas-vila-do-conde\/"]}]},{"@type":"BreadcrumbList","@id":"https:\/\/www.navarrafilmindustry.com\/es\/festivales-y-mercados-con-presencia-nfi\/curtas-vila-do-conde\/#breadcrumb","itemListElement":[{"@type":"ListItem","position":1,"name":"Portada","item":"https:\/\/www.navarrafilmindustry.com\/en\/"},{"@type":"ListItem","position":2,"name":"Festivales y mercados con presencia NFI","item":"https:\/\/www.navarrafilmindustry.com\/es\/festivales-y-mercados-con-presencia-nfi\/"},{"@type":"ListItem","position":3,"name":"Curtas Vila do Conde 2026"}]},{"@type":"WebSite","@id":"https:\/\/www.navarrafilmindustry.com\/eu\/#website","url":"https:\/\/www.navarrafilmindustry.com\/eu\/","name":"NFI","description":"","potentialAction":[{"@type":"SearchAction","target":{"@type":"EntryPoint","urlTemplate":"https:\/\/www.navarrafilmindustry.com\/eu\/?s={search_term_string}"},"query-input":{"@type":"PropertyValueSpecification","valueRequired":true,"valueName":"search_term_string"}}],"inLanguage":"en-US"}]}},"_links":{"self":[{"href":"https:\/\/www.navarrafilmindustry.com\/en\/wp-json\/wp\/v2\/pages\/52584"}],"collection":[{"href":"https:\/\/www.navarrafilmindustry.com\/en\/wp-json\/wp\/v2\/pages"}],"about":[{"href":"https:\/\/www.navarrafilmindustry.com\/en\/wp-json\/wp\/v2\/types\/page"}],"author":[{"embeddable":true,"href":"https:\/\/www.navarrafilmindustry.com\/en\/wp-json\/wp\/v2\/users\/16"}],"replies":[{"embeddable":true,"href":"https:\/\/www.navarrafilmindustry.com\/en\/wp-json\/wp\/v2\/comments?post=52584"}],"version-history":[{"count":5,"href":"https:\/\/www.navarrafilmindustry.com\/en\/wp-json\/wp\/v2\/pages\/52584\/revisions"}],"predecessor-version":[{"id":52596,"href":"https:\/\/www.navarrafilmindustry.com\/en\/wp-json\/wp\/v2\/pages\/52584\/revisions\/52596"}],"up":[{"embeddable":true,"href":"https:\/\/www.navarrafilmindustry.com\/en\/wp-json\/wp\/v2\/pages\/12452"}],"wp:attachment":[{"href":"https:\/\/www.navarrafilmindustry.com\/en\/wp-json\/wp\/v2\/media?parent=52584"}],"curies":[{"name":"wp","href":"https:\/\/api.w.org\/{rel}","templated":true}]}}